{"id":30379,"date":"2013-02-07T09:44:29","date_gmt":"2013-02-07T12:44:29","guid":{"rendered":"http:\/\/www.eltrabajo.cl\/portal\/wp-content\/uploads\/2013\/02\/boffa2.jpg"},"modified":"2013-02-07T09:44:29","modified_gmt":"2013-02-07T12:44:29","slug":"boffa-5","status":"inherit","type":"attachment","link":"https:\/\/eltrabajo.cl\/portal\/la-gobernadora-patricia-boffa-manifesto-su-preocupacion-por-la-falta-de-agua-de-bebida\/boffa-5\/","title":{"rendered":"El APR del sector El Zaino, est\u00e1 en un estado de emergencia, lo que nos permite generar obras de inversi\u00f3n de una manera m\u00e1s r\u00e1pida. Se eval\u00faa una soluci\u00f3n, la que podr\u00eda ser la construcci\u00f3n de un pozo acumulador de agua, que permitir\u00eda abastecer el actual pozo en construcci\u00f3n."},"author":482,"featured_media":0,"comment_status":"open","ping_status":"closed","template":"","meta":{"advanced_seo_description":"","jetpack_seo_html_title":"","jetpack_seo_noindex":false},"class_list":["post-30379","attachment","type-attachment","status-inherit","hentry"],"jetpack_sharing_enabled":true,"jetpack_likes_enabled":true,"description":{"rendered":"<p class=\"attachment\"><a href=\"https:\/\/i0.wp.com\/eltrabajo.cl\/portal\/wp-content\/uploads\/2013\/02\/boffa2.jpg?ssl=1\"><img loading=\"lazy\" decoding=\"async\" width=\"300\" height=\"225\" src=\"https:\/\/i0.wp.com\/eltrabajo.cl\/portal\/wp-content\/uploads\/2013\/02\/boffa2.jpg?fit=300%2C225&amp;ssl=1\" class=\"attachment-medium size-medium\" alt=\"\" srcset=\"https:\/\/i0.wp.com\/eltrabajo.cl\/portal\/wp-content\/uploads\/2013\/02\/boffa2.jpg?w=529&amp;ssl=1 529w, https:\/\/i0.wp.com\/eltrabajo.cl\/portal\/wp-content\/uploads\/2013\/02\/boffa2.jpg?resize=200%2C150&amp;ssl=1 200w, https:\/\/i0.wp.com\/eltrabajo.cl\/portal\/wp-content\/uploads\/2013\/02\/boffa2.jpg?resize=300%2C225&amp;ssl=1 300w, https:\/\/i0.wp.com\/eltrabajo.cl\/portal\/wp-content\/uploads\/2013\/02\/boffa2.jpg?resize=150%2C112&amp;ssl=1 150w, https:\/\/i0.wp.com\/eltrabajo.cl\/portal\/wp-content\/uploads\/2013\/02\/boffa2.jpg?resize=400%2C300&amp;ssl=1 400w\" sizes=\"auto, (max-width: 300px) 100vw, 300px\" \/><\/a><\/p>\n<p>El APR del sector El Zaino, est\u00e1 en un estado de emergencia, lo que nos permite generar obras de inversi\u00f3n de una manera m\u00e1s r\u00e1pida. Se eval\u00faa una soluci\u00f3n, la que podr\u00eda ser la construcci\u00f3n de un pozo acumulador de agua, que permitir\u00eda abastecer el actual pozo en construcci\u00f3n.<\/p>\n"},"caption":{"rendered":"<p>El APR del sector El Zaino, est\u00e1 en un estado de emergencia, lo que nos permite generar obras de inversi\u00f3n de una manera m\u00e1s r\u00e1pida. Se eval\u00faa una soluci\u00f3n, la que podr\u00eda ser la construcci\u00f3n de un pozo acumulador de agua, que permitir\u00eda abastecer el actual pozo en construcci\u00f3n.<\/p>\n"},"alt_text":"","media_type":"image","mime_type":"image\/jpeg","media_details":{"width":"529","height":"397","hwstring_small":"height='96' width='128'","file":"2013\/02\/boffa2.jpg","sizes":{"thumbnail":{"file":"boffa2-200x150.jpg","width":"200","height":"150","source_url":"https:\/\/i0.wp.com\/eltrabajo.cl\/portal\/wp-content\/uploads\/2013\/02\/boffa2.jpg?fit=200%2C150&ssl=1"},"medium":{"file":"boffa2-300x225.jpg","width":"300","height":"225","source_url":"https:\/\/i0.wp.com\/eltrabajo.cl\/portal\/wp-content\/uploads\/2013\/02\/boffa2.jpg?fit=300%2C225&ssl=1"},"post-thumbnail":{"file":"boffa2-150x112.jpg","width":"150","height":"112","source_url":"https:\/\/i0.wp.com\/eltrabajo.cl\/portal\/wp-content\/uploads\/2013\/02\/boffa2.jpg?fit=150%2C112&ssl=1"},"single-post-thumbnail":{"file":"boffa2-400x300.jpg","width":"400","height":"300","source_url":"https:\/\/eltrabajo.cl\/portal\/wp-content\/uploads\/2013\/02\/boffa2-400x300.jpg"},"full":{"file":"boffa2.jpg?fit=529%2C397&ssl=1","width":529,"height":397,"mime_type":"image\/jpeg","source_url":"https:\/\/i0.wp.com\/eltrabajo.cl\/portal\/wp-content\/uploads\/2013\/02\/boffa2.jpg?fit=529%2C397&ssl=1"}},"image_meta":{"aperture":"0","credit":"","camera":"","caption":"","created_timestamp":"0","copyright":"","focal_length":"0","iso":"0","shutter_speed":"0","title":""}},"post":30378,"source_url":"https:\/\/eltrabajo.cl\/portal\/wp-content\/uploads\/2013\/02\/boffa2.jpg","_links":{"self":[{"href":"https:\/\/eltrabajo.cl\/portal\/wp-json\/wp\/v2\/media\/30379","targetHints":{"allow":["GET"]}}],"collection":[{"href":"https:\/\/eltrabajo.cl\/portal\/wp-json\/wp\/v2\/media"}],"about":[{"href":"https:\/\/eltrabajo.cl\/portal\/wp-json\/wp\/v2\/types\/attachment"}],"author":[{"embeddable":true,"href":"https:\/\/eltrabajo.cl\/portal\/wp-json\/wp\/v2\/users\/482"}],"replies":[{"embeddable":true,"href":"https:\/\/eltrabajo.cl\/portal\/wp-json\/wp\/v2\/comments?post=30379"}],"wp:attached-to":[{"embeddable":true,"post_type":"post","id":30378,"href":"https:\/\/eltrabajo.cl\/portal\/wp-json\/wp\/v2\/posts\/30378"}],"curies":[{"name":"wp","href":"https:\/\/api.w.org\/{rel}","templated":true}]}}