{"id":44100,"date":"2014-03-11T09:23:11","date_gmt":"2014-03-11T12:23:11","guid":{"rendered":"http:\/\/www.eltrabajo.cl\/portal\/wp-content\/uploads\/2014\/03\/Boton1.jpg"},"modified":"2014-03-11T09:23:11","modified_gmt":"2014-03-11T12:23:11","slug":"boton1-2","status":"inherit","type":"attachment","link":"https:\/\/eltrabajo.cl\/portal\/patricia-boffa-en-exclusiva-a-diario-el-trabajo-me-voy-con-las-manos-limpias-y-con-ganas-de-seguir-trabajando\/boton1-2\/","title":{"rendered":"Boton1"},"author":482,"featured_media":0,"comment_status":"open","ping_status":"closed","template":"","meta":{"advanced_seo_description":"","jetpack_seo_html_title":"","jetpack_seo_noindex":false},"class_list":["post-44100","attachment","type-attachment","status-inherit","hentry"],"jetpack_sharing_enabled":true,"jetpack_likes_enabled":true,"description":{"rendered":"<p class=\"attachment\"><a href=\"https:\/\/i0.wp.com\/eltrabajo.cl\/portal\/wp-content\/uploads\/2014\/03\/Boton1.jpg?ssl=1\"><img loading=\"lazy\" decoding=\"async\" width=\"300\" height=\"227\" src=\"https:\/\/i0.wp.com\/eltrabajo.cl\/portal\/wp-content\/uploads\/2014\/03\/Boton1.jpg?fit=300%2C227&amp;ssl=1\" class=\"attachment-medium size-medium\" alt=\"EN TERRENO.- En su momento, con este \u2018Bot\u00f3n G\u00e1strico\u2019, el peque\u00f1o Francisco Guajardo pudo alimentarse por un a\u00f1o, la Gobernadora Patricia Boffa hizo la entrega del dispositivo de salud que ayud\u00f3 un poco el ya desesperante estado emocional de la familia del ni\u00f1o.\" srcset=\"https:\/\/i0.wp.com\/eltrabajo.cl\/portal\/wp-content\/uploads\/2014\/03\/Boton1.jpg?w=529&amp;ssl=1 529w, https:\/\/i0.wp.com\/eltrabajo.cl\/portal\/wp-content\/uploads\/2014\/03\/Boton1.jpg?resize=197%2C150&amp;ssl=1 197w, https:\/\/i0.wp.com\/eltrabajo.cl\/portal\/wp-content\/uploads\/2014\/03\/Boton1.jpg?resize=300%2C227&amp;ssl=1 300w, https:\/\/i0.wp.com\/eltrabajo.cl\/portal\/wp-content\/uploads\/2014\/03\/Boton1.jpg?resize=150%2C113&amp;ssl=1 150w, https:\/\/i0.wp.com\/eltrabajo.cl\/portal\/wp-content\/uploads\/2014\/03\/Boton1.jpg?resize=400%2C303&amp;ssl=1 400w\" sizes=\"auto, (max-width: 300px) 100vw, 300px\" \/><\/a><\/p>\n<p>EN TERRENO.- En su momento, con este \u2018Bot\u00f3n G\u00e1strico\u2019, el peque\u00f1o Francisco Guajardo pudo alimentarse por un a\u00f1o, la Gobernadora Patricia Boffa hizo la entrega del dispositivo de salud que ayud\u00f3 un poco el ya desesperante estado emocional de la familia del ni\u00f1o.<\/p>\n"},"caption":{"rendered":"<p>EN TERRENO.- En su momento, con este \u2018Bot\u00f3n G\u00e1strico\u2019, el peque\u00f1o Francisco Guajardo pudo alimentarse por un a\u00f1o, la Gobernadora Patricia Boffa hizo la entrega del dispositivo de salud que ayud\u00f3 un poco el ya desesperante estado emocional de la familia del ni\u00f1o.<\/p>\n"},"alt_text":"EN TERRENO.- En su momento, con este \u2018Bot\u00f3n G\u00e1strico\u2019, el peque\u00f1o Francisco Guajardo pudo alimentarse por un a\u00f1o, la Gobernadora Patricia Boffa hizo la entrega del dispositivo de salud que ayud\u00f3 un poco el ya desesperante estado emocional de la familia del ni\u00f1o.","media_type":"image","mime_type":"image\/jpeg","media_details":{"width":529,"height":401,"file":"2014\/03\/Boton1.jpg","sizes":{"thumbnail":{"file":"Boton1-197x150.jpg","width":197,"height":150,"mime_type":"image\/jpeg","source_url":"https:\/\/i0.wp.com\/eltrabajo.cl\/portal\/wp-content\/uploads\/2014\/03\/Boton1.jpg?fit=197%2C150&ssl=1"},"medium":{"file":"Boton1-300x227.jpg","width":300,"height":227,"mime_type":"image\/jpeg","source_url":"https:\/\/i0.wp.com\/eltrabajo.cl\/portal\/wp-content\/uploads\/2014\/03\/Boton1.jpg?fit=300%2C227&ssl=1"},"post-thumbnail":{"file":"Boton1-150x113.jpg","width":150,"height":113,"mime_type":"image\/jpeg","source_url":"https:\/\/i0.wp.com\/eltrabajo.cl\/portal\/wp-content\/uploads\/2014\/03\/Boton1.jpg?fit=150%2C113&ssl=1"},"single-post-thumbnail":{"file":"Boton1-400x303.jpg","width":400,"height":303,"mime_type":"image\/jpeg","source_url":"https:\/\/eltrabajo.cl\/portal\/wp-content\/uploads\/2014\/03\/Boton1-400x303.jpg"},"full":{"file":"Boton1.jpg?fit=529%2C401&ssl=1","width":529,"height":401,"mime_type":"image\/jpeg","source_url":"https:\/\/i0.wp.com\/eltrabajo.cl\/portal\/wp-content\/uploads\/2014\/03\/Boton1.jpg?fit=529%2C401&ssl=1"}},"image_meta":{"aperture":2.79999999999999982236431605997495353221893310546875,"credit":"","camera":"Canon PowerShot SX20 IS","caption":"","created_timestamp":1334574325,"copyright":"","focal_length":"5","iso":"640","shutter_speed":"0.066666666666667","title":""}},"post":44098,"source_url":"https:\/\/eltrabajo.cl\/portal\/wp-content\/uploads\/2014\/03\/Boton1.jpg","_links":{"self":[{"href":"https:\/\/eltrabajo.cl\/portal\/wp-json\/wp\/v2\/media\/44100","targetHints":{"allow":["GET"]}}],"collection":[{"href":"https:\/\/eltrabajo.cl\/portal\/wp-json\/wp\/v2\/media"}],"about":[{"href":"https:\/\/eltrabajo.cl\/portal\/wp-json\/wp\/v2\/types\/attachment"}],"author":[{"embeddable":true,"href":"https:\/\/eltrabajo.cl\/portal\/wp-json\/wp\/v2\/users\/482"}],"replies":[{"embeddable":true,"href":"https:\/\/eltrabajo.cl\/portal\/wp-json\/wp\/v2\/comments?post=44100"}],"wp:attached-to":[{"embeddable":true,"post_type":"post","id":44098,"href":"https:\/\/eltrabajo.cl\/portal\/wp-json\/wp\/v2\/posts\/44098"}],"curies":[{"name":"wp","href":"https:\/\/api.w.org\/{rel}","templated":true}]}}