{"id":45159,"date":"2014-04-08T09:40:12","date_gmt":"2014-04-08T12:40:12","guid":{"rendered":"http:\/\/www.eltrabajo.cl\/portal\/wp-content\/uploads\/2014\/04\/Camilo_Pujillay.jpg"},"modified":"2014-04-08T09:40:12","modified_gmt":"2014-04-08T12:40:12","slug":"camilo_pujillay","status":"inherit","type":"attachment","link":"https:\/\/eltrabajo.cl\/portal\/mcgyver-chileno-y-reparador-de-parlantes-fabrico-un-cargador-de-imanes\/camilo_pujillay\/","title":{"rendered":"Camilo_Pujillay"},"author":482,"featured_media":0,"comment_status":"open","ping_status":"closed","template":"","meta":{"advanced_seo_description":"","jetpack_seo_html_title":"","jetpack_seo_noindex":false},"class_list":["post-45159","attachment","type-attachment","status-inherit","hentry"],"jetpack_sharing_enabled":true,"jetpack_likes_enabled":true,"description":{"rendered":"<p class=\"attachment\"><a href=\"https:\/\/i0.wp.com\/eltrabajo.cl\/portal\/wp-content\/uploads\/2014\/04\/Camilo_Pujillay.jpg?ssl=1\"><img loading=\"lazy\" decoding=\"async\" width=\"300\" height=\"203\" src=\"https:\/\/i0.wp.com\/eltrabajo.cl\/portal\/wp-content\/uploads\/2014\/04\/Camilo_Pujillay.jpg?fit=300%2C203&amp;ssl=1\" class=\"attachment-medium size-medium\" alt=\"M\u00daSICO TAMBI\u00c9N.- Al centro, con chaleco gris y pantal\u00f3n caf\u00e9, se encuentra Camilo D\u00edaz con el Grupo humor\u00edstico Pujillay, en el Hotel Antofagasta en agosto 1990. \u2018El Charrito\u2019 viaj\u00f3 con artistas por nuestro pa\u00eds como el que todo lo reparaba.\" srcset=\"https:\/\/i0.wp.com\/eltrabajo.cl\/portal\/wp-content\/uploads\/2014\/04\/Camilo_Pujillay.jpg?w=529&amp;ssl=1 529w, https:\/\/i0.wp.com\/eltrabajo.cl\/portal\/wp-content\/uploads\/2014\/04\/Camilo_Pujillay.jpg?resize=200%2C135&amp;ssl=1 200w, https:\/\/i0.wp.com\/eltrabajo.cl\/portal\/wp-content\/uploads\/2014\/04\/Camilo_Pujillay.jpg?resize=300%2C203&amp;ssl=1 300w, https:\/\/i0.wp.com\/eltrabajo.cl\/portal\/wp-content\/uploads\/2014\/04\/Camilo_Pujillay.jpg?resize=150%2C101&amp;ssl=1 150w, https:\/\/i0.wp.com\/eltrabajo.cl\/portal\/wp-content\/uploads\/2014\/04\/Camilo_Pujillay.jpg?resize=400%2C270&amp;ssl=1 400w\" sizes=\"auto, (max-width: 300px) 100vw, 300px\" \/><\/a><\/p>\n<p>M\u00daSICO TAMBI\u00c9N.- Al centro, con chaleco gris y pantal\u00f3n caf\u00e9, se encuentra Camilo D\u00edaz con el Grupo humor\u00edstico Pujillay, en el Hotel Antofagasta en agosto 1990. \u2018El Charrito\u2019 viaj\u00f3 con artistas por nuestro pa\u00eds como el que todo lo reparaba.<\/p>\n"},"caption":{"rendered":"<p>M\u00daSICO TAMBI\u00c9N.- Al centro, con chaleco gris y pantal\u00f3n caf\u00e9, se encuentra Camilo D\u00edaz con el Grupo humor\u00edstico Pujillay, en el Hotel Antofagasta en agosto 1990. \u2018El Charrito\u2019 viaj\u00f3 con artistas por nuestro pa\u00eds como el que todo lo reparaba.<\/p>\n"},"alt_text":"M\u00daSICO TAMBI\u00c9N.- Al centro, con chaleco gris y pantal\u00f3n caf\u00e9, se encuentra Camilo D\u00edaz con el Grupo humor\u00edstico Pujillay, en el Hotel Antofagasta en agosto 1990. \u2018El Charrito\u2019 viaj\u00f3 con artistas por nuestro pa\u00eds como el que todo lo reparaba.","media_type":"image","mime_type":"image\/jpeg","media_details":{"width":529,"height":358,"file":"2014\/04\/Camilo_Pujillay.jpg","sizes":{"thumbnail":{"file":"Camilo_Pujillay-200x135.jpg","width":200,"height":135,"mime_type":"image\/jpeg","source_url":"https:\/\/i0.wp.com\/eltrabajo.cl\/portal\/wp-content\/uploads\/2014\/04\/Camilo_Pujillay.jpg?fit=200%2C135&ssl=1"},"medium":{"file":"Camilo_Pujillay-300x203.jpg","width":300,"height":203,"mime_type":"image\/jpeg","source_url":"https:\/\/i0.wp.com\/eltrabajo.cl\/portal\/wp-content\/uploads\/2014\/04\/Camilo_Pujillay.jpg?fit=300%2C203&ssl=1"},"post-thumbnail":{"file":"Camilo_Pujillay-150x101.jpg","width":150,"height":101,"mime_type":"image\/jpeg","source_url":"https:\/\/i0.wp.com\/eltrabajo.cl\/portal\/wp-content\/uploads\/2014\/04\/Camilo_Pujillay.jpg?fit=150%2C101&ssl=1"},"single-post-thumbnail":{"file":"Camilo_Pujillay-400x270.jpg","width":400,"height":270,"mime_type":"image\/jpeg","source_url":"https:\/\/eltrabajo.cl\/portal\/wp-content\/uploads\/2014\/04\/Camilo_Pujillay-400x270.jpg"},"full":{"file":"Camilo_Pujillay.jpg?fit=529%2C358&ssl=1","width":529,"height":358,"mime_type":"image\/jpeg","source_url":"https:\/\/i0.wp.com\/eltrabajo.cl\/portal\/wp-content\/uploads\/2014\/04\/Camilo_Pujillay.jpg?fit=529%2C358&ssl=1"}},"image_meta":{"aperture":4.5,"credit":"","camera":"NEX-F3","caption":"","created_timestamp":1396877329,"copyright":"","focal_length":"34","iso":"3200","shutter_speed":"0.0125","title":""}},"post":45157,"source_url":"https:\/\/eltrabajo.cl\/portal\/wp-content\/uploads\/2014\/04\/Camilo_Pujillay.jpg","_links":{"self":[{"href":"https:\/\/eltrabajo.cl\/portal\/wp-json\/wp\/v2\/media\/45159","targetHints":{"allow":["GET"]}}],"collection":[{"href":"https:\/\/eltrabajo.cl\/portal\/wp-json\/wp\/v2\/media"}],"about":[{"href":"https:\/\/eltrabajo.cl\/portal\/wp-json\/wp\/v2\/types\/attachment"}],"author":[{"embeddable":true,"href":"https:\/\/eltrabajo.cl\/portal\/wp-json\/wp\/v2\/users\/482"}],"replies":[{"embeddable":true,"href":"https:\/\/eltrabajo.cl\/portal\/wp-json\/wp\/v2\/comments?post=45159"}],"wp:attached-to":[{"embeddable":true,"post_type":"post","id":45157,"href":"https:\/\/eltrabajo.cl\/portal\/wp-json\/wp\/v2\/posts\/45157"}],"curies":[{"name":"wp","href":"https:\/\/api.w.org\/{rel}","templated":true}]}}