{"id":45581,"date":"2014-04-17T10:36:38","date_gmt":"2014-04-17T13:36:38","guid":{"rendered":"http:\/\/www.eltrabajo.cl\/portal\/wp-content\/uploads\/2014\/04\/capsula-del-tiempo-2.jpg"},"modified":"2014-04-17T10:36:38","modified_gmt":"2014-04-17T13:36:38","slug":"capsula-del-tiempo-2","status":"inherit","type":"attachment","link":"https:\/\/eltrabajo.cl\/portal\/hallan-capsula-del-tiempo-de-mas-de-50-anos-en-liceo-corina-urbina\/capsula-del-tiempo-2\/","title":{"rendered":"capsula del tiempo (2)"},"author":482,"featured_media":0,"comment_status":"open","ping_status":"closed","template":"","meta":{"advanced_seo_description":"","jetpack_seo_html_title":"","jetpack_seo_noindex":false},"class_list":["post-45581","attachment","type-attachment","status-inherit","hentry"],"jetpack_sharing_enabled":true,"jetpack_likes_enabled":true,"description":{"rendered":"<p class=\"attachment\"><a href=\"https:\/\/i0.wp.com\/eltrabajo.cl\/portal\/wp-content\/uploads\/2014\/04\/capsula-del-tiempo-2.jpg?ssl=1\"><img loading=\"lazy\" decoding=\"async\" width=\"300\" height=\"227\" src=\"https:\/\/i0.wp.com\/eltrabajo.cl\/portal\/wp-content\/uploads\/2014\/04\/capsula-del-tiempo-2.jpg?fit=300%2C227&amp;ssl=1\" class=\"attachment-medium size-medium\" alt=\"Este es el bloque de cemento con la c\u00e1psula de cobre en cuyo interior estaba el pergamino que da cuenta de la colocaci\u00f3n de la primera piedra para un edificio que se construir\u00eda en ese terreno.\" srcset=\"https:\/\/i0.wp.com\/eltrabajo.cl\/portal\/wp-content\/uploads\/2014\/04\/capsula-del-tiempo-2.jpg?w=529&amp;ssl=1 529w, https:\/\/i0.wp.com\/eltrabajo.cl\/portal\/wp-content\/uploads\/2014\/04\/capsula-del-tiempo-2.jpg?resize=197%2C150&amp;ssl=1 197w, https:\/\/i0.wp.com\/eltrabajo.cl\/portal\/wp-content\/uploads\/2014\/04\/capsula-del-tiempo-2.jpg?resize=300%2C227&amp;ssl=1 300w, https:\/\/i0.wp.com\/eltrabajo.cl\/portal\/wp-content\/uploads\/2014\/04\/capsula-del-tiempo-2.jpg?resize=150%2C113&amp;ssl=1 150w, https:\/\/i0.wp.com\/eltrabajo.cl\/portal\/wp-content\/uploads\/2014\/04\/capsula-del-tiempo-2.jpg?resize=400%2C303&amp;ssl=1 400w\" sizes=\"auto, (max-width: 300px) 100vw, 300px\" \/><\/a><\/p>\n<p>Este es el bloque de cemento con la c\u00e1psula de cobre en cuyo interior estaba el pergamino que da cuenta de la colocaci\u00f3n de la primera piedra para un edificio que se construir\u00eda en ese terreno.<\/p>\n"},"caption":{"rendered":"<p>Este es el bloque de cemento con la c\u00e1psula de cobre en cuyo interior estaba el pergamino que da cuenta de la colocaci\u00f3n de la primera piedra para un edificio que se construir\u00eda en ese terreno.<\/p>\n"},"alt_text":"Este es el bloque de cemento con la c\u00e1psula de cobre en cuyo interior estaba el pergamino que da cuenta de la colocaci\u00f3n de la primera piedra para un edificio que se construir\u00eda en ese terreno.","media_type":"image","mime_type":"image\/jpeg","media_details":{"width":529,"height":401,"file":"2014\/04\/capsula-del-tiempo-2.jpg","sizes":{"thumbnail":{"file":"capsula-del-tiempo-2-197x150.jpg","width":197,"height":150,"mime_type":"image\/jpeg","source_url":"https:\/\/i0.wp.com\/eltrabajo.cl\/portal\/wp-content\/uploads\/2014\/04\/capsula-del-tiempo-2.jpg?fit=197%2C150&ssl=1"},"medium":{"file":"capsula-del-tiempo-2-300x227.jpg","width":300,"height":227,"mime_type":"image\/jpeg","source_url":"https:\/\/i0.wp.com\/eltrabajo.cl\/portal\/wp-content\/uploads\/2014\/04\/capsula-del-tiempo-2.jpg?fit=300%2C227&ssl=1"},"post-thumbnail":{"file":"capsula-del-tiempo-2-150x113.jpg","width":150,"height":113,"mime_type":"image\/jpeg","source_url":"https:\/\/i0.wp.com\/eltrabajo.cl\/portal\/wp-content\/uploads\/2014\/04\/capsula-del-tiempo-2.jpg?fit=150%2C113&ssl=1"},"single-post-thumbnail":{"file":"capsula-del-tiempo-2-400x303.jpg","width":400,"height":303,"mime_type":"image\/jpeg","source_url":"https:\/\/eltrabajo.cl\/portal\/wp-content\/uploads\/2014\/04\/capsula-del-tiempo-2-400x303.jpg"},"full":{"file":"capsula-del-tiempo-2.jpg?fit=529%2C401&ssl=1","width":529,"height":401,"mime_type":"image\/jpeg","source_url":"https:\/\/i0.wp.com\/eltrabajo.cl\/portal\/wp-content\/uploads\/2014\/04\/capsula-del-tiempo-2.jpg?fit=529%2C401&ssl=1"}},"image_meta":{"aperture":0,"credit":"","camera":"","caption":"","created_timestamp":0,"copyright":"","focal_length":0,"iso":0,"shutter_speed":0,"title":""}},"post":45579,"source_url":"https:\/\/eltrabajo.cl\/portal\/wp-content\/uploads\/2014\/04\/capsula-del-tiempo-2.jpg","_links":{"self":[{"href":"https:\/\/eltrabajo.cl\/portal\/wp-json\/wp\/v2\/media\/45581","targetHints":{"allow":["GET"]}}],"collection":[{"href":"https:\/\/eltrabajo.cl\/portal\/wp-json\/wp\/v2\/media"}],"about":[{"href":"https:\/\/eltrabajo.cl\/portal\/wp-json\/wp\/v2\/types\/attachment"}],"author":[{"embeddable":true,"href":"https:\/\/eltrabajo.cl\/portal\/wp-json\/wp\/v2\/users\/482"}],"replies":[{"embeddable":true,"href":"https:\/\/eltrabajo.cl\/portal\/wp-json\/wp\/v2\/comments?post=45581"}],"wp:attached-to":[{"embeddable":true,"post_type":"post","id":45579,"href":"https:\/\/eltrabajo.cl\/portal\/wp-json\/wp\/v2\/posts\/45579"}],"curies":[{"name":"wp","href":"https:\/\/api.w.org\/{rel}","templated":true}]}}