{"id":47387,"date":"2014-06-09T11:47:38","date_gmt":"2014-06-09T15:47:38","guid":{"rendered":"http:\/\/www.eltrabajo.cl\/portal\/wp-content\/uploads\/2014\/06\/Sonia1.jpg"},"modified":"2014-06-09T11:47:38","modified_gmt":"2014-06-09T15:47:38","slug":"sonia1-4","status":"inherit","type":"attachment","link":"https:\/\/eltrabajo.cl\/portal\/motoqueros-y-peques-del-hogar-pablo-vi-felices-con-sonia-la-unica\/sonia1-4\/","title":{"rendered":"Sonia1"},"author":482,"featured_media":0,"comment_status":"open","ping_status":"closed","template":"","meta":{"advanced_seo_description":"","jetpack_seo_html_title":"","jetpack_seo_noindex":false},"class_list":["post-47387","attachment","type-attachment","status-inherit","hentry"],"jetpack_sharing_enabled":true,"jetpack_likes_enabled":true,"description":{"rendered":"<p class=\"attachment\"><a href=\"https:\/\/i0.wp.com\/eltrabajo.cl\/portal\/wp-content\/uploads\/2014\/06\/Sonia1.jpg?ssl=1\"><img loading=\"lazy\" decoding=\"async\" width=\"300\" height=\"227\" src=\"https:\/\/i0.wp.com\/eltrabajo.cl\/portal\/wp-content\/uploads\/2014\/06\/Sonia1.jpg?fit=300%2C227&amp;ssl=1\" class=\"attachment-medium size-medium\" alt=\"UN D\u00cdA ESPECIAL.- Las c\u00e1maras de Diario El Trabajo registran los momentos de alegr\u00eda que los peques del Hogar Pablo Sexto vivieron en Restaurante Sonia La \u00fanica, al lado de los motoqueros de Harley for kids de Chile.\" srcset=\"https:\/\/i0.wp.com\/eltrabajo.cl\/portal\/wp-content\/uploads\/2014\/06\/Sonia1.jpg?w=529&amp;ssl=1 529w, https:\/\/i0.wp.com\/eltrabajo.cl\/portal\/wp-content\/uploads\/2014\/06\/Sonia1.jpg?resize=197%2C150&amp;ssl=1 197w, https:\/\/i0.wp.com\/eltrabajo.cl\/portal\/wp-content\/uploads\/2014\/06\/Sonia1.jpg?resize=300%2C227&amp;ssl=1 300w, https:\/\/i0.wp.com\/eltrabajo.cl\/portal\/wp-content\/uploads\/2014\/06\/Sonia1.jpg?resize=150%2C113&amp;ssl=1 150w, https:\/\/i0.wp.com\/eltrabajo.cl\/portal\/wp-content\/uploads\/2014\/06\/Sonia1.jpg?resize=400%2C303&amp;ssl=1 400w\" sizes=\"auto, (max-width: 300px) 100vw, 300px\" \/><\/a><\/p>\n<p>UN D\u00cdA ESPECIAL.- Las c\u00e1maras de Diario El Trabajo registran los momentos de alegr\u00eda que los peques del Hogar Pablo Sexto vivieron en Restaurante Sonia La \u00fanica, al lado de los motoqueros de Harley for kids de Chile.<\/p>\n"},"caption":{"rendered":"<p>UN D\u00cdA ESPECIAL.- Las c\u00e1maras de Diario El Trabajo registran los momentos de alegr\u00eda que los peques del Hogar Pablo Sexto vivieron en Restaurante Sonia La \u00fanica, al lado de los motoqueros de Harley for kids de Chile.<\/p>\n"},"alt_text":"UN D\u00cdA ESPECIAL.- Las c\u00e1maras de Diario El Trabajo registran los momentos de alegr\u00eda que los peques del Hogar Pablo Sexto vivieron en Restaurante Sonia La \u00fanica, al lado de los motoqueros de Harley for kids de Chile.","media_type":"image","mime_type":"image\/jpeg","media_details":{"width":529,"height":401,"file":"2014\/06\/Sonia1.jpg","sizes":{"thumbnail":{"file":"Sonia1-197x150.jpg","width":197,"height":150,"mime_type":"image\/jpeg","source_url":"https:\/\/i0.wp.com\/eltrabajo.cl\/portal\/wp-content\/uploads\/2014\/06\/Sonia1.jpg?fit=197%2C150&ssl=1"},"medium":{"file":"Sonia1-300x227.jpg","width":300,"height":227,"mime_type":"image\/jpeg","source_url":"https:\/\/i0.wp.com\/eltrabajo.cl\/portal\/wp-content\/uploads\/2014\/06\/Sonia1.jpg?fit=300%2C227&ssl=1"},"post-thumbnail":{"file":"Sonia1-150x113.jpg","width":150,"height":113,"mime_type":"image\/jpeg","source_url":"https:\/\/i0.wp.com\/eltrabajo.cl\/portal\/wp-content\/uploads\/2014\/06\/Sonia1.jpg?fit=150%2C113&ssl=1"},"single-post-thumbnail":{"file":"Sonia1-400x303.jpg","width":400,"height":303,"mime_type":"image\/jpeg","source_url":"https:\/\/eltrabajo.cl\/portal\/wp-content\/uploads\/2014\/06\/Sonia1-400x303.jpg"},"full":{"file":"Sonia1.jpg?fit=529%2C401&ssl=1","width":529,"height":401,"mime_type":"image\/jpeg","source_url":"https:\/\/i0.wp.com\/eltrabajo.cl\/portal\/wp-content\/uploads\/2014\/06\/Sonia1.jpg?fit=529%2C401&ssl=1"}},"image_meta":{"aperture":2.79999999999999982236431605997495353221893310546875,"credit":"","camera":"COOLPIX P90","caption":"","created_timestamp":1402155415,"copyright":"","focal_length":"4.6","iso":"400","shutter_speed":"0.033333333333333","title":""}},"post":47385,"source_url":"https:\/\/eltrabajo.cl\/portal\/wp-content\/uploads\/2014\/06\/Sonia1.jpg","_links":{"self":[{"href":"https:\/\/eltrabajo.cl\/portal\/wp-json\/wp\/v2\/media\/47387","targetHints":{"allow":["GET"]}}],"collection":[{"href":"https:\/\/eltrabajo.cl\/portal\/wp-json\/wp\/v2\/media"}],"about":[{"href":"https:\/\/eltrabajo.cl\/portal\/wp-json\/wp\/v2\/types\/attachment"}],"author":[{"embeddable":true,"href":"https:\/\/eltrabajo.cl\/portal\/wp-json\/wp\/v2\/users\/482"}],"replies":[{"embeddable":true,"href":"https:\/\/eltrabajo.cl\/portal\/wp-json\/wp\/v2\/comments?post=47387"}],"wp:attached-to":[{"embeddable":true,"post_type":"post","id":47385,"href":"https:\/\/eltrabajo.cl\/portal\/wp-json\/wp\/v2\/posts\/47385"}],"curies":[{"name":"wp","href":"https:\/\/api.w.org\/{rel}","templated":true}]}}