{"id":48912,"date":"2014-07-17T09:47:13","date_gmt":"2014-07-17T13:47:13","guid":{"rendered":"http:\/\/www.eltrabajo.cl\/portal\/wp-content\/uploads\/2014\/07\/Camper1.jpg"},"modified":"2014-07-17T09:47:13","modified_gmt":"2014-07-17T13:47:13","slug":"camper1","status":"inherit","type":"attachment","link":"https:\/\/eltrabajo.cl\/portal\/inauguran-el-winter-camps-2014-en-la-escuela-agricola\/camper1\/","title":{"rendered":"Camper1"},"author":482,"featured_media":0,"comment_status":"open","ping_status":"closed","template":"","meta":{"advanced_seo_description":"","jetpack_seo_html_title":"","jetpack_seo_noindex":false},"class_list":["post-48912","attachment","type-attachment","status-inherit","hentry"],"jetpack_sharing_enabled":true,"jetpack_likes_enabled":true,"description":{"rendered":"<p class=\"attachment\"><a href=\"https:\/\/i0.wp.com\/eltrabajo.cl\/portal\/wp-content\/uploads\/2014\/07\/Camper1.jpg?ssl=1\"><img loading=\"lazy\" decoding=\"async\" width=\"300\" height=\"210\" src=\"https:\/\/i0.wp.com\/eltrabajo.cl\/portal\/wp-content\/uploads\/2014\/07\/Camper1.jpg?fit=300%2C210&amp;ssl=1\" class=\"attachment-medium size-medium\" alt=\"Todo un \u00e9xito fue hoy la inauguraci\u00f3n del Winter Camp en la Escuela Agr\u00edcola de San Felipe. Todos quienes participen reciben alimentaci\u00f3n gratuita durante la semana que dura la actividad.\" srcset=\"https:\/\/i0.wp.com\/eltrabajo.cl\/portal\/wp-content\/uploads\/2014\/07\/Camper1.jpg?w=529&amp;ssl=1 529w, https:\/\/i0.wp.com\/eltrabajo.cl\/portal\/wp-content\/uploads\/2014\/07\/Camper1.jpg?resize=200%2C140&amp;ssl=1 200w, https:\/\/i0.wp.com\/eltrabajo.cl\/portal\/wp-content\/uploads\/2014\/07\/Camper1.jpg?resize=300%2C210&amp;ssl=1 300w, https:\/\/i0.wp.com\/eltrabajo.cl\/portal\/wp-content\/uploads\/2014\/07\/Camper1.jpg?resize=150%2C105&amp;ssl=1 150w, https:\/\/i0.wp.com\/eltrabajo.cl\/portal\/wp-content\/uploads\/2014\/07\/Camper1.jpg?resize=400%2C280&amp;ssl=1 400w\" sizes=\"auto, (max-width: 300px) 100vw, 300px\" \/><\/a><\/p>\n<p>Todo un \u00e9xito fue hoy la inauguraci\u00f3n del Winter Camp en la Escuela Agr\u00edcola de San Felipe. Todos quienes participen reciben alimentaci\u00f3n gratuita durante la semana que dura la actividad.<\/p>\n"},"caption":{"rendered":"<p>Todo un \u00e9xito fue hoy la inauguraci\u00f3n del Winter Camp en la Escuela Agr\u00edcola de San Felipe. Todos quienes participen reciben alimentaci\u00f3n gratuita durante la semana que dura la actividad.<\/p>\n"},"alt_text":"Todo un \u00e9xito fue hoy la inauguraci\u00f3n del Winter Camp en la Escuela Agr\u00edcola de San Felipe. Todos quienes participen reciben alimentaci\u00f3n gratuita durante la semana que dura la actividad.","media_type":"image","mime_type":"image\/jpeg","media_details":{"width":529,"height":371,"file":"2014\/07\/Camper1.jpg","sizes":{"thumbnail":{"file":"Camper1-200x140.jpg","width":200,"height":140,"mime_type":"image\/jpeg","source_url":"https:\/\/i0.wp.com\/eltrabajo.cl\/portal\/wp-content\/uploads\/2014\/07\/Camper1.jpg?fit=200%2C140&ssl=1"},"medium":{"file":"Camper1-300x210.jpg","width":300,"height":210,"mime_type":"image\/jpeg","source_url":"https:\/\/i0.wp.com\/eltrabajo.cl\/portal\/wp-content\/uploads\/2014\/07\/Camper1.jpg?fit=300%2C210&ssl=1"},"post-thumbnail":{"file":"Camper1-150x105.jpg","width":150,"height":105,"mime_type":"image\/jpeg","source_url":"https:\/\/i0.wp.com\/eltrabajo.cl\/portal\/wp-content\/uploads\/2014\/07\/Camper1.jpg?fit=150%2C105&ssl=1"},"single-post-thumbnail":{"file":"Camper1-400x280.jpg","width":400,"height":280,"mime_type":"image\/jpeg","source_url":"https:\/\/eltrabajo.cl\/portal\/wp-content\/uploads\/2014\/07\/Camper1-400x280.jpg"},"full":{"file":"Camper1.jpg?fit=529%2C371&ssl=1","width":529,"height":371,"mime_type":"image\/jpeg","source_url":"https:\/\/i0.wp.com\/eltrabajo.cl\/portal\/wp-content\/uploads\/2014\/07\/Camper1.jpg?fit=529%2C371&ssl=1"}},"image_meta":{"aperture":0,"credit":"","camera":"","caption":"","created_timestamp":0,"copyright":"","focal_length":0,"iso":0,"shutter_speed":0,"title":""}},"post":48910,"source_url":"https:\/\/eltrabajo.cl\/portal\/wp-content\/uploads\/2014\/07\/Camper1.jpg","_links":{"self":[{"href":"https:\/\/eltrabajo.cl\/portal\/wp-json\/wp\/v2\/media\/48912","targetHints":{"allow":["GET"]}}],"collection":[{"href":"https:\/\/eltrabajo.cl\/portal\/wp-json\/wp\/v2\/media"}],"about":[{"href":"https:\/\/eltrabajo.cl\/portal\/wp-json\/wp\/v2\/types\/attachment"}],"author":[{"embeddable":true,"href":"https:\/\/eltrabajo.cl\/portal\/wp-json\/wp\/v2\/users\/482"}],"replies":[{"embeddable":true,"href":"https:\/\/eltrabajo.cl\/portal\/wp-json\/wp\/v2\/comments?post=48912"}],"wp:attached-to":[{"embeddable":true,"post_type":"post","id":48910,"href":"https:\/\/eltrabajo.cl\/portal\/wp-json\/wp\/v2\/posts\/48910"}],"curies":[{"name":"wp","href":"https:\/\/api.w.org\/{rel}","templated":true}]}}