{"id":49349,"date":"2014-07-28T09:40:43","date_gmt":"2014-07-28T13:40:43","guid":{"rendered":"http:\/\/www.eltrabajo.cl\/portal\/wp-content\/uploads\/2014\/07\/Asesino1.jpg"},"modified":"2014-07-28T09:40:43","modified_gmt":"2014-07-28T13:40:43","slug":"asesino1","status":"inherit","type":"attachment","link":"https:\/\/eltrabajo.cl\/portal\/con-estocada-al-pecho-rata-messi-asesina-a-conocido-rugbista\/asesino1\/","title":{"rendered":"Asesino1"},"author":482,"featured_media":0,"comment_status":"open","ping_status":"closed","template":"","meta":{"advanced_seo_description":"","jetpack_seo_html_title":"","jetpack_seo_noindex":false},"class_list":["post-49349","attachment","type-attachment","status-inherit","hentry"],"jetpack_sharing_enabled":true,"jetpack_likes_enabled":true,"description":{"rendered":"<p class=\"attachment\"><a href=\"https:\/\/i0.wp.com\/eltrabajo.cl\/portal\/wp-content\/uploads\/2014\/07\/Asesino1.jpg?ssl=1\"><img loading=\"lazy\" decoding=\"async\" width=\"300\" height=\"220\" src=\"https:\/\/i0.wp.com\/eltrabajo.cl\/portal\/wp-content\/uploads\/2014\/07\/Asesino1.jpg?fit=300%2C220&amp;ssl=1\" class=\"attachment-medium size-medium\" alt=\"\u2018RATAMESI\u2019 CAPTURADO.- Camilo Mart\u00ednez Fern\u00e1ndez apodado \u2018El Ratamesi\u2019, confes\u00f3 su crimen ante la Polic\u00eda, por lo cual fue dejado en Prisi\u00f3n Preventiva por un plazo de 90 d\u00edas mientras la Fiscal\u00eda investiga el Homicidio Simple.\" srcset=\"https:\/\/i0.wp.com\/eltrabajo.cl\/portal\/wp-content\/uploads\/2014\/07\/Asesino1.jpg?w=529&amp;ssl=1 529w, https:\/\/i0.wp.com\/eltrabajo.cl\/portal\/wp-content\/uploads\/2014\/07\/Asesino1.jpg?resize=200%2C146&amp;ssl=1 200w, https:\/\/i0.wp.com\/eltrabajo.cl\/portal\/wp-content\/uploads\/2014\/07\/Asesino1.jpg?resize=300%2C220&amp;ssl=1 300w, https:\/\/i0.wp.com\/eltrabajo.cl\/portal\/wp-content\/uploads\/2014\/07\/Asesino1.jpg?resize=150%2C110&amp;ssl=1 150w, https:\/\/i0.wp.com\/eltrabajo.cl\/portal\/wp-content\/uploads\/2014\/07\/Asesino1.jpg?resize=400%2C293&amp;ssl=1 400w\" sizes=\"auto, (max-width: 300px) 100vw, 300px\" \/><\/a><\/p>\n<p>\u2018RATAMESI\u2019 CAPTURADO.- Camilo Mart\u00ednez Fern\u00e1ndez apodado \u2018El Ratamesi\u2019, confes\u00f3 su crimen ante la Polic\u00eda, por lo cual fue dejado en Prisi\u00f3n Preventiva por un plazo de 90 d\u00edas mientras la Fiscal\u00eda investiga el Homicidio Simple.<\/p>\n"},"caption":{"rendered":"<p>\u2018RATAMESI\u2019 CAPTURADO.- Camilo Mart\u00ednez Fern\u00e1ndez apodado \u2018El Ratamesi\u2019, confes\u00f3 su crimen ante la Polic\u00eda, por lo cual fue dejado en Prisi\u00f3n Preventiva por un plazo de 90 d\u00edas mientras la Fiscal\u00eda investiga el Homicidio Simple.<\/p>\n"},"alt_text":"\u2018RATAMESI\u2019 CAPTURADO.- Camilo Mart\u00ednez Fern\u00e1ndez apodado \u2018El Ratamesi\u2019, confes\u00f3 su crimen ante la Polic\u00eda, por lo cual fue dejado en Prisi\u00f3n Preventiva por un plazo de 90 d\u00edas mientras la Fiscal\u00eda investiga el Homicidio Simple.","media_type":"image","mime_type":"image\/jpeg","media_details":{"width":529,"height":388,"file":"2014\/07\/Asesino1.jpg","sizes":{"thumbnail":{"file":"Asesino1-200x146.jpg","width":200,"height":146,"mime_type":"image\/jpeg","source_url":"https:\/\/i0.wp.com\/eltrabajo.cl\/portal\/wp-content\/uploads\/2014\/07\/Asesino1.jpg?fit=200%2C146&ssl=1"},"medium":{"file":"Asesino1-300x220.jpg","width":300,"height":220,"mime_type":"image\/jpeg","source_url":"https:\/\/i0.wp.com\/eltrabajo.cl\/portal\/wp-content\/uploads\/2014\/07\/Asesino1.jpg?fit=300%2C220&ssl=1"},"post-thumbnail":{"file":"Asesino1-150x110.jpg","width":150,"height":110,"mime_type":"image\/jpeg","source_url":"https:\/\/i0.wp.com\/eltrabajo.cl\/portal\/wp-content\/uploads\/2014\/07\/Asesino1.jpg?fit=150%2C110&ssl=1"},"single-post-thumbnail":{"file":"Asesino1-400x293.jpg","width":400,"height":293,"mime_type":"image\/jpeg","source_url":"https:\/\/eltrabajo.cl\/portal\/wp-content\/uploads\/2014\/07\/Asesino1-400x293.jpg"},"full":{"file":"Asesino1.jpg?fit=529%2C388&ssl=1","width":529,"height":388,"mime_type":"image\/jpeg","source_url":"https:\/\/i0.wp.com\/eltrabajo.cl\/portal\/wp-content\/uploads\/2014\/07\/Asesino1.jpg?fit=529%2C388&ssl=1"}},"image_meta":{"aperture":0,"credit":"","camera":"","caption":"","created_timestamp":0,"copyright":"","focal_length":0,"iso":0,"shutter_speed":0,"title":""}},"post":49347,"source_url":"https:\/\/eltrabajo.cl\/portal\/wp-content\/uploads\/2014\/07\/Asesino1.jpg","_links":{"self":[{"href":"https:\/\/eltrabajo.cl\/portal\/wp-json\/wp\/v2\/media\/49349","targetHints":{"allow":["GET"]}}],"collection":[{"href":"https:\/\/eltrabajo.cl\/portal\/wp-json\/wp\/v2\/media"}],"about":[{"href":"https:\/\/eltrabajo.cl\/portal\/wp-json\/wp\/v2\/types\/attachment"}],"author":[{"embeddable":true,"href":"https:\/\/eltrabajo.cl\/portal\/wp-json\/wp\/v2\/users\/482"}],"replies":[{"embeddable":true,"href":"https:\/\/eltrabajo.cl\/portal\/wp-json\/wp\/v2\/comments?post=49349"}],"wp:attached-to":[{"embeddable":true,"post_type":"post","id":49347,"href":"https:\/\/eltrabajo.cl\/portal\/wp-json\/wp\/v2\/posts\/49347"}],"curies":[{"name":"wp","href":"https:\/\/api.w.org\/{rel}","templated":true}]}}