{"id":50690,"date":"2014-09-03T09:31:21","date_gmt":"2014-09-03T13:31:21","guid":{"rendered":"http:\/\/www.eltrabajo.cl\/portal\/wp-content\/uploads\/2014\/09\/Ministra1.jpg"},"modified":"2014-09-03T09:31:21","modified_gmt":"2014-09-03T13:31:21","slug":"ministra1-3","status":"inherit","type":"attachment","link":"https:\/\/eltrabajo.cl\/portal\/inauguran-remodelada-plaza-de-armas-para-los-santamarianos\/ministra1-3\/","title":{"rendered":"Ministra1"},"author":482,"featured_media":0,"comment_status":"open","ping_status":"closed","template":"","meta":{"advanced_seo_description":"","jetpack_seo_html_title":"","jetpack_seo_noindex":false},"class_list":["post-50690","attachment","type-attachment","status-inherit","hentry"],"jetpack_sharing_enabled":true,"jetpack_likes_enabled":true,"description":{"rendered":"<p class=\"attachment\"><a href=\"https:\/\/i0.wp.com\/eltrabajo.cl\/portal\/wp-content\/uploads\/2014\/09\/Ministra1.jpg?ssl=1\"><img loading=\"lazy\" decoding=\"async\" width=\"300\" height=\"203\" src=\"https:\/\/i0.wp.com\/eltrabajo.cl\/portal\/wp-content\/uploads\/2014\/09\/Ministra1.jpg?fit=300%2C203&amp;ssl=1\" class=\"attachment-medium size-medium\" alt=\"Al lado del Alcalde Claudio Zurita, la Ministra de Vivienda, Paulina Saball, encabez\u00f3 la ceremonia de inauguraci\u00f3n de los trabajos ejecutados en el marco del Programa de Recuperaci\u00f3n de Espacios P\u00fablicos del Ministerio de Vivienda y Urbanismo.\" srcset=\"https:\/\/i0.wp.com\/eltrabajo.cl\/portal\/wp-content\/uploads\/2014\/09\/Ministra1.jpg?w=529&amp;ssl=1 529w, https:\/\/i0.wp.com\/eltrabajo.cl\/portal\/wp-content\/uploads\/2014\/09\/Ministra1.jpg?resize=200%2C135&amp;ssl=1 200w, https:\/\/i0.wp.com\/eltrabajo.cl\/portal\/wp-content\/uploads\/2014\/09\/Ministra1.jpg?resize=300%2C203&amp;ssl=1 300w, https:\/\/i0.wp.com\/eltrabajo.cl\/portal\/wp-content\/uploads\/2014\/09\/Ministra1.jpg?resize=150%2C101&amp;ssl=1 150w, https:\/\/i0.wp.com\/eltrabajo.cl\/portal\/wp-content\/uploads\/2014\/09\/Ministra1.jpg?resize=400%2C270&amp;ssl=1 400w\" sizes=\"auto, (max-width: 300px) 100vw, 300px\" \/><\/a><\/p>\n<p>Al lado del Alcalde Claudio Zurita, la Ministra de Vivienda, Paulina Saball, encabez\u00f3 la ceremonia de inauguraci\u00f3n de los trabajos ejecutados en el marco del Programa de Recuperaci\u00f3n de Espacios P\u00fablicos del Ministerio de Vivienda y Urbanismo.<\/p>\n"},"caption":{"rendered":"<p>Al lado del Alcalde Claudio Zurita, la Ministra de Vivienda, Paulina Saball, encabez\u00f3 la ceremonia de inauguraci\u00f3n de los trabajos ejecutados en el marco del Programa de Recuperaci\u00f3n de Espacios P\u00fablicos del Ministerio de Vivienda y Urbanismo.<\/p>\n"},"alt_text":"Al lado del Alcalde Claudio Zurita, la Ministra de Vivienda, Paulina Saball, encabez\u00f3 la ceremonia de inauguraci\u00f3n de los trabajos ejecutados en el marco del Programa de Recuperaci\u00f3n de Espacios P\u00fablicos del Ministerio de Vivienda y Urbanismo.","media_type":"image","mime_type":"image\/jpeg","media_details":{"width":529,"height":358,"file":"2014\/09\/Ministra1.jpg","sizes":{"thumbnail":{"file":"Ministra1-200x135.jpg","width":200,"height":135,"mime_type":"image\/jpeg","source_url":"https:\/\/i0.wp.com\/eltrabajo.cl\/portal\/wp-content\/uploads\/2014\/09\/Ministra1.jpg?fit=200%2C135&ssl=1"},"medium":{"file":"Ministra1-300x203.jpg","width":300,"height":203,"mime_type":"image\/jpeg","source_url":"https:\/\/i0.wp.com\/eltrabajo.cl\/portal\/wp-content\/uploads\/2014\/09\/Ministra1.jpg?fit=300%2C203&ssl=1"},"post-thumbnail":{"file":"Ministra1-150x101.jpg","width":150,"height":101,"mime_type":"image\/jpeg","source_url":"https:\/\/i0.wp.com\/eltrabajo.cl\/portal\/wp-content\/uploads\/2014\/09\/Ministra1.jpg?fit=150%2C101&ssl=1"},"single-post-thumbnail":{"file":"Ministra1-400x270.jpg","width":400,"height":270,"mime_type":"image\/jpeg","source_url":"https:\/\/eltrabajo.cl\/portal\/wp-content\/uploads\/2014\/09\/Ministra1-400x270.jpg"},"full":{"file":"Ministra1.jpg?fit=529%2C358&ssl=1","width":529,"height":358,"mime_type":"image\/jpeg","source_url":"https:\/\/i0.wp.com\/eltrabajo.cl\/portal\/wp-content\/uploads\/2014\/09\/Ministra1.jpg?fit=529%2C358&ssl=1"}},"image_meta":{"aperture":0,"credit":"","camera":"","caption":"","created_timestamp":0,"copyright":"","focal_length":0,"iso":0,"shutter_speed":0,"title":""}},"post":50687,"source_url":"https:\/\/eltrabajo.cl\/portal\/wp-content\/uploads\/2014\/09\/Ministra1.jpg","_links":{"self":[{"href":"https:\/\/eltrabajo.cl\/portal\/wp-json\/wp\/v2\/media\/50690","targetHints":{"allow":["GET"]}}],"collection":[{"href":"https:\/\/eltrabajo.cl\/portal\/wp-json\/wp\/v2\/media"}],"about":[{"href":"https:\/\/eltrabajo.cl\/portal\/wp-json\/wp\/v2\/types\/attachment"}],"author":[{"embeddable":true,"href":"https:\/\/eltrabajo.cl\/portal\/wp-json\/wp\/v2\/users\/482"}],"replies":[{"embeddable":true,"href":"https:\/\/eltrabajo.cl\/portal\/wp-json\/wp\/v2\/comments?post=50690"}],"wp:attached-to":[{"embeddable":true,"post_type":"post","id":50687,"href":"https:\/\/eltrabajo.cl\/portal\/wp-json\/wp\/v2\/posts\/50687"}],"curies":[{"name":"wp","href":"https:\/\/api.w.org\/{rel}","templated":true}]}}