{"id":50707,"date":"2014-09-03T09:38:41","date_gmt":"2014-09-03T13:38:41","guid":{"rendered":"http:\/\/www.eltrabajo.cl\/portal\/wp-content\/uploads\/2014\/09\/FRANCISCO-RUIZ-LUENGO.jpg"},"modified":"2014-09-03T09:38:41","modified_gmt":"2014-09-03T13:38:41","slug":"francisco-ruiz-luengo","status":"inherit","type":"attachment","link":"https:\/\/eltrabajo.cl\/portal\/lo-condenan-a-14-anos-de-carcel-y-celebra-con-fotos-en-facebook\/francisco-ruiz-luengo\/","title":{"rendered":"FRANCISCO RUIZ LUENGO"},"author":482,"featured_media":0,"comment_status":"open","ping_status":"closed","template":"","meta":{"advanced_seo_description":"","jetpack_seo_html_title":"","jetpack_seo_noindex":false},"class_list":["post-50707","attachment","type-attachment","status-inherit","hentry"],"jetpack_sharing_enabled":true,"jetpack_likes_enabled":true,"description":{"rendered":"<p class=\"attachment\"><a href=\"https:\/\/i0.wp.com\/eltrabajo.cl\/portal\/wp-content\/uploads\/2014\/09\/FRANCISCO-RUIZ-LUENGO.jpg?ssl=1\"><img loading=\"lazy\" decoding=\"async\" width=\"228\" height=\"300\" src=\"https:\/\/i0.wp.com\/eltrabajo.cl\/portal\/wp-content\/uploads\/2014\/09\/FRANCISCO-RUIZ-LUENGO.jpg?fit=228%2C300&amp;ssl=1\" class=\"attachment-medium size-medium\" alt=\"Francisco Ruiz Luengo fue condenado a catorce a\u00f1os de c\u00e1rcel por tres delitos de Robo con violencia, perpetrados en la comuna de San Felipe. Su estad\u00eda en la c\u00e1rcel podr\u00eda aumentar tras otras causas vigentes que llevar\u00e1 a juicio el Ministerio P\u00fablico.\" srcset=\"https:\/\/i0.wp.com\/eltrabajo.cl\/portal\/wp-content\/uploads\/2014\/09\/FRANCISCO-RUIZ-LUENGO.jpg?w=529&amp;ssl=1 529w, https:\/\/i0.wp.com\/eltrabajo.cl\/portal\/wp-content\/uploads\/2014\/09\/FRANCISCO-RUIZ-LUENGO.jpg?resize=114%2C150&amp;ssl=1 114w, https:\/\/i0.wp.com\/eltrabajo.cl\/portal\/wp-content\/uploads\/2014\/09\/FRANCISCO-RUIZ-LUENGO.jpg?resize=228%2C300&amp;ssl=1 228w, https:\/\/i0.wp.com\/eltrabajo.cl\/portal\/wp-content\/uploads\/2014\/09\/FRANCISCO-RUIZ-LUENGO.jpg?resize=400%2C525&amp;ssl=1 400w\" sizes=\"auto, (max-width: 228px) 100vw, 228px\" \/><\/a><\/p>\n<p>Francisco Ruiz Luengo fue condenado a catorce a\u00f1os de c\u00e1rcel por tres delitos de Robo con violencia, perpetrados en la comuna de San Felipe. Su estad\u00eda en la c\u00e1rcel podr\u00eda aumentar tras otras causas vigentes que llevar\u00e1 a juicio el Ministerio P\u00fablico.<\/p>\n"},"caption":{"rendered":"<p>Francisco Ruiz Luengo fue condenado a catorce a\u00f1os de c\u00e1rcel por tres delitos de Robo con violencia, perpetrados en la comuna de San Felipe. Su estad\u00eda en la c\u00e1rcel podr\u00eda aumentar tras otras causas vigentes que llevar\u00e1 a juicio el Ministerio P\u00fablico.<\/p>\n"},"alt_text":"Francisco Ruiz Luengo fue condenado a catorce a\u00f1os de c\u00e1rcel por tres delitos de Robo con violencia, perpetrados en la comuna de San Felipe. Su estad\u00eda en la c\u00e1rcel podr\u00eda aumentar tras otras causas vigentes que llevar\u00e1 a juicio el Ministerio P\u00fablico.","media_type":"image","mime_type":"image\/jpeg","media_details":{"width":529,"height":695,"file":"2014\/09\/FRANCISCO-RUIZ-LUENGO.jpg","sizes":{"thumbnail":{"file":"FRANCISCO-RUIZ-LUENGO-114x150.jpg","width":114,"height":150,"mime_type":"image\/jpeg","source_url":"https:\/\/i0.wp.com\/eltrabajo.cl\/portal\/wp-content\/uploads\/2014\/09\/FRANCISCO-RUIZ-LUENGO.jpg?fit=114%2C150&ssl=1"},"medium":{"file":"FRANCISCO-RUIZ-LUENGO-228x300.jpg","width":228,"height":300,"mime_type":"image\/jpeg","source_url":"https:\/\/i0.wp.com\/eltrabajo.cl\/portal\/wp-content\/uploads\/2014\/09\/FRANCISCO-RUIZ-LUENGO.jpg?fit=228%2C300&ssl=1"},"post-thumbnail":{"file":"FRANCISCO-RUIZ-LUENGO-114x150.jpg","width":114,"height":150,"mime_type":"image\/jpeg","source_url":"https:\/\/i0.wp.com\/eltrabajo.cl\/portal\/wp-content\/uploads\/2014\/09\/FRANCISCO-RUIZ-LUENGO.jpg?fit=114%2C150&ssl=1"},"single-post-thumbnail":{"file":"FRANCISCO-RUIZ-LUENGO-400x525.jpg","width":400,"height":525,"mime_type":"image\/jpeg","source_url":"https:\/\/eltrabajo.cl\/portal\/wp-content\/uploads\/2014\/09\/FRANCISCO-RUIZ-LUENGO-400x525.jpg"},"full":{"file":"FRANCISCO-RUIZ-LUENGO.jpg?fit=529%2C695&ssl=1","width":529,"height":695,"mime_type":"image\/jpeg","source_url":"https:\/\/i0.wp.com\/eltrabajo.cl\/portal\/wp-content\/uploads\/2014\/09\/FRANCISCO-RUIZ-LUENGO.jpg?fit=529%2C695&ssl=1"}},"image_meta":{"aperture":0,"credit":"","camera":"","caption":"","created_timestamp":0,"copyright":"","focal_length":0,"iso":0,"shutter_speed":0,"title":""}},"post":50703,"source_url":"https:\/\/eltrabajo.cl\/portal\/wp-content\/uploads\/2014\/09\/FRANCISCO-RUIZ-LUENGO.jpg","_links":{"self":[{"href":"https:\/\/eltrabajo.cl\/portal\/wp-json\/wp\/v2\/media\/50707","targetHints":{"allow":["GET"]}}],"collection":[{"href":"https:\/\/eltrabajo.cl\/portal\/wp-json\/wp\/v2\/media"}],"about":[{"href":"https:\/\/eltrabajo.cl\/portal\/wp-json\/wp\/v2\/types\/attachment"}],"author":[{"embeddable":true,"href":"https:\/\/eltrabajo.cl\/portal\/wp-json\/wp\/v2\/users\/482"}],"replies":[{"embeddable":true,"href":"https:\/\/eltrabajo.cl\/portal\/wp-json\/wp\/v2\/comments?post=50707"}],"wp:attached-to":[{"embeddable":true,"post_type":"post","id":50703,"href":"https:\/\/eltrabajo.cl\/portal\/wp-json\/wp\/v2\/posts\/50703"}],"curies":[{"name":"wp","href":"https:\/\/api.w.org\/{rel}","templated":true}]}}