{"id":51108,"date":"2014-09-12T09:28:28","date_gmt":"2014-09-12T12:28:28","guid":{"rendered":"http:\/\/www.eltrabajo.cl\/portal\/wp-content\/uploads\/2014\/09\/Imputados-desordenes1.jpg"},"modified":"2014-09-12T09:28:28","modified_gmt":"2014-09-12T12:28:28","slug":"imputados-desordenes-2","status":"inherit","type":"attachment","link":"https:\/\/eltrabajo.cl\/portal\/seis-detenidos-por-barricadas-en-la-previa-al-11-de-septiembre\/imputados-desordenes-2\/","title":{"rendered":"Imputados desordenes"},"author":482,"featured_media":0,"comment_status":"open","ping_status":"closed","template":"","meta":{"advanced_seo_description":"","jetpack_seo_html_title":"","jetpack_seo_noindex":false},"class_list":["post-51108","attachment","type-attachment","status-inherit","hentry"],"jetpack_sharing_enabled":true,"jetpack_likes_enabled":true,"description":{"rendered":"<p class=\"attachment\"><a href=\"https:\/\/i0.wp.com\/eltrabajo.cl\/portal\/wp-content\/uploads\/2014\/09\/Imputados-desordenes1.jpg?ssl=1\"><img loading=\"lazy\" decoding=\"async\" width=\"300\" height=\"188\" src=\"https:\/\/i0.wp.com\/eltrabajo.cl\/portal\/wp-content\/uploads\/2014\/09\/Imputados-desordenes1.jpg?fit=300%2C188&amp;ssl=1\" class=\"attachment-medium size-medium\" alt=\"Los tres imputados por des\u00f3rdenes p\u00fablicos provenientes de la comuna de Llay Llay, aceptaron la suspensi\u00f3n condicional por un a\u00f1o tras el control de detenci\u00f3n en el Juzgado de Garant\u00eda de San Felipe.\" srcset=\"https:\/\/i0.wp.com\/eltrabajo.cl\/portal\/wp-content\/uploads\/2014\/09\/Imputados-desordenes1.jpg?w=528&amp;ssl=1 528w, https:\/\/i0.wp.com\/eltrabajo.cl\/portal\/wp-content\/uploads\/2014\/09\/Imputados-desordenes1.jpg?resize=200%2C125&amp;ssl=1 200w, https:\/\/i0.wp.com\/eltrabajo.cl\/portal\/wp-content\/uploads\/2014\/09\/Imputados-desordenes1.jpg?resize=300%2C188&amp;ssl=1 300w, https:\/\/i0.wp.com\/eltrabajo.cl\/portal\/wp-content\/uploads\/2014\/09\/Imputados-desordenes1.jpg?resize=150%2C94&amp;ssl=1 150w, https:\/\/i0.wp.com\/eltrabajo.cl\/portal\/wp-content\/uploads\/2014\/09\/Imputados-desordenes1.jpg?resize=400%2C251&amp;ssl=1 400w\" sizes=\"auto, (max-width: 300px) 100vw, 300px\" \/><\/a><\/p>\n<p>Los tres imputados por des\u00f3rdenes p\u00fablicos provenientes de la comuna de Llay Llay, aceptaron la suspensi\u00f3n condicional por un a\u00f1o tras el control de detenci\u00f3n en el Juzgado de Garant\u00eda de San Felipe.<\/p>\n"},"caption":{"rendered":"<p>Los tres imputados por des\u00f3rdenes p\u00fablicos provenientes de la comuna de Llay Llay, aceptaron la suspensi\u00f3n condicional por un a\u00f1o tras el control de detenci\u00f3n en el Juzgado de Garant\u00eda de San Felipe.<\/p>\n"},"alt_text":"Los tres imputados por des\u00f3rdenes p\u00fablicos provenientes de la comuna de Llay Llay, aceptaron la suspensi\u00f3n condicional por un a\u00f1o tras el control de detenci\u00f3n en el Juzgado de Garant\u00eda de San Felipe.","media_type":"image","mime_type":"image\/jpeg","media_details":{"width":528,"height":332,"file":"2014\/09\/Imputados-desordenes1.jpg","sizes":{"thumbnail":{"file":"Imputados-desordenes1-200x125.jpg","width":200,"height":125,"mime_type":"image\/jpeg","source_url":"https:\/\/i0.wp.com\/eltrabajo.cl\/portal\/wp-content\/uploads\/2014\/09\/Imputados-desordenes1.jpg?fit=200%2C125&ssl=1"},"medium":{"file":"Imputados-desordenes1-300x188.jpg","width":300,"height":188,"mime_type":"image\/jpeg","source_url":"https:\/\/i0.wp.com\/eltrabajo.cl\/portal\/wp-content\/uploads\/2014\/09\/Imputados-desordenes1.jpg?fit=300%2C188&ssl=1"},"post-thumbnail":{"file":"Imputados-desordenes1-150x94.jpg","width":150,"height":94,"mime_type":"image\/jpeg","source_url":"https:\/\/i0.wp.com\/eltrabajo.cl\/portal\/wp-content\/uploads\/2014\/09\/Imputados-desordenes1.jpg?fit=150%2C94&ssl=1"},"single-post-thumbnail":{"file":"Imputados-desordenes1-400x251.jpg","width":400,"height":251,"mime_type":"image\/jpeg","source_url":"https:\/\/eltrabajo.cl\/portal\/wp-content\/uploads\/2014\/09\/Imputados-desordenes1-400x251.jpg"},"full":{"file":"Imputados-desordenes1.jpg?fit=528%2C332&ssl=1","width":528,"height":332,"mime_type":"image\/jpeg","source_url":"https:\/\/i0.wp.com\/eltrabajo.cl\/portal\/wp-content\/uploads\/2014\/09\/Imputados-desordenes1.jpg?fit=528%2C332&ssl=1"}},"image_meta":{"aperture":0,"credit":"","camera":"","caption":"","created_timestamp":0,"copyright":"","focal_length":0,"iso":0,"shutter_speed":0,"title":""}},"post":51104,"source_url":"https:\/\/eltrabajo.cl\/portal\/wp-content\/uploads\/2014\/09\/Imputados-desordenes1.jpg","_links":{"self":[{"href":"https:\/\/eltrabajo.cl\/portal\/wp-json\/wp\/v2\/media\/51108","targetHints":{"allow":["GET"]}}],"collection":[{"href":"https:\/\/eltrabajo.cl\/portal\/wp-json\/wp\/v2\/media"}],"about":[{"href":"https:\/\/eltrabajo.cl\/portal\/wp-json\/wp\/v2\/types\/attachment"}],"author":[{"embeddable":true,"href":"https:\/\/eltrabajo.cl\/portal\/wp-json\/wp\/v2\/users\/482"}],"replies":[{"embeddable":true,"href":"https:\/\/eltrabajo.cl\/portal\/wp-json\/wp\/v2\/comments?post=51108"}],"wp:attached-to":[{"embeddable":true,"post_type":"post","id":51104,"href":"https:\/\/eltrabajo.cl\/portal\/wp-json\/wp\/v2\/posts\/51104"}],"curies":[{"name":"wp","href":"https:\/\/api.w.org\/{rel}","templated":true}]}}