{"id":52976,"date":"2014-11-04T09:50:23","date_gmt":"2014-11-04T12:50:23","guid":{"rendered":"http:\/\/www.eltrabajo.cl\/portal\/wp-content\/uploads\/2014\/11\/rosa-collao.jpg"},"modified":"2014-11-04T09:51:02","modified_gmt":"2014-11-04T12:51:02","slug":"rosa-collao","status":"inherit","type":"attachment","link":"https:\/\/eltrabajo.cl\/portal\/mas-de-siete-locales-comerciales-fueron-victimas-de-robos-y-danos-el-fin-de-semana\/rosa-collao\/","title":{"rendered":"rosa collao"},"author":482,"featured_media":0,"comment_status":"open","ping_status":"closed","template":"","meta":{"advanced_seo_description":"","jetpack_seo_html_title":"","jetpack_seo_noindex":false},"class_list":["post-52976","attachment","type-attachment","status-inherit","hentry"],"jetpack_sharing_enabled":true,"jetpack_likes_enabled":true,"description":{"rendered":"<p class=\"attachment\"><a href=\"https:\/\/i0.wp.com\/eltrabajo.cl\/portal\/wp-content\/uploads\/2014\/11\/rosa-collao.jpg?ssl=1\"><img loading=\"lazy\" decoding=\"async\" width=\"226\" height=\"300\" src=\"https:\/\/i0.wp.com\/eltrabajo.cl\/portal\/wp-content\/uploads\/2014\/11\/rosa-collao.jpg?fit=226%2C300&amp;ssl=1\" class=\"attachment-medium size-medium\" alt=\"Rosa Collao propietaria del local Danivi\u00b4s de Calle Santo Domingo adelant\u00f3 que se quejar\u00e1n ante el Municipio para requerir m\u00e1s presencia policial con la recolecci\u00f3n de firmas de todos los locatarios del sector afectado.\" srcset=\"https:\/\/i0.wp.com\/eltrabajo.cl\/portal\/wp-content\/uploads\/2014\/11\/rosa-collao.jpg?w=529&amp;ssl=1 529w, https:\/\/i0.wp.com\/eltrabajo.cl\/portal\/wp-content\/uploads\/2014\/11\/rosa-collao.jpg?resize=113%2C150&amp;ssl=1 113w, https:\/\/i0.wp.com\/eltrabajo.cl\/portal\/wp-content\/uploads\/2014\/11\/rosa-collao.jpg?resize=226%2C300&amp;ssl=1 226w, https:\/\/i0.wp.com\/eltrabajo.cl\/portal\/wp-content\/uploads\/2014\/11\/rosa-collao.jpg?resize=400%2C530&amp;ssl=1 400w\" sizes=\"auto, (max-width: 226px) 100vw, 226px\" \/><\/a><\/p>\n<p>Rosa Collao propietaria del local Danivi\u00b4s de Calle Santo Domingo adelant\u00f3 que se quejar\u00e1n ante el Municipio para requerir m\u00e1s presencia policial con la recolecci\u00f3n de firmas de todos los locatarios del sector afectado.<\/p>\n"},"caption":{"rendered":"<p>Rosa Collao propietaria del local Danivi\u00b4s de Calle Santo Domingo adelant\u00f3 que se quejar\u00e1n ante el Municipio para requerir m\u00e1s presencia policial con la recolecci\u00f3n de firmas de todos los locatarios del sector afectado.<\/p>\n"},"alt_text":"Rosa Collao propietaria del local Danivi\u00b4s de Calle Santo Domingo adelant\u00f3 que se quejar\u00e1n ante el Municipio para requerir m\u00e1s presencia policial con la recolecci\u00f3n de firmas de todos los locatarios del sector afectado.","media_type":"image","mime_type":"image\/jpeg","media_details":{"width":529,"height":701,"file":"2014\/11\/rosa-collao.jpg","sizes":{"thumbnail":{"file":"rosa-collao-113x150.jpg","width":113,"height":150,"mime_type":"image\/jpeg","source_url":"https:\/\/i0.wp.com\/eltrabajo.cl\/portal\/wp-content\/uploads\/2014\/11\/rosa-collao.jpg?fit=113%2C150&ssl=1"},"medium":{"file":"rosa-collao-226x300.jpg","width":226,"height":300,"mime_type":"image\/jpeg","source_url":"https:\/\/i0.wp.com\/eltrabajo.cl\/portal\/wp-content\/uploads\/2014\/11\/rosa-collao.jpg?fit=226%2C300&ssl=1"},"post-thumbnail":{"file":"rosa-collao-113x150.jpg","width":113,"height":150,"mime_type":"image\/jpeg","source_url":"https:\/\/i0.wp.com\/eltrabajo.cl\/portal\/wp-content\/uploads\/2014\/11\/rosa-collao.jpg?fit=113%2C150&ssl=1"},"single-post-thumbnail":{"file":"rosa-collao-400x530.jpg","width":400,"height":530,"mime_type":"image\/jpeg","source_url":"https:\/\/eltrabajo.cl\/portal\/wp-content\/uploads\/2014\/11\/rosa-collao-400x530.jpg"},"full":{"file":"rosa-collao.jpg?fit=529%2C701&ssl=1","width":529,"height":701,"mime_type":"image\/jpeg","source_url":"https:\/\/i0.wp.com\/eltrabajo.cl\/portal\/wp-content\/uploads\/2014\/11\/rosa-collao.jpg?fit=529%2C701&ssl=1"}},"image_meta":{"aperture":0,"credit":"","camera":"","caption":"","created_timestamp":0,"copyright":"","focal_length":0,"iso":0,"shutter_speed":0,"title":"","orientation":0}},"post":52970,"source_url":"https:\/\/eltrabajo.cl\/portal\/wp-content\/uploads\/2014\/11\/rosa-collao.jpg","_links":{"self":[{"href":"https:\/\/eltrabajo.cl\/portal\/wp-json\/wp\/v2\/media\/52976","targetHints":{"allow":["GET"]}}],"collection":[{"href":"https:\/\/eltrabajo.cl\/portal\/wp-json\/wp\/v2\/media"}],"about":[{"href":"https:\/\/eltrabajo.cl\/portal\/wp-json\/wp\/v2\/types\/attachment"}],"author":[{"embeddable":true,"href":"https:\/\/eltrabajo.cl\/portal\/wp-json\/wp\/v2\/users\/482"}],"replies":[{"embeddable":true,"href":"https:\/\/eltrabajo.cl\/portal\/wp-json\/wp\/v2\/comments?post=52976"}],"wp:attached-to":[{"embeddable":true,"post_type":"post","id":52970,"href":"https:\/\/eltrabajo.cl\/portal\/wp-json\/wp\/v2\/posts\/52970"}],"curies":[{"name":"wp","href":"https:\/\/api.w.org\/{rel}","templated":true}]}}