{"id":53131,"date":"2014-11-10T09:39:14","date_gmt":"2014-11-10T12:39:14","guid":{"rendered":"http:\/\/www.eltrabajo.cl\/portal\/wp-content\/uploads\/2014\/11\/Futbol1.jpg"},"modified":"2014-11-10T09:39:34","modified_gmt":"2014-11-10T12:39:34","slug":"futbol1-2","status":"inherit","type":"attachment","link":"https:\/\/eltrabajo.cl\/portal\/inauguran-escuela-de-futbol-franco-letelier-del-colegio-renacer\/futbol1-2\/","title":{"rendered":"Futbol1"},"author":482,"featured_media":0,"comment_status":"open","ping_status":"closed","template":"","meta":{"advanced_seo_description":"","jetpack_seo_html_title":"","jetpack_seo_noindex":false},"class_list":["post-53131","attachment","type-attachment","status-inherit","hentry"],"jetpack_sharing_enabled":true,"jetpack_likes_enabled":true,"description":{"rendered":"<p class=\"attachment\"><a href=\"https:\/\/i0.wp.com\/eltrabajo.cl\/portal\/wp-content\/uploads\/2014\/11\/Futbol1.jpg?ssl=1\"><img loading=\"lazy\" decoding=\"async\" width=\"300\" height=\"111\" src=\"https:\/\/i0.wp.com\/eltrabajo.cl\/portal\/wp-content\/uploads\/2014\/11\/Futbol1.jpg?fit=300%2C111&amp;ssl=1\" class=\"attachment-medium size-medium\" alt=\"Un ambiente de alegr\u00eda se vivi\u00f3 en el estadio del Club Deportivo Centro Chile de Quebrada Herrera, donde fue inaugurada la Escuela de F\u00fatbol Franco Letelier, que depende del Colegio Renacer.\" srcset=\"https:\/\/i0.wp.com\/eltrabajo.cl\/portal\/wp-content\/uploads\/2014\/11\/Futbol1.jpg?w=528&amp;ssl=1 528w, https:\/\/i0.wp.com\/eltrabajo.cl\/portal\/wp-content\/uploads\/2014\/11\/Futbol1.jpg?resize=200%2C74&amp;ssl=1 200w, https:\/\/i0.wp.com\/eltrabajo.cl\/portal\/wp-content\/uploads\/2014\/11\/Futbol1.jpg?resize=300%2C111&amp;ssl=1 300w, https:\/\/i0.wp.com\/eltrabajo.cl\/portal\/wp-content\/uploads\/2014\/11\/Futbol1.jpg?resize=150%2C55&amp;ssl=1 150w, https:\/\/i0.wp.com\/eltrabajo.cl\/portal\/wp-content\/uploads\/2014\/11\/Futbol1.jpg?resize=400%2C148&amp;ssl=1 400w\" sizes=\"auto, (max-width: 300px) 100vw, 300px\" \/><\/a><\/p>\n<p>Un ambiente de alegr\u00eda se vivi\u00f3 en el estadio del Club Deportivo Centro Chile de Quebrada Herrera, donde fue inaugurada la Escuela de F\u00fatbol Franco Letelier, que depende del Colegio Renacer.<\/p>\n"},"caption":{"rendered":"<p>Un ambiente de alegr\u00eda se vivi\u00f3 en el estadio del Club Deportivo Centro Chile de Quebrada Herrera, donde fue inaugurada la Escuela de F\u00fatbol Franco Letelier, que depende del Colegio Renacer.<\/p>\n"},"alt_text":"Un ambiente de alegr\u00eda se vivi\u00f3 en el estadio del Club Deportivo Centro Chile de Quebrada Herrera, donde fue inaugurada la Escuela de F\u00fatbol Franco Letelier, que depende del Colegio Renacer.","media_type":"image","mime_type":"image\/jpeg","media_details":{"width":528,"height":196,"file":"2014\/11\/Futbol1.jpg","sizes":{"thumbnail":{"file":"Futbol1-200x74.jpg","width":200,"height":74,"mime_type":"image\/jpeg","source_url":"https:\/\/i0.wp.com\/eltrabajo.cl\/portal\/wp-content\/uploads\/2014\/11\/Futbol1.jpg?fit=200%2C74&ssl=1"},"medium":{"file":"Futbol1-300x111.jpg","width":300,"height":111,"mime_type":"image\/jpeg","source_url":"https:\/\/i0.wp.com\/eltrabajo.cl\/portal\/wp-content\/uploads\/2014\/11\/Futbol1.jpg?fit=300%2C111&ssl=1"},"post-thumbnail":{"file":"Futbol1-150x55.jpg","width":150,"height":55,"mime_type":"image\/jpeg","source_url":"https:\/\/i0.wp.com\/eltrabajo.cl\/portal\/wp-content\/uploads\/2014\/11\/Futbol1.jpg?fit=150%2C55&ssl=1"},"single-post-thumbnail":{"file":"Futbol1-400x148.jpg","width":400,"height":148,"mime_type":"image\/jpeg","source_url":"https:\/\/eltrabajo.cl\/portal\/wp-content\/uploads\/2014\/11\/Futbol1-400x148.jpg"},"full":{"file":"Futbol1.jpg?fit=528%2C196&ssl=1","width":528,"height":196,"mime_type":"image\/jpeg","source_url":"https:\/\/i0.wp.com\/eltrabajo.cl\/portal\/wp-content\/uploads\/2014\/11\/Futbol1.jpg?fit=528%2C196&ssl=1"}},"image_meta":{"aperture":0,"credit":"","camera":"","caption":"","created_timestamp":0,"copyright":"[wopmind]","focal_length":0,"iso":0,"shutter_speed":0,"title":"","orientation":0}},"post":53128,"source_url":"https:\/\/eltrabajo.cl\/portal\/wp-content\/uploads\/2014\/11\/Futbol1.jpg","_links":{"self":[{"href":"https:\/\/eltrabajo.cl\/portal\/wp-json\/wp\/v2\/media\/53131","targetHints":{"allow":["GET"]}}],"collection":[{"href":"https:\/\/eltrabajo.cl\/portal\/wp-json\/wp\/v2\/media"}],"about":[{"href":"https:\/\/eltrabajo.cl\/portal\/wp-json\/wp\/v2\/types\/attachment"}],"author":[{"embeddable":true,"href":"https:\/\/eltrabajo.cl\/portal\/wp-json\/wp\/v2\/users\/482"}],"replies":[{"embeddable":true,"href":"https:\/\/eltrabajo.cl\/portal\/wp-json\/wp\/v2\/comments?post=53131"}],"wp:attached-to":[{"embeddable":true,"post_type":"post","id":53128,"href":"https:\/\/eltrabajo.cl\/portal\/wp-json\/wp\/v2\/posts\/53128"}],"curies":[{"name":"wp","href":"https:\/\/api.w.org\/{rel}","templated":true}]}}