{"id":53248,"date":"2014-11-12T09:23:02","date_gmt":"2014-11-12T12:23:02","guid":{"rendered":"http:\/\/www.eltrabajo.cl\/portal\/wp-content\/uploads\/2014\/11\/URGENCIAS-1.jpg"},"modified":"2014-11-12T09:23:17","modified_gmt":"2014-11-12T12:23:17","slug":"urgencias-1","status":"inherit","type":"attachment","link":"https:\/\/eltrabajo.cl\/portal\/abuelitos-son-drogados-para-robarles-su-pension-en-via-publica\/urgencias-1\/","title":{"rendered":"URGENCIAS 1"},"author":482,"featured_media":0,"comment_status":"open","ping_status":"closed","template":"","meta":{"advanced_seo_description":"","jetpack_seo_html_title":"","jetpack_seo_noindex":false},"class_list":["post-53248","attachment","type-attachment","status-inherit","hentry"],"jetpack_sharing_enabled":true,"jetpack_likes_enabled":true,"description":{"rendered":"<p class=\"attachment\"><a href=\"https:\/\/i0.wp.com\/eltrabajo.cl\/portal\/wp-content\/uploads\/2014\/11\/URGENCIAS-1.jpg?ssl=1\"><img loading=\"lazy\" decoding=\"async\" width=\"300\" height=\"227\" src=\"https:\/\/i0.wp.com\/eltrabajo.cl\/portal\/wp-content\/uploads\/2014\/11\/URGENCIAS-1.jpg?fit=300%2C227&amp;ssl=1\" class=\"attachment-medium size-medium\" alt=\"Personal m\u00e9dico de Urgencias del Hospital San Camilo han debido realizar diversos ex\u00e1menes para determinar el nivel de sedaci\u00f3n que han sufrido los adultos mayores que han sido v\u00edctimas de la delincuencia.\" srcset=\"https:\/\/i0.wp.com\/eltrabajo.cl\/portal\/wp-content\/uploads\/2014\/11\/URGENCIAS-1.jpg?w=528&amp;ssl=1 528w, https:\/\/i0.wp.com\/eltrabajo.cl\/portal\/wp-content\/uploads\/2014\/11\/URGENCIAS-1.jpg?resize=197%2C150&amp;ssl=1 197w, https:\/\/i0.wp.com\/eltrabajo.cl\/portal\/wp-content\/uploads\/2014\/11\/URGENCIAS-1.jpg?resize=300%2C227&amp;ssl=1 300w, https:\/\/i0.wp.com\/eltrabajo.cl\/portal\/wp-content\/uploads\/2014\/11\/URGENCIAS-1.jpg?resize=150%2C113&amp;ssl=1 150w, https:\/\/i0.wp.com\/eltrabajo.cl\/portal\/wp-content\/uploads\/2014\/11\/URGENCIAS-1.jpg?resize=400%2C303&amp;ssl=1 400w\" sizes=\"auto, (max-width: 300px) 100vw, 300px\" \/><\/a><\/p>\n<p>Personal m\u00e9dico de Urgencias del Hospital San Camilo han debido realizar diversos ex\u00e1menes para determinar el nivel de sedaci\u00f3n que han sufrido los adultos mayores que han sido v\u00edctimas de la delincuencia.<\/p>\n"},"caption":{"rendered":"<p>Personal m\u00e9dico de Urgencias del Hospital San Camilo han debido realizar diversos ex\u00e1menes para determinar el nivel de sedaci\u00f3n que han sufrido los adultos mayores que han sido v\u00edctimas de la delincuencia.<\/p>\n"},"alt_text":"Personal m\u00e9dico de Urgencias del Hospital San Camilo han debido realizar diversos ex\u00e1menes para determinar el nivel de sedaci\u00f3n que han sufrido los adultos mayores que han sido v\u00edctimas de la delincuencia.","media_type":"image","mime_type":"image\/jpeg","media_details":{"width":528,"height":401,"file":"2014\/11\/URGENCIAS-1.jpg","sizes":{"thumbnail":{"file":"URGENCIAS-1-197x150.jpg","width":197,"height":150,"mime_type":"image\/jpeg","source_url":"https:\/\/i0.wp.com\/eltrabajo.cl\/portal\/wp-content\/uploads\/2014\/11\/URGENCIAS-1.jpg?fit=197%2C150&ssl=1"},"medium":{"file":"URGENCIAS-1-300x227.jpg","width":300,"height":227,"mime_type":"image\/jpeg","source_url":"https:\/\/i0.wp.com\/eltrabajo.cl\/portal\/wp-content\/uploads\/2014\/11\/URGENCIAS-1.jpg?fit=300%2C227&ssl=1"},"post-thumbnail":{"file":"URGENCIAS-1-150x113.jpg","width":150,"height":113,"mime_type":"image\/jpeg","source_url":"https:\/\/i0.wp.com\/eltrabajo.cl\/portal\/wp-content\/uploads\/2014\/11\/URGENCIAS-1.jpg?fit=150%2C113&ssl=1"},"single-post-thumbnail":{"file":"URGENCIAS-1-400x303.jpg","width":400,"height":303,"mime_type":"image\/jpeg","source_url":"https:\/\/eltrabajo.cl\/portal\/wp-content\/uploads\/2014\/11\/URGENCIAS-1-400x303.jpg"},"full":{"file":"URGENCIAS-1.jpg?fit=528%2C401&ssl=1","width":528,"height":401,"mime_type":"image\/jpeg","source_url":"https:\/\/i0.wp.com\/eltrabajo.cl\/portal\/wp-content\/uploads\/2014\/11\/URGENCIAS-1.jpg?fit=528%2C401&ssl=1"}},"image_meta":{"aperture":0,"credit":"Picasa","camera":"","caption":"","created_timestamp":0,"copyright":"","focal_length":0,"iso":0,"shutter_speed":0,"title":"","orientation":0}},"post":53245,"source_url":"https:\/\/eltrabajo.cl\/portal\/wp-content\/uploads\/2014\/11\/URGENCIAS-1.jpg","_links":{"self":[{"href":"https:\/\/eltrabajo.cl\/portal\/wp-json\/wp\/v2\/media\/53248","targetHints":{"allow":["GET"]}}],"collection":[{"href":"https:\/\/eltrabajo.cl\/portal\/wp-json\/wp\/v2\/media"}],"about":[{"href":"https:\/\/eltrabajo.cl\/portal\/wp-json\/wp\/v2\/types\/attachment"}],"author":[{"embeddable":true,"href":"https:\/\/eltrabajo.cl\/portal\/wp-json\/wp\/v2\/users\/482"}],"replies":[{"embeddable":true,"href":"https:\/\/eltrabajo.cl\/portal\/wp-json\/wp\/v2\/comments?post=53248"}],"wp:attached-to":[{"embeddable":true,"post_type":"post","id":53245,"href":"https:\/\/eltrabajo.cl\/portal\/wp-json\/wp\/v2\/posts\/53245"}],"curies":[{"name":"wp","href":"https:\/\/api.w.org\/{rel}","templated":true}]}}