{"id":53346,"date":"2014-11-14T09:58:00","date_gmt":"2014-11-14T12:58:00","guid":{"rendered":"http:\/\/www.eltrabajo.cl\/portal\/wp-content\/uploads\/2014\/11\/nino-1.jpg"},"modified":"2014-11-14T09:58:09","modified_gmt":"2014-11-14T12:58:09","slug":"nino-1-3","status":"inherit","type":"attachment","link":"https:\/\/eltrabajo.cl\/portal\/amarrado-a-una-silla-maltratarian-a-nino-de-3-anos-en-colegio-especial\/nino-1-3\/","title":{"rendered":"nino 1"},"author":482,"featured_media":0,"comment_status":"open","ping_status":"closed","template":"","meta":{"advanced_seo_description":"","jetpack_seo_html_title":"","jetpack_seo_noindex":false},"class_list":["post-53346","attachment","type-attachment","status-inherit","hentry"],"jetpack_sharing_enabled":true,"jetpack_likes_enabled":true,"description":{"rendered":"<p class=\"attachment\"><a href=\"https:\/\/i0.wp.com\/eltrabajo.cl\/portal\/wp-content\/uploads\/2014\/11\/nino-1.jpg?ssl=1\"><img loading=\"lazy\" decoding=\"async\" width=\"201\" height=\"300\" src=\"https:\/\/i0.wp.com\/eltrabajo.cl\/portal\/wp-content\/uploads\/2014\/11\/nino-1.jpg?fit=201%2C300&amp;ssl=1\" class=\"attachment-medium size-medium\" alt=\"\u00bfQU\u00c9 ES ESTO?.- Estas fotograf\u00edas fueron tomadas por la profesora jefe de Sebasti\u00e1n, donde se refleja un chicle pegado en la cabeza de Sebasti\u00e1n, diagnosticado con S\u00edndrome de West que aparentemente habr\u00eda sido de manos de la asistente de p\u00e1rvulos.\" srcset=\"https:\/\/i0.wp.com\/eltrabajo.cl\/portal\/wp-content\/uploads\/2014\/11\/nino-1.jpg?w=529&amp;ssl=1 529w, https:\/\/i0.wp.com\/eltrabajo.cl\/portal\/wp-content\/uploads\/2014\/11\/nino-1.jpg?resize=100%2C150&amp;ssl=1 100w, https:\/\/i0.wp.com\/eltrabajo.cl\/portal\/wp-content\/uploads\/2014\/11\/nino-1.jpg?resize=201%2C300&amp;ssl=1 201w, https:\/\/i0.wp.com\/eltrabajo.cl\/portal\/wp-content\/uploads\/2014\/11\/nino-1.jpg?resize=400%2C595&amp;ssl=1 400w\" sizes=\"auto, (max-width: 201px) 100vw, 201px\" \/><\/a><\/p>\n<p>\u00bfQU\u00c9 ES ESTO?.- Estas fotograf\u00edas fueron tomadas por la profesora jefe de Sebasti\u00e1n, donde se refleja un chicle pegado en la cabeza de Sebasti\u00e1n, diagnosticado con S\u00edndrome de West que aparentemente habr\u00eda sido de manos de la asistente de p\u00e1rvulos.<\/p>\n"},"caption":{"rendered":"<p>\u00bfQU\u00c9 ES ESTO?.- Estas fotograf\u00edas fueron tomadas por la profesora jefe de Sebasti\u00e1n, donde se refleja un chicle pegado en la cabeza de Sebasti\u00e1n, diagnosticado con S\u00edndrome de West que aparentemente habr\u00eda sido de manos de la asistente de p\u00e1rvulos.<\/p>\n"},"alt_text":"\u00bfQU\u00c9 ES ESTO?.- Estas fotograf\u00edas fueron tomadas por la profesora jefe de Sebasti\u00e1n, donde se refleja un chicle pegado en la cabeza de Sebasti\u00e1n, diagnosticado con S\u00edndrome de West que aparentemente habr\u00eda sido de manos de la asistente de p\u00e1rvulos.","media_type":"image","mime_type":"image\/jpeg","media_details":{"width":529,"height":788,"file":"2014\/11\/nino-1.jpg","sizes":{"thumbnail":{"file":"nino-1-100x150.jpg","width":100,"height":150,"mime_type":"image\/jpeg","source_url":"https:\/\/i0.wp.com\/eltrabajo.cl\/portal\/wp-content\/uploads\/2014\/11\/nino-1.jpg?fit=100%2C150&ssl=1"},"medium":{"file":"nino-1-201x300.jpg","width":201,"height":300,"mime_type":"image\/jpeg","source_url":"https:\/\/i0.wp.com\/eltrabajo.cl\/portal\/wp-content\/uploads\/2014\/11\/nino-1.jpg?fit=201%2C300&ssl=1"},"post-thumbnail":{"file":"nino-1-100x150.jpg","width":100,"height":150,"mime_type":"image\/jpeg","source_url":"https:\/\/i0.wp.com\/eltrabajo.cl\/portal\/wp-content\/uploads\/2014\/11\/nino-1.jpg?fit=100%2C150&ssl=1"},"single-post-thumbnail":{"file":"nino-1-400x595.jpg","width":400,"height":595,"mime_type":"image\/jpeg","source_url":"https:\/\/eltrabajo.cl\/portal\/wp-content\/uploads\/2014\/11\/nino-1-400x595.jpg"},"full":{"file":"nino-1.jpg?fit=529%2C788&ssl=1","width":529,"height":788,"mime_type":"image\/jpeg","source_url":"https:\/\/i0.wp.com\/eltrabajo.cl\/portal\/wp-content\/uploads\/2014\/11\/nino-1.jpg?fit=529%2C788&ssl=1"}},"image_meta":{"aperture":0,"credit":"","camera":"","caption":"","created_timestamp":0,"copyright":"","focal_length":0,"iso":0,"shutter_speed":0,"title":"","orientation":0}},"post":53335,"source_url":"https:\/\/eltrabajo.cl\/portal\/wp-content\/uploads\/2014\/11\/nino-1.jpg","_links":{"self":[{"href":"https:\/\/eltrabajo.cl\/portal\/wp-json\/wp\/v2\/media\/53346","targetHints":{"allow":["GET"]}}],"collection":[{"href":"https:\/\/eltrabajo.cl\/portal\/wp-json\/wp\/v2\/media"}],"about":[{"href":"https:\/\/eltrabajo.cl\/portal\/wp-json\/wp\/v2\/types\/attachment"}],"author":[{"embeddable":true,"href":"https:\/\/eltrabajo.cl\/portal\/wp-json\/wp\/v2\/users\/482"}],"replies":[{"embeddable":true,"href":"https:\/\/eltrabajo.cl\/portal\/wp-json\/wp\/v2\/comments?post=53346"}],"wp:attached-to":[{"embeddable":true,"post_type":"post","id":53335,"href":"https:\/\/eltrabajo.cl\/portal\/wp-json\/wp\/v2\/posts\/53335"}],"curies":[{"name":"wp","href":"https:\/\/api.w.org\/{rel}","templated":true}]}}