{"id":53856,"date":"2014-12-03T09:30:39","date_gmt":"2014-12-03T12:30:39","guid":{"rendered":"http:\/\/www.eltrabajo.cl\/portal\/wp-content\/uploads\/2014\/12\/PORTA-2.jpg"},"modified":"2014-12-03T09:31:16","modified_gmt":"2014-12-03T12:31:16","slug":"porta-2-2","status":"inherit","type":"attachment","link":"https:\/\/eltrabajo.cl\/portal\/trabajador-muere-al-caer-de-techo-a-10-metros-de-altura\/porta-2-2\/","title":{"rendered":"PORTA 2"},"author":482,"featured_media":0,"comment_status":"open","ping_status":"closed","template":"","meta":{"advanced_seo_description":"","jetpack_seo_html_title":"","jetpack_seo_noindex":false},"class_list":["post-53856","attachment","type-attachment","status-inherit","hentry"],"jetpack_sharing_enabled":true,"jetpack_likes_enabled":true,"description":{"rendered":"<p class=\"attachment\"><a href=\"https:\/\/i0.wp.com\/eltrabajo.cl\/portal\/wp-content\/uploads\/2014\/12\/PORTA-2.jpg?ssl=1\"><img loading=\"lazy\" decoding=\"async\" width=\"300\" height=\"227\" src=\"https:\/\/i0.wp.com\/eltrabajo.cl\/portal\/wp-content\/uploads\/2014\/12\/PORTA-2.jpg?fit=300%2C227&amp;ssl=1\" class=\"attachment-medium size-medium\" alt=\"Hasta el lugar de los hechos concurri\u00f3 el Servicio M\u00e9dico Legal para retirar el cuerpo de Luis Espinoza Barrera de 51 a\u00f1os, quien falleci\u00f3 producto de violenta ca\u00edda desde una altura de 10 metros.\" srcset=\"https:\/\/i0.wp.com\/eltrabajo.cl\/portal\/wp-content\/uploads\/2014\/12\/PORTA-2.jpg?w=529&amp;ssl=1 529w, https:\/\/i0.wp.com\/eltrabajo.cl\/portal\/wp-content\/uploads\/2014\/12\/PORTA-2.jpg?resize=197%2C150&amp;ssl=1 197w, https:\/\/i0.wp.com\/eltrabajo.cl\/portal\/wp-content\/uploads\/2014\/12\/PORTA-2.jpg?resize=300%2C227&amp;ssl=1 300w, https:\/\/i0.wp.com\/eltrabajo.cl\/portal\/wp-content\/uploads\/2014\/12\/PORTA-2.jpg?resize=150%2C113&amp;ssl=1 150w, https:\/\/i0.wp.com\/eltrabajo.cl\/portal\/wp-content\/uploads\/2014\/12\/PORTA-2.jpg?resize=400%2C303&amp;ssl=1 400w\" sizes=\"auto, (max-width: 300px) 100vw, 300px\" \/><\/a><\/p>\n<p>Hasta el lugar de los hechos concurri\u00f3 el Servicio M\u00e9dico Legal para retirar el cuerpo de Luis Espinoza Barrera de 51 a\u00f1os, quien falleci\u00f3 producto de violenta ca\u00edda desde una altura de 10 metros.<\/p>\n"},"caption":{"rendered":"<p>Hasta el lugar de los hechos concurri\u00f3 el Servicio M\u00e9dico Legal para retirar el cuerpo de Luis Espinoza Barrera de 51 a\u00f1os, quien falleci\u00f3 producto de violenta ca\u00edda desde una altura de 10 metros.<\/p>\n"},"alt_text":"Hasta el lugar de los hechos concurri\u00f3 el Servicio M\u00e9dico Legal para retirar el cuerpo de Luis Espinoza Barrera de 51 a\u00f1os, quien falleci\u00f3 producto de violenta ca\u00edda desde una altura de 10 metros.","media_type":"image","mime_type":"image\/jpeg","media_details":{"width":529,"height":401,"file":"2014\/12\/PORTA-2.jpg","sizes":{"thumbnail":{"file":"PORTA-2-197x150.jpg","width":197,"height":150,"mime_type":"image\/jpeg","source_url":"https:\/\/i0.wp.com\/eltrabajo.cl\/portal\/wp-content\/uploads\/2014\/12\/PORTA-2.jpg?fit=197%2C150&ssl=1"},"medium":{"file":"PORTA-2-300x227.jpg","width":300,"height":227,"mime_type":"image\/jpeg","source_url":"https:\/\/i0.wp.com\/eltrabajo.cl\/portal\/wp-content\/uploads\/2014\/12\/PORTA-2.jpg?fit=300%2C227&ssl=1"},"post-thumbnail":{"file":"PORTA-2-150x113.jpg","width":150,"height":113,"mime_type":"image\/jpeg","source_url":"https:\/\/i0.wp.com\/eltrabajo.cl\/portal\/wp-content\/uploads\/2014\/12\/PORTA-2.jpg?fit=150%2C113&ssl=1"},"single-post-thumbnail":{"file":"PORTA-2-400x303.jpg","width":400,"height":303,"mime_type":"image\/jpeg","source_url":"https:\/\/eltrabajo.cl\/portal\/wp-content\/uploads\/2014\/12\/PORTA-2-400x303.jpg"},"full":{"file":"PORTA-2.jpg?fit=529%2C401&ssl=1","width":529,"height":401,"mime_type":"image\/jpeg","source_url":"https:\/\/i0.wp.com\/eltrabajo.cl\/portal\/wp-content\/uploads\/2014\/12\/PORTA-2.jpg?fit=529%2C401&ssl=1"}},"image_meta":{"aperture":0,"credit":"Picasa","camera":"","caption":"","created_timestamp":0,"copyright":"","focal_length":0,"iso":0,"shutter_speed":0,"title":"","orientation":0}},"post":53852,"source_url":"https:\/\/eltrabajo.cl\/portal\/wp-content\/uploads\/2014\/12\/PORTA-2.jpg","_links":{"self":[{"href":"https:\/\/eltrabajo.cl\/portal\/wp-json\/wp\/v2\/media\/53856","targetHints":{"allow":["GET"]}}],"collection":[{"href":"https:\/\/eltrabajo.cl\/portal\/wp-json\/wp\/v2\/media"}],"about":[{"href":"https:\/\/eltrabajo.cl\/portal\/wp-json\/wp\/v2\/types\/attachment"}],"author":[{"embeddable":true,"href":"https:\/\/eltrabajo.cl\/portal\/wp-json\/wp\/v2\/users\/482"}],"replies":[{"embeddable":true,"href":"https:\/\/eltrabajo.cl\/portal\/wp-json\/wp\/v2\/comments?post=53856"}],"wp:attached-to":[{"embeddable":true,"post_type":"post","id":53852,"href":"https:\/\/eltrabajo.cl\/portal\/wp-json\/wp\/v2\/posts\/53852"}],"curies":[{"name":"wp","href":"https:\/\/api.w.org\/{rel}","templated":true}]}}