{"id":54066,"date":"2014-12-11T09:19:35","date_gmt":"2014-12-11T12:19:35","guid":{"rendered":"http:\/\/www.eltrabajo.cl\/portal\/wp-content\/uploads\/2014\/12\/Coro1.jpg"},"modified":"2014-12-11T09:19:44","modified_gmt":"2014-12-11T12:19:44","slug":"coro1-4","status":"inherit","type":"attachment","link":"https:\/\/eltrabajo.cl\/portal\/coristas-sanfelipenos-nuevamente-sorprenden-en-argentina\/coro1-4\/","title":{"rendered":"Coro1"},"author":482,"featured_media":0,"comment_status":"open","ping_status":"closed","template":"","meta":{"advanced_seo_description":"","jetpack_seo_html_title":"","jetpack_seo_noindex":false},"class_list":["post-54066","attachment","type-attachment","status-inherit","hentry"],"jetpack_sharing_enabled":true,"jetpack_likes_enabled":true,"description":{"rendered":"<p class=\"attachment\"><a href=\"https:\/\/i0.wp.com\/eltrabajo.cl\/portal\/wp-content\/uploads\/2014\/12\/Coro1.jpg?ssl=1\"><img loading=\"lazy\" decoding=\"async\" width=\"300\" height=\"166\" src=\"https:\/\/i0.wp.com\/eltrabajo.cl\/portal\/wp-content\/uploads\/2014\/12\/Coro1.jpg?fit=300%2C166&amp;ssl=1\" class=\"attachment-medium size-medium\" alt=\"M\u00e1s que brillante, espectacular fue la s\u00f3lida presentaci\u00f3n que los 35 coristas del Coro Adulto Mayor San Felipe realizaron durante el 6\u00ba Encuentro coral Serrano en Capilla del Monte, C\u00f3rdoba Argentina.\" srcset=\"https:\/\/i0.wp.com\/eltrabajo.cl\/portal\/wp-content\/uploads\/2014\/12\/Coro1.jpg?w=529&amp;ssl=1 529w, https:\/\/i0.wp.com\/eltrabajo.cl\/portal\/wp-content\/uploads\/2014\/12\/Coro1.jpg?resize=200%2C111&amp;ssl=1 200w, https:\/\/i0.wp.com\/eltrabajo.cl\/portal\/wp-content\/uploads\/2014\/12\/Coro1.jpg?resize=300%2C166&amp;ssl=1 300w, https:\/\/i0.wp.com\/eltrabajo.cl\/portal\/wp-content\/uploads\/2014\/12\/Coro1.jpg?resize=150%2C83&amp;ssl=1 150w, https:\/\/i0.wp.com\/eltrabajo.cl\/portal\/wp-content\/uploads\/2014\/12\/Coro1.jpg?resize=400%2C222&amp;ssl=1 400w\" sizes=\"auto, (max-width: 300px) 100vw, 300px\" \/><\/a><\/p>\n<p>M\u00e1s que brillante, espectacular fue la s\u00f3lida presentaci\u00f3n que los 35 coristas del Coro Adulto Mayor San Felipe realizaron durante el 6\u00ba Encuentro coral Serrano en Capilla del Monte, C\u00f3rdoba Argentina.<\/p>\n"},"caption":{"rendered":"<p>M\u00e1s que brillante, espectacular fue la s\u00f3lida presentaci\u00f3n que los 35 coristas del Coro Adulto Mayor San Felipe realizaron durante el 6\u00ba Encuentro coral Serrano en Capilla del Monte, C\u00f3rdoba Argentina.<\/p>\n"},"alt_text":"M\u00e1s que brillante, espectacular fue la s\u00f3lida presentaci\u00f3n que los 35 coristas del Coro Adulto Mayor San Felipe realizaron durante el 6\u00ba Encuentro coral Serrano en Capilla del Monte, C\u00f3rdoba Argentina.","media_type":"image","mime_type":"image\/jpeg","media_details":{"width":529,"height":294,"file":"2014\/12\/Coro1.jpg","sizes":{"thumbnail":{"file":"Coro1-200x111.jpg","width":200,"height":111,"mime_type":"image\/jpeg","source_url":"https:\/\/i0.wp.com\/eltrabajo.cl\/portal\/wp-content\/uploads\/2014\/12\/Coro1.jpg?fit=200%2C111&ssl=1"},"medium":{"file":"Coro1-300x166.jpg","width":300,"height":166,"mime_type":"image\/jpeg","source_url":"https:\/\/i0.wp.com\/eltrabajo.cl\/portal\/wp-content\/uploads\/2014\/12\/Coro1.jpg?fit=300%2C166&ssl=1"},"post-thumbnail":{"file":"Coro1-150x83.jpg","width":150,"height":83,"mime_type":"image\/jpeg","source_url":"https:\/\/i0.wp.com\/eltrabajo.cl\/portal\/wp-content\/uploads\/2014\/12\/Coro1.jpg?fit=150%2C83&ssl=1"},"single-post-thumbnail":{"file":"Coro1-400x222.jpg","width":400,"height":222,"mime_type":"image\/jpeg","source_url":"https:\/\/eltrabajo.cl\/portal\/wp-content\/uploads\/2014\/12\/Coro1-400x222.jpg"},"full":{"file":"Coro1.jpg?fit=529%2C294&ssl=1","width":529,"height":294,"mime_type":"image\/jpeg","source_url":"https:\/\/i0.wp.com\/eltrabajo.cl\/portal\/wp-content\/uploads\/2014\/12\/Coro1.jpg?fit=529%2C294&ssl=1"}},"image_meta":{"aperture":0,"credit":"","camera":"","caption":"","created_timestamp":0,"copyright":"","focal_length":0,"iso":0,"shutter_speed":0,"title":"","orientation":0}},"post":54064,"source_url":"https:\/\/eltrabajo.cl\/portal\/wp-content\/uploads\/2014\/12\/Coro1.jpg","_links":{"self":[{"href":"https:\/\/eltrabajo.cl\/portal\/wp-json\/wp\/v2\/media\/54066","targetHints":{"allow":["GET"]}}],"collection":[{"href":"https:\/\/eltrabajo.cl\/portal\/wp-json\/wp\/v2\/media"}],"about":[{"href":"https:\/\/eltrabajo.cl\/portal\/wp-json\/wp\/v2\/types\/attachment"}],"author":[{"embeddable":true,"href":"https:\/\/eltrabajo.cl\/portal\/wp-json\/wp\/v2\/users\/482"}],"replies":[{"embeddable":true,"href":"https:\/\/eltrabajo.cl\/portal\/wp-json\/wp\/v2\/comments?post=54066"}],"wp:attached-to":[{"embeddable":true,"post_type":"post","id":54064,"href":"https:\/\/eltrabajo.cl\/portal\/wp-json\/wp\/v2\/posts\/54064"}],"curies":[{"name":"wp","href":"https:\/\/api.w.org\/{rel}","templated":true}]}}