{"id":56655,"date":"2015-03-11T09:35:05","date_gmt":"2015-03-11T12:35:05","guid":{"rendered":"http:\/\/www.eltrabajo.cl\/portal\/wp-content\/uploads\/2015\/03\/KARINA-21.jpg"},"modified":"2015-03-11T09:35:42","modified_gmt":"2015-03-11T12:35:42","slug":"karina-2-2","status":"inherit","type":"attachment","link":"https:\/\/eltrabajo.cl\/portal\/acusan-a-ginecologo-de-ignorar-sangrado-de-paciente-que-termino-en-cancer\/karina-2-2\/","title":{"rendered":"KARINA 2"},"author":482,"featured_media":0,"comment_status":"open","ping_status":"open","template":"","meta":{"advanced_seo_description":"","jetpack_seo_html_title":"","jetpack_seo_noindex":false},"class_list":["post-56655","attachment","type-attachment","status-inherit","hentry"],"jetpack_sharing_enabled":true,"jetpack_likes_enabled":true,"description":{"rendered":"<p class=\"attachment\"><a href=\"https:\/\/i0.wp.com\/eltrabajo.cl\/portal\/wp-content\/uploads\/2015\/03\/KARINA-21.jpg?ssl=1\"><img loading=\"lazy\" decoding=\"async\" width=\"300\" height=\"253\" src=\"https:\/\/i0.wp.com\/eltrabajo.cl\/portal\/wp-content\/uploads\/2015\/03\/KARINA-21.jpg?fit=300%2C253&amp;ssl=1\" class=\"attachment-medium size-medium\" alt=\"En este documento, al que Diario El Trabajo tiene acceso y que trata de los apuntes que en el consultorio de Curim\u00f3n, se lee c\u00f3mo la funcionaria m\u00e9dica anot\u00f3 en la hoja cl\u00ednica de do\u00f1a Karina, que \u00abel Dr. Orellana no le presta atenci\u00f3n a la paciente\u00bb, aunque hab\u00eda sido remitida por un profesional m\u00e9dico.\" srcset=\"https:\/\/i0.wp.com\/eltrabajo.cl\/portal\/wp-content\/uploads\/2015\/03\/KARINA-21.jpg?w=528&amp;ssl=1 528w, https:\/\/i0.wp.com\/eltrabajo.cl\/portal\/wp-content\/uploads\/2015\/03\/KARINA-21.jpg?resize=178%2C150&amp;ssl=1 178w, https:\/\/i0.wp.com\/eltrabajo.cl\/portal\/wp-content\/uploads\/2015\/03\/KARINA-21.jpg?resize=300%2C253&amp;ssl=1 300w, https:\/\/i0.wp.com\/eltrabajo.cl\/portal\/wp-content\/uploads\/2015\/03\/KARINA-21.jpg?resize=150%2C127&amp;ssl=1 150w, https:\/\/i0.wp.com\/eltrabajo.cl\/portal\/wp-content\/uploads\/2015\/03\/KARINA-21.jpg?resize=400%2C338&amp;ssl=1 400w\" sizes=\"auto, (max-width: 300px) 100vw, 300px\" \/><\/a><\/p>\n<p>En este documento, al que Diario El Trabajo tiene acceso y que trata de los apuntes que en el consultorio de Curim\u00f3n, se lee c\u00f3mo la funcionaria m\u00e9dica anot\u00f3 en la hoja cl\u00ednica de do\u00f1a Karina, que \u00abel Dr. Orellana no le presta atenci\u00f3n a la paciente\u00bb, aunque hab\u00eda sido remitida por un profesional m\u00e9dico.<\/p>\n"},"caption":{"rendered":"<p>En este documento, al que Diario El Trabajo tiene acceso y que trata de los apuntes que en el consultorio de Curim\u00f3n, se lee c\u00f3mo la funcionaria m\u00e9dica anot\u00f3 en la hoja cl\u00ednica de do\u00f1a Karina, que \u00abel Dr. Orellana no le presta atenci\u00f3n a la paciente\u00bb, aunque hab\u00eda sido remitida por un profesional m\u00e9dico.<\/p>\n"},"alt_text":"En este documento, al que Diario El Trabajo tiene acceso y que trata de los apuntes que en el consultorio de Curim\u00f3n, se lee c\u00f3mo la funcionaria m\u00e9dica anot\u00f3 en la hoja cl\u00ednica de do\u00f1a Karina, que \u00abel Dr. Orellana no le presta atenci\u00f3n a la paciente\u00bb, aunque hab\u00eda sido remitida por un profesional m\u00e9dico.","media_type":"image","mime_type":"image\/jpeg","media_details":{"width":528,"height":446,"file":"2015\/03\/KARINA-21.jpg","sizes":{"thumbnail":{"file":"KARINA-21-178x150.jpg","width":178,"height":150,"mime_type":"image\/jpeg","source_url":"https:\/\/i0.wp.com\/eltrabajo.cl\/portal\/wp-content\/uploads\/2015\/03\/KARINA-21.jpg?fit=178%2C150&ssl=1"},"medium":{"file":"KARINA-21-300x253.jpg","width":300,"height":253,"mime_type":"image\/jpeg","source_url":"https:\/\/i0.wp.com\/eltrabajo.cl\/portal\/wp-content\/uploads\/2015\/03\/KARINA-21.jpg?fit=300%2C253&ssl=1"},"post-thumbnail":{"file":"KARINA-21-150x127.jpg","width":150,"height":127,"mime_type":"image\/jpeg","source_url":"https:\/\/i0.wp.com\/eltrabajo.cl\/portal\/wp-content\/uploads\/2015\/03\/KARINA-21.jpg?fit=150%2C127&ssl=1"},"single-post-thumbnail":{"file":"KARINA-21-400x338.jpg","width":400,"height":338,"mime_type":"image\/jpeg","source_url":"https:\/\/eltrabajo.cl\/portal\/wp-content\/uploads\/2015\/03\/KARINA-21-400x338.jpg"},"wptouch-new-thumbnail":{"file":"KARINA-21-144x144.jpg","width":144,"height":144,"mime_type":"image\/jpeg","source_url":"https:\/\/eltrabajo.cl\/portal\/wp-content\/uploads\/2015\/03\/KARINA-21-144x144.jpg"},"full":{"file":"KARINA-21.jpg?fit=528%2C446&ssl=1","width":528,"height":446,"mime_type":"image\/jpeg","source_url":"https:\/\/i0.wp.com\/eltrabajo.cl\/portal\/wp-content\/uploads\/2015\/03\/KARINA-21.jpg?fit=528%2C446&ssl=1"}},"image_meta":{"aperture":0,"credit":"","camera":"","caption":"","created_timestamp":0,"copyright":"","focal_length":0,"iso":0,"shutter_speed":0,"title":"","orientation":0}},"post":56649,"source_url":"https:\/\/eltrabajo.cl\/portal\/wp-content\/uploads\/2015\/03\/KARINA-21.jpg","_links":{"self":[{"href":"https:\/\/eltrabajo.cl\/portal\/wp-json\/wp\/v2\/media\/56655","targetHints":{"allow":["GET"]}}],"collection":[{"href":"https:\/\/eltrabajo.cl\/portal\/wp-json\/wp\/v2\/media"}],"about":[{"href":"https:\/\/eltrabajo.cl\/portal\/wp-json\/wp\/v2\/types\/attachment"}],"author":[{"embeddable":true,"href":"https:\/\/eltrabajo.cl\/portal\/wp-json\/wp\/v2\/users\/482"}],"replies":[{"embeddable":true,"href":"https:\/\/eltrabajo.cl\/portal\/wp-json\/wp\/v2\/comments?post=56655"}],"wp:attached-to":[{"embeddable":true,"post_type":"post","id":56649,"href":"https:\/\/eltrabajo.cl\/portal\/wp-json\/wp\/v2\/posts\/56649"}],"curies":[{"name":"wp","href":"https:\/\/api.w.org\/{rel}","templated":true}]}}