{"id":56657,"date":"2015-03-11T09:41:05","date_gmt":"2015-03-11T12:41:05","guid":{"rendered":"http:\/\/www.eltrabajo.cl\/portal\/wp-content\/uploads\/2015\/03\/KARINA-12.jpg"},"modified":"2015-03-11T09:41:32","modified_gmt":"2015-03-11T12:41:32","slug":"karina-1-3","status":"inherit","type":"attachment","link":"https:\/\/eltrabajo.cl\/portal\/acusan-a-ginecologo-de-ignorar-sangrado-de-paciente-que-termino-en-cancer\/karina-1-3\/","title":{"rendered":"KARINA 1"},"author":482,"featured_media":0,"comment_status":"open","ping_status":"open","template":"","meta":{"advanced_seo_description":"","jetpack_seo_html_title":"","jetpack_seo_noindex":false},"class_list":["post-56657","attachment","type-attachment","status-inherit","hentry"],"jetpack_sharing_enabled":true,"jetpack_likes_enabled":true,"description":{"rendered":"<p class=\"attachment\"><a href=\"https:\/\/i0.wp.com\/eltrabajo.cl\/portal\/wp-content\/uploads\/2015\/03\/KARINA-12.jpg?ssl=1\"><img loading=\"lazy\" decoding=\"async\" width=\"300\" height=\"260\" src=\"https:\/\/i0.wp.com\/eltrabajo.cl\/portal\/wp-content\/uploads\/2015\/03\/KARINA-12.jpg?fit=300%2C260&amp;ssl=1\" class=\"attachment-medium size-medium\" alt=\"Tal como lo reconocieron en el San Camilo, cuando este c\u00e1ncer se descubri\u00f3 y Karina empez\u00f3 a pedir respuestas, su ficha m\u00e9dica no solo \u2018desapareci\u00f3\u2019 del fichero com\u00fan, tambi\u00e9n desapareci\u00f3 del mismo policl\u00ednico. Cuando apareci\u00f3, seg\u00fan la denunciante, s\u00f3lo hab\u00eda una hoja firmada por el Dr. Orellana\" srcset=\"https:\/\/i0.wp.com\/eltrabajo.cl\/portal\/wp-content\/uploads\/2015\/03\/KARINA-12.jpg?w=529&amp;ssl=1 529w, https:\/\/i0.wp.com\/eltrabajo.cl\/portal\/wp-content\/uploads\/2015\/03\/KARINA-12.jpg?resize=173%2C150&amp;ssl=1 173w, https:\/\/i0.wp.com\/eltrabajo.cl\/portal\/wp-content\/uploads\/2015\/03\/KARINA-12.jpg?resize=300%2C260&amp;ssl=1 300w, https:\/\/i0.wp.com\/eltrabajo.cl\/portal\/wp-content\/uploads\/2015\/03\/KARINA-12.jpg?resize=150%2C130&amp;ssl=1 150w, https:\/\/i0.wp.com\/eltrabajo.cl\/portal\/wp-content\/uploads\/2015\/03\/KARINA-12.jpg?resize=400%2C346&amp;ssl=1 400w\" sizes=\"auto, (max-width: 300px) 100vw, 300px\" \/><\/a><\/p>\n<p>Tal como lo reconocieron en el San Camilo, cuando este c\u00e1ncer se descubri\u00f3 y Karina empez\u00f3 a pedir respuestas, su ficha m\u00e9dica no solo \u2018desapareci\u00f3\u2019 del fichero com\u00fan, tambi\u00e9n desapareci\u00f3 del mismo policl\u00ednico. Cuando apareci\u00f3, seg\u00fan la denunciante, s\u00f3lo hab\u00eda una hoja firmada por el Dr. Orellana<\/p>\n"},"caption":{"rendered":"<p>Tal como lo reconocieron en el San Camilo, cuando este c\u00e1ncer se descubri\u00f3 y Karina empez\u00f3 a pedir respuestas, su ficha m\u00e9dica no solo \u2018desapareci\u00f3\u2019 del fichero com\u00fan, tambi\u00e9n desapareci\u00f3 del mismo policl\u00ednico. Cuando apareci\u00f3, seg\u00fan la denunciante, s\u00f3lo hab\u00eda una hoja firmada por el Dr. Orellana<\/p>\n"},"alt_text":"Tal como lo reconocieron en el San Camilo, cuando este c\u00e1ncer se descubri\u00f3 y Karina empez\u00f3 a pedir respuestas, su ficha m\u00e9dica no solo \u2018desapareci\u00f3\u2019 del fichero com\u00fan, tambi\u00e9n desapareci\u00f3 del mismo policl\u00ednico. Cuando apareci\u00f3, seg\u00fan la denunciante, s\u00f3lo hab\u00eda una hoja firmada por el Dr. Orellana","media_type":"image","mime_type":"image\/jpeg","media_details":{"width":529,"height":458,"file":"2015\/03\/KARINA-12.jpg","sizes":{"thumbnail":{"file":"KARINA-12-173x150.jpg","width":173,"height":150,"mime_type":"image\/jpeg","source_url":"https:\/\/i0.wp.com\/eltrabajo.cl\/portal\/wp-content\/uploads\/2015\/03\/KARINA-12.jpg?fit=173%2C150&ssl=1"},"medium":{"file":"KARINA-12-300x260.jpg","width":300,"height":260,"mime_type":"image\/jpeg","source_url":"https:\/\/i0.wp.com\/eltrabajo.cl\/portal\/wp-content\/uploads\/2015\/03\/KARINA-12.jpg?fit=300%2C260&ssl=1"},"post-thumbnail":{"file":"KARINA-12-150x130.jpg","width":150,"height":130,"mime_type":"image\/jpeg","source_url":"https:\/\/i0.wp.com\/eltrabajo.cl\/portal\/wp-content\/uploads\/2015\/03\/KARINA-12.jpg?fit=150%2C130&ssl=1"},"single-post-thumbnail":{"file":"KARINA-12-400x346.jpg","width":400,"height":346,"mime_type":"image\/jpeg","source_url":"https:\/\/eltrabajo.cl\/portal\/wp-content\/uploads\/2015\/03\/KARINA-12-400x346.jpg"},"wptouch-new-thumbnail":{"file":"KARINA-12-144x144.jpg","width":144,"height":144,"mime_type":"image\/jpeg","source_url":"https:\/\/eltrabajo.cl\/portal\/wp-content\/uploads\/2015\/03\/KARINA-12-144x144.jpg"},"full":{"file":"KARINA-12.jpg?fit=529%2C458&ssl=1","width":529,"height":458,"mime_type":"image\/jpeg","source_url":"https:\/\/i0.wp.com\/eltrabajo.cl\/portal\/wp-content\/uploads\/2015\/03\/KARINA-12.jpg?fit=529%2C458&ssl=1"}},"image_meta":{"aperture":0,"credit":"","camera":"","caption":"","created_timestamp":0,"copyright":"","focal_length":0,"iso":0,"shutter_speed":0,"title":"","orientation":0}},"post":56649,"source_url":"https:\/\/eltrabajo.cl\/portal\/wp-content\/uploads\/2015\/03\/KARINA-12.jpg","_links":{"self":[{"href":"https:\/\/eltrabajo.cl\/portal\/wp-json\/wp\/v2\/media\/56657","targetHints":{"allow":["GET"]}}],"collection":[{"href":"https:\/\/eltrabajo.cl\/portal\/wp-json\/wp\/v2\/media"}],"about":[{"href":"https:\/\/eltrabajo.cl\/portal\/wp-json\/wp\/v2\/types\/attachment"}],"author":[{"embeddable":true,"href":"https:\/\/eltrabajo.cl\/portal\/wp-json\/wp\/v2\/users\/482"}],"replies":[{"embeddable":true,"href":"https:\/\/eltrabajo.cl\/portal\/wp-json\/wp\/v2\/comments?post=56657"}],"wp:attached-to":[{"embeddable":true,"post_type":"post","id":56649,"href":"https:\/\/eltrabajo.cl\/portal\/wp-json\/wp\/v2\/posts\/56649"}],"curies":[{"name":"wp","href":"https:\/\/api.w.org\/{rel}","templated":true}]}}