{"id":58533,"date":"2015-06-01T09:29:53","date_gmt":"2015-06-01T12:29:53","guid":{"rendered":"http:\/\/www.eltrabajo.cl\/portal\/wp-content\/uploads\/2015\/06\/Historia1.jpg"},"modified":"2015-06-01T09:31:20","modified_gmt":"2015-06-01T12:31:20","slug":"historia1-2","status":"inherit","type":"attachment","link":"https:\/\/eltrabajo.cl\/portal\/dia-del-patrimonio-cultural-se-vivio-con-intensidad-en-san-felipe\/historia1-2\/","title":{"rendered":"Historia1"},"author":482,"featured_media":0,"comment_status":"open","ping_status":"open","template":"","meta":{"advanced_seo_description":"","jetpack_seo_html_title":"","jetpack_seo_noindex":false},"class_list":["post-58533","attachment","type-attachment","status-inherit","hentry"],"jetpack_sharing_enabled":true,"jetpack_likes_enabled":true,"description":{"rendered":"<p class=\"attachment\"><a href=\"https:\/\/i0.wp.com\/eltrabajo.cl\/portal\/wp-content\/uploads\/2015\/06\/Historia1.jpg?ssl=1\"><img loading=\"lazy\" decoding=\"async\" width=\"300\" height=\"198\" src=\"https:\/\/i0.wp.com\/eltrabajo.cl\/portal\/wp-content\/uploads\/2015\/06\/Historia1.jpg?fit=300%2C198&amp;ssl=1\" class=\"attachment-medium size-medium\" alt=\"NI\u00d1OS H\u00c9ROES.- El Coronel (en Retiro) Ra\u00fal Elizalde Saavedra, mostr\u00f3 al p\u00fablico \u2018Una historia no contada\u2019, relatos sobre los ni\u00f1os que participaron en distintos conflictos b\u00e9licos, pero que poca gente sabe de ellos.\" srcset=\"https:\/\/i0.wp.com\/eltrabajo.cl\/portal\/wp-content\/uploads\/2015\/06\/Historia1.jpg?w=530&amp;ssl=1 530w, https:\/\/i0.wp.com\/eltrabajo.cl\/portal\/wp-content\/uploads\/2015\/06\/Historia1.jpg?resize=200%2C132&amp;ssl=1 200w, https:\/\/i0.wp.com\/eltrabajo.cl\/portal\/wp-content\/uploads\/2015\/06\/Historia1.jpg?resize=300%2C198&amp;ssl=1 300w, https:\/\/i0.wp.com\/eltrabajo.cl\/portal\/wp-content\/uploads\/2015\/06\/Historia1.jpg?resize=227%2C150&amp;ssl=1 227w, https:\/\/i0.wp.com\/eltrabajo.cl\/portal\/wp-content\/uploads\/2015\/06\/Historia1.jpg?resize=400%2C264&amp;ssl=1 400w\" sizes=\"auto, (max-width: 300px) 100vw, 300px\" \/><\/a><\/p>\n<p>NI\u00d1OS H\u00c9ROES.- El Coronel (en Retiro) Ra\u00fal Elizalde Saavedra, mostr\u00f3 al p\u00fablico \u2018Una historia no contada\u2019, relatos sobre los ni\u00f1os que participaron en distintos conflictos b\u00e9licos, pero que poca gente sabe de ellos.<\/p>\n"},"caption":{"rendered":"<p>NI\u00d1OS H\u00c9ROES.- El Coronel (en Retiro) Ra\u00fal Elizalde Saavedra, mostr\u00f3 al p\u00fablico \u2018Una historia no contada\u2019, relatos sobre los ni\u00f1os que participaron en distintos conflictos b\u00e9licos, pero que poca gente sabe de ellos.<\/p>\n"},"alt_text":"NI\u00d1OS H\u00c9ROES.- El Coronel (en Retiro) Ra\u00fal Elizalde Saavedra, mostr\u00f3 al p\u00fablico \u2018Una historia no contada\u2019, relatos sobre los ni\u00f1os que participaron en distintos conflictos b\u00e9licos, pero que poca gente sabe de ellos.","media_type":"image","mime_type":"image\/jpeg","media_details":{"width":530,"height":350,"file":"2015\/06\/Historia1.jpg","sizes":{"thumbnail":{"file":"Historia1-200x132.jpg","width":200,"height":132,"mime_type":"image\/jpeg","source_url":"https:\/\/i0.wp.com\/eltrabajo.cl\/portal\/wp-content\/uploads\/2015\/06\/Historia1.jpg?fit=200%2C132&ssl=1"},"medium":{"file":"Historia1-300x198.jpg","width":300,"height":198,"mime_type":"image\/jpeg","source_url":"https:\/\/i0.wp.com\/eltrabajo.cl\/portal\/wp-content\/uploads\/2015\/06\/Historia1.jpg?fit=300%2C198&ssl=1"},"post-thumbnail":{"file":"Historia1-227x150.jpg","width":227,"height":150,"mime_type":"image\/jpeg","source_url":"https:\/\/i0.wp.com\/eltrabajo.cl\/portal\/wp-content\/uploads\/2015\/06\/Historia1.jpg?fit=227%2C150&ssl=1"},"single-post-thumbnail":{"file":"Historia1-400x264.jpg","width":400,"height":264,"mime_type":"image\/jpeg","source_url":"https:\/\/eltrabajo.cl\/portal\/wp-content\/uploads\/2015\/06\/Historia1-400x264.jpg"},"wptouch-new-thumbnail":{"file":"Historia1-144x144.jpg","width":144,"height":144,"mime_type":"image\/jpeg","source_url":"https:\/\/eltrabajo.cl\/portal\/wp-content\/uploads\/2015\/06\/Historia1-144x144.jpg"},"full":{"file":"Historia1.jpg?fit=530%2C350&ssl=1","width":530,"height":350,"mime_type":"image\/jpeg","source_url":"https:\/\/i0.wp.com\/eltrabajo.cl\/portal\/wp-content\/uploads\/2015\/06\/Historia1.jpg?fit=530%2C350&ssl=1"}},"image_meta":{"aperture":0,"credit":"","camera":"","caption":"","created_timestamp":0,"copyright":"","focal_length":0,"iso":0,"shutter_speed":0,"title":"","orientation":0}},"post":58525,"source_url":"https:\/\/eltrabajo.cl\/portal\/wp-content\/uploads\/2015\/06\/Historia1.jpg","_links":{"self":[{"href":"https:\/\/eltrabajo.cl\/portal\/wp-json\/wp\/v2\/media\/58533","targetHints":{"allow":["GET"]}}],"collection":[{"href":"https:\/\/eltrabajo.cl\/portal\/wp-json\/wp\/v2\/media"}],"about":[{"href":"https:\/\/eltrabajo.cl\/portal\/wp-json\/wp\/v2\/types\/attachment"}],"author":[{"embeddable":true,"href":"https:\/\/eltrabajo.cl\/portal\/wp-json\/wp\/v2\/users\/482"}],"replies":[{"embeddable":true,"href":"https:\/\/eltrabajo.cl\/portal\/wp-json\/wp\/v2\/comments?post=58533"}],"wp:attached-to":[{"embeddable":true,"post_type":"post","id":58525,"href":"https:\/\/eltrabajo.cl\/portal\/wp-json\/wp\/v2\/posts\/58525"}],"curies":[{"name":"wp","href":"https:\/\/api.w.org\/{rel}","templated":true}]}}