{"id":61560,"date":"2015-09-01T09:38:02","date_gmt":"2015-09-01T12:38:02","guid":{"rendered":"http:\/\/www.eltrabajo.cl\/portal\/wp-content\/uploads\/2015\/09\/Iracundos2.jpg"},"modified":"2015-09-01T09:38:20","modified_gmt":"2015-09-01T12:38:20","slug":"iracundos2","status":"inherit","type":"attachment","link":"https:\/\/eltrabajo.cl\/portal\/los-iracundos-visitan-por-vez-primera-el-valle-aconcagua\/iracundos2\/","title":{"rendered":"Iracundos2"},"author":482,"featured_media":0,"comment_status":"open","ping_status":"closed","template":"","meta":{"advanced_seo_description":"","jetpack_seo_html_title":"","jetpack_seo_noindex":false},"class_list":["post-61560","attachment","type-attachment","status-inherit","hentry"],"jetpack_sharing_enabled":true,"jetpack_likes_enabled":true,"description":{"rendered":"<p class=\"attachment\"><a href=\"https:\/\/i0.wp.com\/eltrabajo.cl\/portal\/wp-content\/uploads\/2015\/09\/Iracundos2.jpg?ssl=1\"><img loading=\"lazy\" decoding=\"async\" width=\"300\" height=\"197\" src=\"https:\/\/i0.wp.com\/eltrabajo.cl\/portal\/wp-content\/uploads\/2015\/09\/Iracundos2.jpg?fit=300%2C197&amp;ssl=1\" class=\"attachment-medium size-medium\" alt=\"LOS FUNDADORES.- Eduardo Franco, \u2018Franco\u2019 (vocalista, compositor, arreglista fallecido), su hermano Leonardo Franco, \u2018Leoni\u2019 (primera guitarra), Juan Carlos Vel\u00e1zquez, \u2018Juano\u2019 (bater\u00eda), Juan Bosco Z\u00e1balo, \u2018Bosco\u2019 (segunda guitarra, fallecido), Hugo Burgue\u00f1o, \u2018Burgu\u00e9s\u2019 (bajo electr\u00f3nico, compositor y coros) y Jes\u00fas Mar\u00eda Febrero, \u2018Febro\u2019 (teclados, fallecido), fueron los seis integrantes originales del grupo.\" srcset=\"https:\/\/i0.wp.com\/eltrabajo.cl\/portal\/wp-content\/uploads\/2015\/09\/Iracundos2.jpg?w=530&amp;ssl=1 530w, https:\/\/i0.wp.com\/eltrabajo.cl\/portal\/wp-content\/uploads\/2015\/09\/Iracundos2.jpg?resize=200%2C131&amp;ssl=1 200w, https:\/\/i0.wp.com\/eltrabajo.cl\/portal\/wp-content\/uploads\/2015\/09\/Iracundos2.jpg?resize=300%2C197&amp;ssl=1 300w, https:\/\/i0.wp.com\/eltrabajo.cl\/portal\/wp-content\/uploads\/2015\/09\/Iracundos2.jpg?resize=228%2C150&amp;ssl=1 228w, https:\/\/i0.wp.com\/eltrabajo.cl\/portal\/wp-content\/uploads\/2015\/09\/Iracundos2.jpg?resize=400%2C263&amp;ssl=1 400w\" sizes=\"auto, (max-width: 300px) 100vw, 300px\" \/><\/a><\/p>\n<p>LOS FUNDADORES.- Eduardo Franco, \u2018Franco\u2019 (vocalista, compositor, arreglista fallecido), su hermano Leonardo Franco, \u2018Leoni\u2019 (primera guitarra), Juan Carlos Vel\u00e1zquez, \u2018Juano\u2019 (bater\u00eda), Juan Bosco Z\u00e1balo, \u2018Bosco\u2019 (segunda guitarra, fallecido), Hugo Burgue\u00f1o, \u2018Burgu\u00e9s\u2019 (bajo electr\u00f3nico, compositor y coros) y Jes\u00fas Mar\u00eda Febrero, \u2018Febro\u2019 (teclados, fallecido), fueron los seis integrantes originales del grupo.<\/p>\n"},"caption":{"rendered":"<p>LOS FUNDADORES.- Eduardo Franco, \u2018Franco\u2019 (vocalista, compositor, arreglista fallecido), su hermano Leonardo Franco, \u2018Leoni\u2019 (primera guitarra), Juan Carlos Vel\u00e1zquez, \u2018Juano\u2019 (bater\u00eda), Juan Bosco Z\u00e1balo, \u2018Bosco\u2019 (segunda guitarra, fallecido), Hugo Burgue\u00f1o, \u2018Burgu\u00e9s\u2019 (bajo electr\u00f3nico, compositor y coros) y Jes\u00fas Mar\u00eda Febrero, \u2018Febro\u2019 (teclados, fallecido), fueron los seis integrantes originales del grupo.<\/p>\n"},"alt_text":"LOS FUNDADORES.- Eduardo Franco, \u2018Franco\u2019 (vocalista, compositor, arreglista fallecido), su hermano Leonardo Franco, \u2018Leoni\u2019 (primera guitarra), Juan Carlos Vel\u00e1zquez, \u2018Juano\u2019 (bater\u00eda), Juan Bosco Z\u00e1balo, \u2018Bosco\u2019 (segunda guitarra, fallecido), Hugo Burgue\u00f1o, \u2018Burgu\u00e9s\u2019 (bajo electr\u00f3nico, compositor y coros) y Jes\u00fas Mar\u00eda Febrero, \u2018Febro\u2019 (teclados, fallecido), fueron los seis integrantes originales del grupo.","media_type":"image","mime_type":"image\/jpeg","media_details":{"width":530,"height":348,"file":"2015\/09\/Iracundos2.jpg","sizes":{"thumbnail":{"file":"Iracundos2-200x131.jpg","width":200,"height":131,"mime_type":"image\/jpeg","source_url":"https:\/\/i0.wp.com\/eltrabajo.cl\/portal\/wp-content\/uploads\/2015\/09\/Iracundos2.jpg?fit=200%2C131&ssl=1"},"medium":{"file":"Iracundos2-300x197.jpg","width":300,"height":197,"mime_type":"image\/jpeg","source_url":"https:\/\/i0.wp.com\/eltrabajo.cl\/portal\/wp-content\/uploads\/2015\/09\/Iracundos2.jpg?fit=300%2C197&ssl=1"},"post-thumbnail":{"file":"Iracundos2-228x150.jpg","width":228,"height":150,"mime_type":"image\/jpeg","source_url":"https:\/\/i0.wp.com\/eltrabajo.cl\/portal\/wp-content\/uploads\/2015\/09\/Iracundos2.jpg?fit=228%2C150&ssl=1"},"single-post-thumbnail":{"file":"Iracundos2-400x263.jpg","width":400,"height":263,"mime_type":"image\/jpeg","source_url":"https:\/\/eltrabajo.cl\/portal\/wp-content\/uploads\/2015\/09\/Iracundos2-400x263.jpg"},"wptouch-new-thumbnail":{"file":"Iracundos2-144x144.jpg","width":144,"height":144,"mime_type":"image\/jpeg","source_url":"https:\/\/eltrabajo.cl\/portal\/wp-content\/uploads\/2015\/09\/Iracundos2-144x144.jpg"},"full":{"file":"Iracundos2.jpg?fit=530%2C348&ssl=1","width":530,"height":348,"mime_type":"image\/jpeg","source_url":"https:\/\/i0.wp.com\/eltrabajo.cl\/portal\/wp-content\/uploads\/2015\/09\/Iracundos2.jpg?fit=530%2C348&ssl=1"}},"image_meta":{"aperture":0,"credit":"","camera":"","caption":"","created_timestamp":0,"copyright":"","focal_length":0,"iso":0,"shutter_speed":0,"title":"","orientation":0}},"post":61557,"source_url":"https:\/\/eltrabajo.cl\/portal\/wp-content\/uploads\/2015\/09\/Iracundos2.jpg","_links":{"self":[{"href":"https:\/\/eltrabajo.cl\/portal\/wp-json\/wp\/v2\/media\/61560","targetHints":{"allow":["GET"]}}],"collection":[{"href":"https:\/\/eltrabajo.cl\/portal\/wp-json\/wp\/v2\/media"}],"about":[{"href":"https:\/\/eltrabajo.cl\/portal\/wp-json\/wp\/v2\/types\/attachment"}],"author":[{"embeddable":true,"href":"https:\/\/eltrabajo.cl\/portal\/wp-json\/wp\/v2\/users\/482"}],"replies":[{"embeddable":true,"href":"https:\/\/eltrabajo.cl\/portal\/wp-json\/wp\/v2\/comments?post=61560"}],"wp:attached-to":[{"embeddable":true,"post_type":"post","id":61557,"href":"https:\/\/eltrabajo.cl\/portal\/wp-json\/wp\/v2\/posts\/61557"}],"curies":[{"name":"wp","href":"https:\/\/api.w.org\/{rel}","templated":true}]}}