{"id":62827,"date":"2015-10-13T09:30:06","date_gmt":"2015-10-13T12:30:06","guid":{"rendered":"http:\/\/www.eltrabajo.cl\/portal\/wp-content\/uploads\/2015\/10\/PETICION-CARRETERA-6.jpg"},"modified":"2015-10-13T09:30:19","modified_gmt":"2015-10-13T12:30:19","slug":"peticion-carretera-6","status":"inherit","type":"attachment","link":"https:\/\/eltrabajo.cl\/portal\/padres-de-emilia-bruna-piden-antena-de-telefonia-movil-en-carretera-e-41\/peticion-carretera-6\/","title":{"rendered":"PETICION CARRETERA (6)"},"author":482,"featured_media":0,"comment_status":"open","ping_status":"closed","template":"","meta":{"advanced_seo_description":"","jetpack_seo_html_title":"","jetpack_seo_noindex":false},"class_list":["post-62827","attachment","type-attachment","status-inherit","hentry"],"jetpack_sharing_enabled":true,"jetpack_likes_enabled":true,"description":{"rendered":"<p class=\"attachment\"><a href=\"https:\/\/i0.wp.com\/eltrabajo.cl\/portal\/wp-content\/uploads\/2015\/10\/PETICION-CARRETERA-6.jpg?ssl=1\"><img loading=\"lazy\" decoding=\"async\" width=\"300\" height=\"198\" src=\"https:\/\/i0.wp.com\/eltrabajo.cl\/portal\/wp-content\/uploads\/2015\/10\/PETICION-CARRETERA-6.jpg?fit=300%2C198&amp;ssl=1\" class=\"attachment-medium size-medium\" alt=\"Acompa\u00f1ados de autoridades de ambas comunas, los padres de la peque\u00f1a Emilia Bruna Pe\u00f1a regresaron al lugar de la tragedia, pidiendo p&#039;ublicamente la instalaci\u00f3n de una antena de telefon\u00eda m\u00f3vil en la ruta E-41.\" srcset=\"https:\/\/i0.wp.com\/eltrabajo.cl\/portal\/wp-content\/uploads\/2015\/10\/PETICION-CARRETERA-6.jpg?w=530&amp;ssl=1 530w, https:\/\/i0.wp.com\/eltrabajo.cl\/portal\/wp-content\/uploads\/2015\/10\/PETICION-CARRETERA-6.jpg?resize=200%2C132&amp;ssl=1 200w, https:\/\/i0.wp.com\/eltrabajo.cl\/portal\/wp-content\/uploads\/2015\/10\/PETICION-CARRETERA-6.jpg?resize=300%2C198&amp;ssl=1 300w, https:\/\/i0.wp.com\/eltrabajo.cl\/portal\/wp-content\/uploads\/2015\/10\/PETICION-CARRETERA-6.jpg?resize=228%2C150&amp;ssl=1 228w, https:\/\/i0.wp.com\/eltrabajo.cl\/portal\/wp-content\/uploads\/2015\/10\/PETICION-CARRETERA-6.jpg?resize=400%2C263&amp;ssl=1 400w\" sizes=\"auto, (max-width: 300px) 100vw, 300px\" \/><\/a><\/p>\n<p>Acompa\u00f1ados de autoridades de ambas comunas, los padres de la peque\u00f1a Emilia Bruna Pe\u00f1a regresaron al lugar de la tragedia, pidiendo p&#8217;ublicamente la instalaci\u00f3n de una antena de telefon\u00eda m\u00f3vil en la ruta E-41.<\/p>\n"},"caption":{"rendered":"<p>Acompa\u00f1ados de autoridades de ambas comunas, los padres de la peque\u00f1a Emilia Bruna Pe\u00f1a regresaron al lugar de la tragedia, pidiendo p&#8217;ublicamente la instalaci\u00f3n de una antena de telefon\u00eda m\u00f3vil en la ruta E-41.<\/p>\n"},"alt_text":"Acompa\u00f1ados de autoridades de ambas comunas, los padres de la peque\u00f1a Emilia Bruna Pe\u00f1a regresaron al lugar de la tragedia, pidiendo p'ublicamente la instalaci\u00f3n de una antena de telefon\u00eda m\u00f3vil en la ruta E-41.","media_type":"image","mime_type":"image\/jpeg","media_details":{"width":530,"height":349,"file":"2015\/10\/PETICION-CARRETERA-6.jpg","sizes":{"thumbnail":{"file":"PETICION-CARRETERA-6-200x132.jpg","width":200,"height":132,"mime_type":"image\/jpeg","source_url":"https:\/\/i0.wp.com\/eltrabajo.cl\/portal\/wp-content\/uploads\/2015\/10\/PETICION-CARRETERA-6.jpg?fit=200%2C132&ssl=1"},"medium":{"file":"PETICION-CARRETERA-6-300x198.jpg","width":300,"height":198,"mime_type":"image\/jpeg","source_url":"https:\/\/i0.wp.com\/eltrabajo.cl\/portal\/wp-content\/uploads\/2015\/10\/PETICION-CARRETERA-6.jpg?fit=300%2C198&ssl=1"},"post-thumbnail":{"file":"PETICION-CARRETERA-6-228x150.jpg","width":228,"height":150,"mime_type":"image\/jpeg","source_url":"https:\/\/i0.wp.com\/eltrabajo.cl\/portal\/wp-content\/uploads\/2015\/10\/PETICION-CARRETERA-6.jpg?fit=228%2C150&ssl=1"},"single-post-thumbnail":{"file":"PETICION-CARRETERA-6-400x263.jpg","width":400,"height":263,"mime_type":"image\/jpeg","source_url":"https:\/\/eltrabajo.cl\/portal\/wp-content\/uploads\/2015\/10\/PETICION-CARRETERA-6-400x263.jpg"},"wptouch-new-thumbnail":{"file":"PETICION-CARRETERA-6-144x144.jpg","width":144,"height":144,"mime_type":"image\/jpeg","source_url":"https:\/\/eltrabajo.cl\/portal\/wp-content\/uploads\/2015\/10\/PETICION-CARRETERA-6-144x144.jpg"},"full":{"file":"PETICION-CARRETERA-6.jpg?fit=530%2C349&ssl=1","width":530,"height":349,"mime_type":"image\/jpeg","source_url":"https:\/\/i0.wp.com\/eltrabajo.cl\/portal\/wp-content\/uploads\/2015\/10\/PETICION-CARRETERA-6.jpg?fit=530%2C349&ssl=1"}},"image_meta":{"aperture":0,"credit":"","camera":"","caption":"","created_timestamp":0,"copyright":"","focal_length":0,"iso":0,"shutter_speed":0,"title":"","orientation":0}},"post":62825,"source_url":"https:\/\/eltrabajo.cl\/portal\/wp-content\/uploads\/2015\/10\/PETICION-CARRETERA-6.jpg","_links":{"self":[{"href":"https:\/\/eltrabajo.cl\/portal\/wp-json\/wp\/v2\/media\/62827","targetHints":{"allow":["GET"]}}],"collection":[{"href":"https:\/\/eltrabajo.cl\/portal\/wp-json\/wp\/v2\/media"}],"about":[{"href":"https:\/\/eltrabajo.cl\/portal\/wp-json\/wp\/v2\/types\/attachment"}],"author":[{"embeddable":true,"href":"https:\/\/eltrabajo.cl\/portal\/wp-json\/wp\/v2\/users\/482"}],"replies":[{"embeddable":true,"href":"https:\/\/eltrabajo.cl\/portal\/wp-json\/wp\/v2\/comments?post=62827"}],"wp:attached-to":[{"embeddable":true,"post_type":"post","id":62825,"href":"https:\/\/eltrabajo.cl\/portal\/wp-json\/wp\/v2\/posts\/62825"}],"curies":[{"name":"wp","href":"https:\/\/api.w.org\/{rel}","templated":true}]}}