{"id":65599,"date":"2016-01-08T14:42:21","date_gmt":"2016-01-08T17:42:21","guid":{"rendered":"http:\/\/www.eltrabajo.cl\/portal\/wp-content\/uploads\/2016\/01\/FOTO-3-CARABINEROS.jpg"},"modified":"2016-01-08T14:42:52","modified_gmt":"2016-01-08T17:42:52","slug":"foto-3-carabineros","status":"inherit","type":"attachment","link":"https:\/\/eltrabajo.cl\/portal\/teniente-coronel-pablo-salgado-duran-asumio-como-nuevo-prefecto-de-aconcagua\/foto-3-carabineros\/","title":{"rendered":"FOTO 3 CARABINEROS"},"author":482,"featured_media":0,"comment_status":"open","ping_status":"closed","template":"","meta":{"advanced_seo_description":"","jetpack_seo_html_title":"","jetpack_seo_noindex":false},"class_list":["post-65599","attachment","type-attachment","status-inherit","hentry"],"jetpack_sharing_enabled":true,"jetpack_likes_enabled":true,"description":{"rendered":"<p class=\"attachment\"><a href=\"https:\/\/i0.wp.com\/eltrabajo.cl\/portal\/wp-content\/uploads\/2016\/01\/FOTO-3-CARABINEROS.jpg?ssl=1\"><img loading=\"lazy\" decoding=\"async\" width=\"300\" height=\"199\" src=\"https:\/\/i0.wp.com\/eltrabajo.cl\/portal\/wp-content\/uploads\/2016\/01\/FOTO-3-CARABINEROS.jpg?fit=300%2C199&amp;ssl=1\" class=\"attachment-medium size-medium\" alt=\"Instante en que el Teniente Coronel Marcelo Dur\u00e1n Mu\u00f1oz (izquierda) firma su entrega del cargo, mientras el nuevo Prefecto, Pablo Salgado Dur\u00e1n (derecha) rubrica la jefatura de la Prefectura Aconcagua, ambos supervisados por el jefe de la V Zona Valpara\u00edso, General Jaime Barr\u00eda Montiel.\" srcset=\"https:\/\/i0.wp.com\/eltrabajo.cl\/portal\/wp-content\/uploads\/2016\/01\/FOTO-3-CARABINEROS.jpg?w=528&amp;ssl=1 528w, https:\/\/i0.wp.com\/eltrabajo.cl\/portal\/wp-content\/uploads\/2016\/01\/FOTO-3-CARABINEROS.jpg?resize=200%2C133&amp;ssl=1 200w, https:\/\/i0.wp.com\/eltrabajo.cl\/portal\/wp-content\/uploads\/2016\/01\/FOTO-3-CARABINEROS.jpg?resize=300%2C199&amp;ssl=1 300w, https:\/\/i0.wp.com\/eltrabajo.cl\/portal\/wp-content\/uploads\/2016\/01\/FOTO-3-CARABINEROS.jpg?resize=226%2C150&amp;ssl=1 226w, https:\/\/i0.wp.com\/eltrabajo.cl\/portal\/wp-content\/uploads\/2016\/01\/FOTO-3-CARABINEROS.jpg?resize=400%2C265&amp;ssl=1 400w\" sizes=\"auto, (max-width: 300px) 100vw, 300px\" \/><\/a><\/p>\n<p>Instante en que el Teniente Coronel Marcelo Dur\u00e1n Mu\u00f1oz (izquierda) firma su entrega del cargo, mientras el nuevo Prefecto, Pablo Salgado Dur\u00e1n (derecha) rubrica la jefatura de la Prefectura Aconcagua, ambos supervisados por el jefe de la V Zona Valpara\u00edso, General Jaime Barr\u00eda Montiel.<\/p>\n"},"caption":{"rendered":"<p>Instante en que el Teniente Coronel Marcelo Dur\u00e1n Mu\u00f1oz (izquierda) firma su entrega del cargo, mientras el nuevo Prefecto, Pablo Salgado Dur\u00e1n (derecha) rubrica la jefatura de la Prefectura Aconcagua, ambos supervisados por el jefe de la V Zona Valpara\u00edso, General Jaime Barr\u00eda Montiel.<\/p>\n"},"alt_text":"Instante en que el Teniente Coronel Marcelo Dur\u00e1n Mu\u00f1oz (izquierda) firma su entrega del cargo, mientras el nuevo Prefecto, Pablo Salgado Dur\u00e1n (derecha) rubrica la jefatura de la Prefectura Aconcagua, ambos supervisados por el jefe de la V Zona Valpara\u00edso, General Jaime Barr\u00eda Montiel.","media_type":"image","mime_type":"image\/jpeg","media_details":{"width":528,"height":350,"file":"2016\/01\/FOTO-3-CARABINEROS.jpg","sizes":{"thumbnail":{"file":"FOTO-3-CARABINEROS-200x133.jpg","width":200,"height":133,"mime_type":"image\/jpeg","source_url":"https:\/\/i0.wp.com\/eltrabajo.cl\/portal\/wp-content\/uploads\/2016\/01\/FOTO-3-CARABINEROS.jpg?fit=200%2C133&ssl=1"},"medium":{"file":"FOTO-3-CARABINEROS-300x199.jpg","width":300,"height":199,"mime_type":"image\/jpeg","source_url":"https:\/\/i0.wp.com\/eltrabajo.cl\/portal\/wp-content\/uploads\/2016\/01\/FOTO-3-CARABINEROS.jpg?fit=300%2C199&ssl=1"},"post-thumbnail":{"file":"FOTO-3-CARABINEROS-226x150.jpg","width":226,"height":150,"mime_type":"image\/jpeg","source_url":"https:\/\/i0.wp.com\/eltrabajo.cl\/portal\/wp-content\/uploads\/2016\/01\/FOTO-3-CARABINEROS.jpg?fit=226%2C150&ssl=1"},"single-post-thumbnail":{"file":"FOTO-3-CARABINEROS-400x265.jpg","width":400,"height":265,"mime_type":"image\/jpeg","source_url":"https:\/\/eltrabajo.cl\/portal\/wp-content\/uploads\/2016\/01\/FOTO-3-CARABINEROS-400x265.jpg"},"full":{"file":"FOTO-3-CARABINEROS.jpg?fit=528%2C350&ssl=1","width":528,"height":350,"mime_type":"image\/jpeg","source_url":"https:\/\/i0.wp.com\/eltrabajo.cl\/portal\/wp-content\/uploads\/2016\/01\/FOTO-3-CARABINEROS.jpg?fit=528%2C350&ssl=1"}},"image_meta":{"aperture":0,"credit":"","camera":"","caption":"","created_timestamp":0,"copyright":"Copyright 2012","focal_length":0,"iso":0,"shutter_speed":0,"title":"","orientation":0,"keywords":[]}},"post":65594,"source_url":"https:\/\/eltrabajo.cl\/portal\/wp-content\/uploads\/2016\/01\/FOTO-3-CARABINEROS.jpg","_links":{"self":[{"href":"https:\/\/eltrabajo.cl\/portal\/wp-json\/wp\/v2\/media\/65599","targetHints":{"allow":["GET"]}}],"collection":[{"href":"https:\/\/eltrabajo.cl\/portal\/wp-json\/wp\/v2\/media"}],"about":[{"href":"https:\/\/eltrabajo.cl\/portal\/wp-json\/wp\/v2\/types\/attachment"}],"author":[{"embeddable":true,"href":"https:\/\/eltrabajo.cl\/portal\/wp-json\/wp\/v2\/users\/482"}],"replies":[{"embeddable":true,"href":"https:\/\/eltrabajo.cl\/portal\/wp-json\/wp\/v2\/comments?post=65599"}],"wp:attached-to":[{"embeddable":true,"post_type":"post","id":65594,"href":"https:\/\/eltrabajo.cl\/portal\/wp-json\/wp\/v2\/posts\/65594"}],"curies":[{"name":"wp","href":"https:\/\/api.w.org\/{rel}","templated":true}]}}