{"id":65600,"date":"2016-01-08T14:42:23","date_gmt":"2016-01-08T17:42:23","guid":{"rendered":"http:\/\/www.eltrabajo.cl\/portal\/wp-content\/uploads\/2016\/01\/FOTO-4-CARABINEROS.jpg"},"modified":"2016-01-08T14:43:08","modified_gmt":"2016-01-08T17:43:08","slug":"foto-4-carabineros","status":"inherit","type":"attachment","link":"https:\/\/eltrabajo.cl\/portal\/teniente-coronel-pablo-salgado-duran-asumio-como-nuevo-prefecto-de-aconcagua\/foto-4-carabineros\/","title":{"rendered":"FOTO 4 CARABINEROS"},"author":482,"featured_media":0,"comment_status":"open","ping_status":"closed","template":"","meta":{"advanced_seo_description":"","jetpack_seo_html_title":"","jetpack_seo_noindex":false},"class_list":["post-65600","attachment","type-attachment","status-inherit","hentry"],"jetpack_sharing_enabled":true,"jetpack_likes_enabled":true,"description":{"rendered":"<p class=\"attachment\"><a href=\"https:\/\/i0.wp.com\/eltrabajo.cl\/portal\/wp-content\/uploads\/2016\/01\/FOTO-4-CARABINEROS.jpg?ssl=1\"><img loading=\"lazy\" decoding=\"async\" width=\"300\" height=\"198\" src=\"https:\/\/i0.wp.com\/eltrabajo.cl\/portal\/wp-content\/uploads\/2016\/01\/FOTO-4-CARABINEROS.jpg?fit=300%2C198&amp;ssl=1\" class=\"attachment-medium size-medium\" alt=\"Al mediod\u00eda de ayer se efectu\u00f3 la ceremonia protocolar de cambio de mando en que el Teniente Coronel Marcelo Dur\u00e1n entreg\u00f3 su cargo al nuevo Prefecto de Aconcagua, Pablo Salgado Dur\u00e1n.\" srcset=\"https:\/\/i0.wp.com\/eltrabajo.cl\/portal\/wp-content\/uploads\/2016\/01\/FOTO-4-CARABINEROS.jpg?w=530&amp;ssl=1 530w, https:\/\/i0.wp.com\/eltrabajo.cl\/portal\/wp-content\/uploads\/2016\/01\/FOTO-4-CARABINEROS.jpg?resize=200%2C132&amp;ssl=1 200w, https:\/\/i0.wp.com\/eltrabajo.cl\/portal\/wp-content\/uploads\/2016\/01\/FOTO-4-CARABINEROS.jpg?resize=300%2C198&amp;ssl=1 300w, https:\/\/i0.wp.com\/eltrabajo.cl\/portal\/wp-content\/uploads\/2016\/01\/FOTO-4-CARABINEROS.jpg?resize=227%2C150&amp;ssl=1 227w, https:\/\/i0.wp.com\/eltrabajo.cl\/portal\/wp-content\/uploads\/2016\/01\/FOTO-4-CARABINEROS.jpg?resize=400%2C264&amp;ssl=1 400w\" sizes=\"auto, (max-width: 300px) 100vw, 300px\" \/><\/a><\/p>\n<p>Al mediod\u00eda de ayer se efectu\u00f3 la ceremonia protocolar de cambio de mando en que el Teniente Coronel Marcelo Dur\u00e1n entreg\u00f3 su cargo al nuevo Prefecto de Aconcagua, Pablo Salgado Dur\u00e1n.<\/p>\n"},"caption":{"rendered":"<p>Al mediod\u00eda de ayer se efectu\u00f3 la ceremonia protocolar de cambio de mando en que el Teniente Coronel Marcelo Dur\u00e1n entreg\u00f3 su cargo al nuevo Prefecto de Aconcagua, Pablo Salgado Dur\u00e1n.<\/p>\n"},"alt_text":"Al mediod\u00eda de ayer se efectu\u00f3 la ceremonia protocolar de cambio de mando en que el Teniente Coronel Marcelo Dur\u00e1n entreg\u00f3 su cargo al nuevo Prefecto de Aconcagua, Pablo Salgado Dur\u00e1n.","media_type":"image","mime_type":"image\/jpeg","media_details":{"width":530,"height":350,"file":"2016\/01\/FOTO-4-CARABINEROS.jpg","sizes":{"thumbnail":{"file":"FOTO-4-CARABINEROS-200x132.jpg","width":200,"height":132,"mime_type":"image\/jpeg","source_url":"https:\/\/i0.wp.com\/eltrabajo.cl\/portal\/wp-content\/uploads\/2016\/01\/FOTO-4-CARABINEROS.jpg?fit=200%2C132&ssl=1"},"medium":{"file":"FOTO-4-CARABINEROS-300x198.jpg","width":300,"height":198,"mime_type":"image\/jpeg","source_url":"https:\/\/i0.wp.com\/eltrabajo.cl\/portal\/wp-content\/uploads\/2016\/01\/FOTO-4-CARABINEROS.jpg?fit=300%2C198&ssl=1"},"post-thumbnail":{"file":"FOTO-4-CARABINEROS-227x150.jpg","width":227,"height":150,"mime_type":"image\/jpeg","source_url":"https:\/\/i0.wp.com\/eltrabajo.cl\/portal\/wp-content\/uploads\/2016\/01\/FOTO-4-CARABINEROS.jpg?fit=227%2C150&ssl=1"},"single-post-thumbnail":{"file":"FOTO-4-CARABINEROS-400x264.jpg","width":400,"height":264,"mime_type":"image\/jpeg","source_url":"https:\/\/eltrabajo.cl\/portal\/wp-content\/uploads\/2016\/01\/FOTO-4-CARABINEROS-400x264.jpg"},"full":{"file":"FOTO-4-CARABINEROS.jpg?fit=530%2C350&ssl=1","width":530,"height":350,"mime_type":"image\/jpeg","source_url":"https:\/\/i0.wp.com\/eltrabajo.cl\/portal\/wp-content\/uploads\/2016\/01\/FOTO-4-CARABINEROS.jpg?fit=530%2C350&ssl=1"}},"image_meta":{"aperture":0,"credit":"","camera":"","caption":"","created_timestamp":0,"copyright":"Copyright 2012","focal_length":0,"iso":0,"shutter_speed":0,"title":"","orientation":0,"keywords":[]}},"post":65594,"source_url":"https:\/\/eltrabajo.cl\/portal\/wp-content\/uploads\/2016\/01\/FOTO-4-CARABINEROS.jpg","_links":{"self":[{"href":"https:\/\/eltrabajo.cl\/portal\/wp-json\/wp\/v2\/media\/65600","targetHints":{"allow":["GET"]}}],"collection":[{"href":"https:\/\/eltrabajo.cl\/portal\/wp-json\/wp\/v2\/media"}],"about":[{"href":"https:\/\/eltrabajo.cl\/portal\/wp-json\/wp\/v2\/types\/attachment"}],"author":[{"embeddable":true,"href":"https:\/\/eltrabajo.cl\/portal\/wp-json\/wp\/v2\/users\/482"}],"replies":[{"embeddable":true,"href":"https:\/\/eltrabajo.cl\/portal\/wp-json\/wp\/v2\/comments?post=65600"}],"wp:attached-to":[{"embeddable":true,"post_type":"post","id":65594,"href":"https:\/\/eltrabajo.cl\/portal\/wp-json\/wp\/v2\/posts\/65594"}],"curies":[{"name":"wp","href":"https:\/\/api.w.org\/{rel}","templated":true}]}}