{"id":68426,"date":"2016-04-05T09:06:29","date_gmt":"2016-04-05T12:06:29","guid":{"rendered":"http:\/\/www.eltrabajo.cl\/portal\/wp-content\/uploads\/2016\/04\/Querella-Taxi.jpg"},"modified":"2016-04-05T09:06:40","modified_gmt":"2016-04-05T12:06:40","slug":"querella-taxi","status":"inherit","type":"attachment","link":"https:\/\/eltrabajo.cl\/portal\/demandan-a-empresa-de-radiotaxis-por-discriminar-a-joven-en-silla-de-ruedas\/querella-taxi\/","title":{"rendered":"C\u00e9sar Arancibia, presidente del Centro de Discapacitados \u2018Esperanza Nuestra\u2019 junto al abogado de la Corporaci\u00f3n de Asistencia Judicial de Valpara\u00edso Iv\u00e1n Gonz\u00e1lez, realiz\u00f3 una acci\u00f3n judicial contra un chofer de taxi por discriminaci\u00f3n."},"author":1,"featured_media":0,"comment_status":"open","ping_status":"closed","template":"","meta":{"advanced_seo_description":"","jetpack_seo_html_title":"","jetpack_seo_noindex":false},"class_list":["post-68426","attachment","type-attachment","status-inherit","hentry"],"jetpack_sharing_enabled":true,"jetpack_likes_enabled":true,"description":{"rendered":"<p class=\"attachment\"><a href=\"https:\/\/i0.wp.com\/eltrabajo.cl\/portal\/wp-content\/uploads\/2016\/04\/Querella-Taxi.jpg?ssl=1\"><img loading=\"lazy\" decoding=\"async\" width=\"300\" height=\"197\" src=\"https:\/\/i0.wp.com\/eltrabajo.cl\/portal\/wp-content\/uploads\/2016\/04\/Querella-Taxi.jpg?fit=300%2C197&amp;ssl=1\" class=\"attachment-medium size-medium\" alt=\"C\u00e9sar Arancibia, presidente del Centro de Discapacitados \u2018Esperanza Nuestra\u2019 junto al abogado de la Corporaci\u00f3n de Asistencia Judicial de Valpara\u00edso Iv\u00e1n Gonz\u00e1lez, realiz\u00f3 una acci\u00f3n judicial contra un chofer de taxi por discriminaci\u00f3n.\" srcset=\"https:\/\/i0.wp.com\/eltrabajo.cl\/portal\/wp-content\/uploads\/2016\/04\/Querella-Taxi.jpg?w=530&amp;ssl=1 530w, https:\/\/i0.wp.com\/eltrabajo.cl\/portal\/wp-content\/uploads\/2016\/04\/Querella-Taxi.jpg?resize=200%2C131&amp;ssl=1 200w, https:\/\/i0.wp.com\/eltrabajo.cl\/portal\/wp-content\/uploads\/2016\/04\/Querella-Taxi.jpg?resize=300%2C197&amp;ssl=1 300w, https:\/\/i0.wp.com\/eltrabajo.cl\/portal\/wp-content\/uploads\/2016\/04\/Querella-Taxi.jpg?resize=228%2C150&amp;ssl=1 228w, https:\/\/i0.wp.com\/eltrabajo.cl\/portal\/wp-content\/uploads\/2016\/04\/Querella-Taxi.jpg?resize=400%2C263&amp;ssl=1 400w\" sizes=\"auto, (max-width: 300px) 100vw, 300px\" \/><\/a><\/p>\n<p>C\u00e9sar Arancibia, presidente del Centro de Discapacitados \u2018Esperanza Nuestra\u2019 junto al abogado de la Corporaci\u00f3n de Asistencia Judicial de Valpara\u00edso Iv\u00e1n Gonz\u00e1lez, realiz\u00f3 una acci\u00f3n judicial contra un chofer de taxi por discriminaci\u00f3n.<\/p>\n"},"caption":{"rendered":"<p>C\u00e9sar Arancibia, presidente del Centro de Discapacitados \u2018Esperanza Nuestra\u2019 junto al abogado de la Corporaci\u00f3n de Asistencia Judicial de Valpara\u00edso Iv\u00e1n Gonz\u00e1lez, realiz\u00f3 una acci\u00f3n judicial contra un chofer de taxi por discriminaci\u00f3n.<\/p>\n"},"alt_text":"C\u00e9sar Arancibia, presidente del Centro de Discapacitados \u2018Esperanza Nuestra\u2019 junto al abogado de la Corporaci\u00f3n de Asistencia Judicial de Valpara\u00edso Iv\u00e1n Gonz\u00e1lez, realiz\u00f3 una acci\u00f3n judicial contra un chofer de taxi por discriminaci\u00f3n.","media_type":"image","mime_type":"image\/jpeg","media_details":{"width":530,"height":348,"file":"2016\/04\/Querella-Taxi.jpg","sizes":{"thumbnail":{"file":"Querella-Taxi-200x131.jpg","width":200,"height":131,"mime_type":"image\/jpeg","source_url":"https:\/\/i0.wp.com\/eltrabajo.cl\/portal\/wp-content\/uploads\/2016\/04\/Querella-Taxi.jpg?fit=200%2C131&ssl=1"},"medium":{"file":"Querella-Taxi-300x197.jpg","width":300,"height":197,"mime_type":"image\/jpeg","source_url":"https:\/\/i0.wp.com\/eltrabajo.cl\/portal\/wp-content\/uploads\/2016\/04\/Querella-Taxi.jpg?fit=300%2C197&ssl=1"},"post-thumbnail":{"file":"Querella-Taxi-228x150.jpg","width":228,"height":150,"mime_type":"image\/jpeg","source_url":"https:\/\/i0.wp.com\/eltrabajo.cl\/portal\/wp-content\/uploads\/2016\/04\/Querella-Taxi.jpg?fit=228%2C150&ssl=1"},"single-post-thumbnail":{"file":"Querella-Taxi-400x263.jpg","width":400,"height":263,"mime_type":"image\/jpeg","source_url":"https:\/\/eltrabajo.cl\/portal\/wp-content\/uploads\/2016\/04\/Querella-Taxi-400x263.jpg"},"wptouch-new-thumbnail":{"file":"Querella-Taxi-144x144.jpg","width":144,"height":144,"mime_type":"image\/jpeg","source_url":"https:\/\/eltrabajo.cl\/portal\/wp-content\/uploads\/2016\/04\/Querella-Taxi-144x144.jpg"},"full":{"file":"Querella-Taxi.jpg?fit=530%2C348&ssl=1","width":530,"height":348,"mime_type":"image\/jpeg","source_url":"https:\/\/i0.wp.com\/eltrabajo.cl\/portal\/wp-content\/uploads\/2016\/04\/Querella-Taxi.jpg?fit=530%2C348&ssl=1"}},"image_meta":{"aperture":"0","credit":"","camera":"","caption":"","created_timestamp":"0","copyright":"","focal_length":"0","iso":"0","shutter_speed":"0","title":"","orientation":"0","keywords":[]}},"post":68425,"source_url":"https:\/\/eltrabajo.cl\/portal\/wp-content\/uploads\/2016\/04\/Querella-Taxi.jpg","_links":{"self":[{"href":"https:\/\/eltrabajo.cl\/portal\/wp-json\/wp\/v2\/media\/68426","targetHints":{"allow":["GET"]}}],"collection":[{"href":"https:\/\/eltrabajo.cl\/portal\/wp-json\/wp\/v2\/media"}],"about":[{"href":"https:\/\/eltrabajo.cl\/portal\/wp-json\/wp\/v2\/types\/attachment"}],"author":[{"embeddable":true,"href":"https:\/\/eltrabajo.cl\/portal\/wp-json\/wp\/v2\/users\/1"}],"replies":[{"embeddable":true,"href":"https:\/\/eltrabajo.cl\/portal\/wp-json\/wp\/v2\/comments?post=68426"}],"wp:attached-to":[{"embeddable":true,"post_type":"post","id":68425,"href":"https:\/\/eltrabajo.cl\/portal\/wp-json\/wp\/v2\/posts\/68425"}],"curies":[{"name":"wp","href":"https:\/\/api.w.org\/{rel}","templated":true}]}}