{"id":68847,"date":"2016-04-18T09:12:07","date_gmt":"2016-04-18T12:12:07","guid":{"rendered":"http:\/\/www.eltrabajo.cl\/portal\/wp-content\/uploads\/2016\/04\/FOTO-7-ESTA-ES-LA-PANORAMICA-QUE-SE-APRECIA-EN-POBLACION-PEDRO-DE-VALDIVIA-INTERSECCION-PEDRO-DE-VALDIVIAPEATONES.jpg"},"modified":"2016-04-18T09:12:18","modified_gmt":"2016-04-18T12:12:18","slug":"foto-7-esta-es-la-panoramica-que-se-aprecia-en-poblacion-pedro-de-valdivia-interseccion-pedro-de-valdiviapeatones","status":"inherit","type":"attachment","link":"https:\/\/eltrabajo.cl\/portal\/sector-poniente-de-san-felipe-sufrio-colapso-de-sus-avenidas-principales\/foto-7-esta-es-la-panoramica-que-se-aprecia-en-poblacion-pedro-de-valdivia-interseccion-pedro-de-valdiviapeatones\/","title":{"rendered":"Esta es la panor\u00e1mica que se aprecia en poblaci\u00f3n Pedro de Valdivia, intersecci\u00f3n Pedro de Valdivia con Ram\u00f3n Munita. Cada vez que precipita, la avenida se torna intransitable para los peatones."},"author":1,"featured_media":0,"comment_status":"open","ping_status":"closed","template":"","meta":{"advanced_seo_description":"","jetpack_seo_html_title":"","jetpack_seo_noindex":false},"class_list":["post-68847","attachment","type-attachment","status-inherit","hentry"],"jetpack_sharing_enabled":true,"jetpack_likes_enabled":true,"description":{"rendered":"<p class=\"attachment\"><a href=\"https:\/\/i0.wp.com\/eltrabajo.cl\/portal\/wp-content\/uploads\/2016\/04\/FOTO-7-ESTA-ES-LA-PANORAMICA-QUE-SE-APRECIA-EN-POBLACION-PEDRO-DE-VALDIVIA-INTERSECCION-PEDRO-DE-VALDIVIAPEATONES.jpg?ssl=1\"><img loading=\"lazy\" decoding=\"async\" width=\"300\" height=\"198\" src=\"https:\/\/i0.wp.com\/eltrabajo.cl\/portal\/wp-content\/uploads\/2016\/04\/FOTO-7-ESTA-ES-LA-PANORAMICA-QUE-SE-APRECIA-EN-POBLACION-PEDRO-DE-VALDIVIA-INTERSECCION-PEDRO-DE-VALDIVIAPEATONES.jpg?fit=300%2C198&amp;ssl=1\" class=\"attachment-medium size-medium\" alt=\"Esta es la panor\u00e1mica que se aprecia en poblaci\u00f3n Pedro de Valdivia, intersecci\u00f3n Pedro de Valdivia con Ram\u00f3n Munita. Cada vez que precipita, la avenida se torna intransitable para los peatones.\" srcset=\"https:\/\/i0.wp.com\/eltrabajo.cl\/portal\/wp-content\/uploads\/2016\/04\/FOTO-7-ESTA-ES-LA-PANORAMICA-QUE-SE-APRECIA-EN-POBLACION-PEDRO-DE-VALDIVIA-INTERSECCION-PEDRO-DE-VALDIVIAPEATONES.jpg?w=530&amp;ssl=1 530w, https:\/\/i0.wp.com\/eltrabajo.cl\/portal\/wp-content\/uploads\/2016\/04\/FOTO-7-ESTA-ES-LA-PANORAMICA-QUE-SE-APRECIA-EN-POBLACION-PEDRO-DE-VALDIVIA-INTERSECCION-PEDRO-DE-VALDIVIAPEATONES.jpg?resize=200%2C132&amp;ssl=1 200w, https:\/\/i0.wp.com\/eltrabajo.cl\/portal\/wp-content\/uploads\/2016\/04\/FOTO-7-ESTA-ES-LA-PANORAMICA-QUE-SE-APRECIA-EN-POBLACION-PEDRO-DE-VALDIVIA-INTERSECCION-PEDRO-DE-VALDIVIAPEATONES.jpg?resize=300%2C198&amp;ssl=1 300w, https:\/\/i0.wp.com\/eltrabajo.cl\/portal\/wp-content\/uploads\/2016\/04\/FOTO-7-ESTA-ES-LA-PANORAMICA-QUE-SE-APRECIA-EN-POBLACION-PEDRO-DE-VALDIVIA-INTERSECCION-PEDRO-DE-VALDIVIAPEATONES.jpg?resize=228%2C150&amp;ssl=1 228w, https:\/\/i0.wp.com\/eltrabajo.cl\/portal\/wp-content\/uploads\/2016\/04\/FOTO-7-ESTA-ES-LA-PANORAMICA-QUE-SE-APRECIA-EN-POBLACION-PEDRO-DE-VALDIVIA-INTERSECCION-PEDRO-DE-VALDIVIAPEATONES.jpg?resize=400%2C263&amp;ssl=1 400w\" sizes=\"auto, (max-width: 300px) 100vw, 300px\" \/><\/a><\/p>\n<p>Esta es la panor\u00e1mica que se aprecia en poblaci\u00f3n Pedro de Valdivia, intersecci\u00f3n Pedro de Valdivia con Ram\u00f3n Munita. Cada vez que precipita, la avenida se torna intransitable para los peatones.<\/p>\n"},"caption":{"rendered":"<p>Esta es la panor\u00e1mica que se aprecia en poblaci\u00f3n Pedro de Valdivia, intersecci\u00f3n Pedro de Valdivia con Ram\u00f3n Munita. Cada vez que precipita, la avenida se torna intransitable para los peatones.<\/p>\n"},"alt_text":"Esta es la panor\u00e1mica que se aprecia en poblaci\u00f3n Pedro de Valdivia, intersecci\u00f3n Pedro de Valdivia con Ram\u00f3n Munita. Cada vez que precipita, la avenida se torna intransitable para los peatones.","media_type":"image","mime_type":"image\/jpeg","media_details":{"width":530,"height":349,"file":"2016\/04\/FOTO-7-ESTA-ES-LA-PANORAMICA-QUE-SE-APRECIA-EN-POBLACION-PEDRO-DE-VALDIVIA-INTERSECCION-PEDRO-DE-VALDIVIAPEATONES.jpg","sizes":{"thumbnail":{"file":"FOTO-7-ESTA-ES-LA-PANORAMICA-QUE-SE-APRECIA-EN-POBLACION-PEDRO-DE-VALDIVIA-INTERSECCION-PEDRO-DE-VALDIVIAPEATONES-200x132.jpg","width":200,"height":132,"mime_type":"image\/jpeg","source_url":"https:\/\/i0.wp.com\/eltrabajo.cl\/portal\/wp-content\/uploads\/2016\/04\/FOTO-7-ESTA-ES-LA-PANORAMICA-QUE-SE-APRECIA-EN-POBLACION-PEDRO-DE-VALDIVIA-INTERSECCION-PEDRO-DE-VALDIVIAPEATONES.jpg?fit=200%2C132&ssl=1"},"medium":{"file":"FOTO-7-ESTA-ES-LA-PANORAMICA-QUE-SE-APRECIA-EN-POBLACION-PEDRO-DE-VALDIVIA-INTERSECCION-PEDRO-DE-VALDIVIAPEATONES-300x198.jpg","width":300,"height":198,"mime_type":"image\/jpeg","source_url":"https:\/\/i0.wp.com\/eltrabajo.cl\/portal\/wp-content\/uploads\/2016\/04\/FOTO-7-ESTA-ES-LA-PANORAMICA-QUE-SE-APRECIA-EN-POBLACION-PEDRO-DE-VALDIVIA-INTERSECCION-PEDRO-DE-VALDIVIAPEATONES.jpg?fit=300%2C198&ssl=1"},"post-thumbnail":{"file":"FOTO-7-ESTA-ES-LA-PANORAMICA-QUE-SE-APRECIA-EN-POBLACION-PEDRO-DE-VALDIVIA-INTERSECCION-PEDRO-DE-VALDIVIAPEATONES-228x150.jpg","width":228,"height":150,"mime_type":"image\/jpeg","source_url":"https:\/\/i0.wp.com\/eltrabajo.cl\/portal\/wp-content\/uploads\/2016\/04\/FOTO-7-ESTA-ES-LA-PANORAMICA-QUE-SE-APRECIA-EN-POBLACION-PEDRO-DE-VALDIVIA-INTERSECCION-PEDRO-DE-VALDIVIAPEATONES.jpg?fit=228%2C150&ssl=1"},"single-post-thumbnail":{"file":"FOTO-7-ESTA-ES-LA-PANORAMICA-QUE-SE-APRECIA-EN-POBLACION-PEDRO-DE-VALDIVIA-INTERSECCION-PEDRO-DE-VALDIVIAPEATONES-400x263.jpg","width":400,"height":263,"mime_type":"image\/jpeg","source_url":"https:\/\/eltrabajo.cl\/portal\/wp-content\/uploads\/2016\/04\/FOTO-7-ESTA-ES-LA-PANORAMICA-QUE-SE-APRECIA-EN-POBLACION-PEDRO-DE-VALDIVIA-INTERSECCION-PEDRO-DE-VALDIVIAPEATONES-400x263.jpg"},"wptouch-new-thumbnail":{"file":"FOTO-7-ESTA-ES-LA-PANORAMICA-QUE-SE-APRECIA-EN-POBLACION-PEDRO-DE-VALDIVIA-INTERSECCION-PEDRO-DE-VALDIVIAPEATONES-144x144.jpg","width":144,"height":144,"mime_type":"image\/jpeg","source_url":"https:\/\/eltrabajo.cl\/portal\/wp-content\/uploads\/2016\/04\/FOTO-7-ESTA-ES-LA-PANORAMICA-QUE-SE-APRECIA-EN-POBLACION-PEDRO-DE-VALDIVIA-INTERSECCION-PEDRO-DE-VALDIVIAPEATONES-144x144.jpg"},"full":{"file":"FOTO-7-ESTA-ES-LA-PANORAMICA-QUE-SE-APRECIA-EN-POBLACION-PEDRO-DE-VALDIVIA-INTERSECCION-PEDRO-DE-VALDIVIAPEATONES.jpg?fit=530%2C349&ssl=1","width":530,"height":349,"mime_type":"image\/jpeg","source_url":"https:\/\/i0.wp.com\/eltrabajo.cl\/portal\/wp-content\/uploads\/2016\/04\/FOTO-7-ESTA-ES-LA-PANORAMICA-QUE-SE-APRECIA-EN-POBLACION-PEDRO-DE-VALDIVIA-INTERSECCION-PEDRO-DE-VALDIVIAPEATONES.jpg?fit=530%2C349&ssl=1"}},"image_meta":{"aperture":"0","credit":"","camera":"","caption":"","created_timestamp":"0","copyright":"Copyright 2012","focal_length":"0","iso":"0","shutter_speed":"0","title":"","orientation":"0","keywords":[]}},"post":68838,"source_url":"https:\/\/eltrabajo.cl\/portal\/wp-content\/uploads\/2016\/04\/FOTO-7-ESTA-ES-LA-PANORAMICA-QUE-SE-APRECIA-EN-POBLACION-PEDRO-DE-VALDIVIA-INTERSECCION-PEDRO-DE-VALDIVIAPEATONES.jpg","_links":{"self":[{"href":"https:\/\/eltrabajo.cl\/portal\/wp-json\/wp\/v2\/media\/68847","targetHints":{"allow":["GET"]}}],"collection":[{"href":"https:\/\/eltrabajo.cl\/portal\/wp-json\/wp\/v2\/media"}],"about":[{"href":"https:\/\/eltrabajo.cl\/portal\/wp-json\/wp\/v2\/types\/attachment"}],"author":[{"embeddable":true,"href":"https:\/\/eltrabajo.cl\/portal\/wp-json\/wp\/v2\/users\/1"}],"replies":[{"embeddable":true,"href":"https:\/\/eltrabajo.cl\/portal\/wp-json\/wp\/v2\/comments?post=68847"}],"wp:attached-to":[{"embeddable":true,"post_type":"post","id":68838,"href":"https:\/\/eltrabajo.cl\/portal\/wp-json\/wp\/v2\/posts\/68838"}],"curies":[{"name":"wp","href":"https:\/\/api.w.org\/{rel}","templated":true}]}}