{"id":70160,"date":"2016-05-26T08:44:51","date_gmt":"2016-05-26T12:44:51","guid":{"rendered":"http:\/\/www.eltrabajo.cl\/portal\/wp-content\/uploads\/2016\/05\/Ni\u00f1a-Astronauta.jpg"},"modified":"2016-05-26T08:45:05","modified_gmt":"2016-05-26T12:45:05","slug":"nina-astronauta","status":"inherit","type":"attachment","link":"https:\/\/eltrabajo.cl\/portal\/con-obra-la-nina-astronauta-finaliza-cartelera-de-mayo-teatro-municipal\/nina-astronauta\/","title":{"rendered":"NI\u00d1A ASTRONAUTA.- La obra narra, la historia de Nicole, que es una ni\u00f1a de trece a\u00f1os que padece una enfermedad degenerativa de la piel, que no le permite salir de su habitaci\u00f3n, para no recibir los rayos del sol."},"author":1,"featured_media":0,"comment_status":"open","ping_status":"closed","template":"","meta":{"advanced_seo_description":"","jetpack_seo_html_title":"","jetpack_seo_noindex":false},"class_list":["post-70160","attachment","type-attachment","status-inherit","hentry"],"jetpack_sharing_enabled":true,"jetpack_likes_enabled":true,"description":{"rendered":"<p class=\"attachment\"><a href=\"https:\/\/i0.wp.com\/eltrabajo.cl\/portal\/wp-content\/uploads\/2016\/05\/Ni%C3%B1a-Astronauta.jpg?ssl=1\"><img loading=\"lazy\" decoding=\"async\" width=\"300\" height=\"198\" src=\"https:\/\/i0.wp.com\/eltrabajo.cl\/portal\/wp-content\/uploads\/2016\/05\/Ni%C3%B1a-Astronauta.jpg?fit=300%2C198&amp;ssl=1\" class=\"attachment-medium size-medium\" alt=\"NI\u00d1A ASTRONAUTA.- La obra narra, la historia de Nicole, que es una ni\u00f1a de trece a\u00f1os que padece una enfermedad degenerativa de la piel, que no le permite salir de su habitaci\u00f3n, para no recibir los rayos del sol.\" \/><\/a><\/p>\n<p>NI\u00d1A ASTRONAUTA.- La obra narra, la historia de Nicole, que es una ni\u00f1a de trece a\u00f1os que padece una enfermedad degenerativa de la piel, que no le permite salir de su habitaci\u00f3n, para no recibir los rayos del sol.<\/p>\n"},"caption":{"rendered":"<p>NI\u00d1A ASTRONAUTA.- La obra narra, la historia de Nicole, que es una ni\u00f1a de trece a\u00f1os que padece una enfermedad degenerativa de la piel, que no le permite salir de su habitaci\u00f3n, para no recibir los rayos del sol.<\/p>\n"},"alt_text":"NI\u00d1A ASTRONAUTA.- La obra narra, la historia de Nicole, que es una ni\u00f1a de trece a\u00f1os que padece una enfermedad degenerativa de la piel, que no le permite salir de su habitaci\u00f3n, para no recibir los rayos del sol.","media_type":"image","mime_type":"image\/jpeg","media_details":{"width":530,"height":349,"file":"2016\/05\/Ni\u00f1a-Astronauta.jpg","sizes":{"thumbnail":{"file":"Ni\u00f1a-Astronauta-200x132.jpg","width":200,"height":132,"mime_type":"image\/jpeg","source_url":"https:\/\/i0.wp.com\/eltrabajo.cl\/portal\/wp-content\/uploads\/2016\/05\/Ni%C3%B1a-Astronauta.jpg?fit=200%2C132&ssl=1"},"medium":{"file":"Ni\u00f1a-Astronauta-300x198.jpg","width":300,"height":198,"mime_type":"image\/jpeg","source_url":"https:\/\/i0.wp.com\/eltrabajo.cl\/portal\/wp-content\/uploads\/2016\/05\/Ni%C3%B1a-Astronauta.jpg?fit=300%2C198&ssl=1"},"post-thumbnail":{"file":"Ni\u00f1a-Astronauta-228x150.jpg","width":228,"height":150,"mime_type":"image\/jpeg","source_url":"https:\/\/i0.wp.com\/eltrabajo.cl\/portal\/wp-content\/uploads\/2016\/05\/Ni%C3%B1a-Astronauta.jpg?fit=228%2C150&ssl=1"},"single-post-thumbnail":{"file":"Ni\u00f1a-Astronauta-400x263.jpg","width":400,"height":263,"mime_type":"image\/jpeg","source_url":"https:\/\/eltrabajo.cl\/portal\/wp-content\/uploads\/2016\/05\/Ni\u00f1a-Astronauta-400x263.jpg"},"wptouch-new-thumbnail":{"file":"Ni\u00f1a-Astronauta-144x144.jpg","width":144,"height":144,"mime_type":"image\/jpeg","source_url":"https:\/\/eltrabajo.cl\/portal\/wp-content\/uploads\/2016\/05\/Ni\u00f1a-Astronauta-144x144.jpg"},"full":{"file":"Ni%C3%B1a-Astronauta.jpg?fit=530%2C349&ssl=1","width":530,"height":349,"mime_type":"image\/jpeg","source_url":"https:\/\/i0.wp.com\/eltrabajo.cl\/portal\/wp-content\/uploads\/2016\/05\/Ni%C3%B1a-Astronauta.jpg?fit=530%2C349&ssl=1"}},"image_meta":{"aperture":"0","credit":"","camera":"","caption":"","created_timestamp":"1412886273","copyright":"","focal_length":"0","iso":"0","shutter_speed":"0","title":"","orientation":"0","keywords":[]}},"post":70159,"source_url":"https:\/\/eltrabajo.cl\/portal\/wp-content\/uploads\/2016\/05\/Ni\u00f1a-Astronauta.jpg","_links":{"self":[{"href":"https:\/\/eltrabajo.cl\/portal\/wp-json\/wp\/v2\/media\/70160","targetHints":{"allow":["GET"]}}],"collection":[{"href":"https:\/\/eltrabajo.cl\/portal\/wp-json\/wp\/v2\/media"}],"about":[{"href":"https:\/\/eltrabajo.cl\/portal\/wp-json\/wp\/v2\/types\/attachment"}],"author":[{"embeddable":true,"href":"https:\/\/eltrabajo.cl\/portal\/wp-json\/wp\/v2\/users\/1"}],"replies":[{"embeddable":true,"href":"https:\/\/eltrabajo.cl\/portal\/wp-json\/wp\/v2\/comments?post=70160"}],"wp:attached-to":[{"embeddable":true,"post_type":"post","id":70159,"href":"https:\/\/eltrabajo.cl\/portal\/wp-json\/wp\/v2\/posts\/70159"}],"curies":[{"name":"wp","href":"https:\/\/api.w.org\/{rel}","templated":true}]}}