{"id":75165,"date":"2016-11-10T09:15:32","date_gmt":"2016-11-10T12:15:32","guid":{"rendered":"http:\/\/www.eltrabajo.cl\/portal\/wp-content\/uploads\/2016\/11\/cesfam-Iturra.jpg"},"modified":"2016-11-10T09:15:40","modified_gmt":"2016-11-10T12:15:40","slug":"cesfam-iturra","status":"inherit","type":"attachment","link":"https:\/\/eltrabajo.cl\/portal\/cesfam-iturra-sera-el-primer-edificio-publico-con-eficiencia-energetica\/cesfam-iturra\/","title":{"rendered":"En febrero, se iniciar\u00e1 la ejecuci\u00f3n de las obras en el Cesfam, lo que significa la instalaci\u00f3n de paneles fotovoltaicos, por medio de los cuales se aprovecha la energ\u00eda solar para la generaci\u00f3n de electricidad."},"author":1,"featured_media":0,"comment_status":"open","ping_status":"closed","template":"","meta":{"advanced_seo_description":"","jetpack_seo_html_title":"","jetpack_seo_noindex":false},"class_list":["post-75165","attachment","type-attachment","status-inherit","hentry"],"jetpack_sharing_enabled":true,"jetpack_likes_enabled":true,"description":{"rendered":"<p class=\"attachment\"><a href=\"https:\/\/i0.wp.com\/eltrabajo.cl\/portal\/wp-content\/uploads\/2016\/11\/cesfam-Iturra.jpg?ssl=1\"><img loading=\"lazy\" decoding=\"async\" width=\"300\" height=\"198\" src=\"https:\/\/i0.wp.com\/eltrabajo.cl\/portal\/wp-content\/uploads\/2016\/11\/cesfam-Iturra.jpg?fit=300%2C198&amp;ssl=1\" class=\"attachment-medium size-medium\" alt=\"En febrero, se iniciar\u00e1 la ejecuci\u00f3n de las obras en el Cesfam, lo que significa la instalaci\u00f3n de paneles fotovoltaicos, por medio de los cuales se aprovecha la energ\u00eda solar para la generaci\u00f3n de electricidad.\" srcset=\"https:\/\/i0.wp.com\/eltrabajo.cl\/portal\/wp-content\/uploads\/2016\/11\/cesfam-Iturra.jpg?w=530&amp;ssl=1 530w, https:\/\/i0.wp.com\/eltrabajo.cl\/portal\/wp-content\/uploads\/2016\/11\/cesfam-Iturra.jpg?resize=200%2C132&amp;ssl=1 200w, https:\/\/i0.wp.com\/eltrabajo.cl\/portal\/wp-content\/uploads\/2016\/11\/cesfam-Iturra.jpg?resize=300%2C198&amp;ssl=1 300w, https:\/\/i0.wp.com\/eltrabajo.cl\/portal\/wp-content\/uploads\/2016\/11\/cesfam-Iturra.jpg?resize=228%2C150&amp;ssl=1 228w, https:\/\/i0.wp.com\/eltrabajo.cl\/portal\/wp-content\/uploads\/2016\/11\/cesfam-Iturra.jpg?resize=400%2C263&amp;ssl=1 400w\" sizes=\"auto, (max-width: 300px) 100vw, 300px\" \/><\/a><\/p>\n<p>En febrero, se iniciar\u00e1 la ejecuci\u00f3n de las obras en el Cesfam, lo que significa la instalaci\u00f3n de paneles fotovoltaicos, por medio de los cuales se aprovecha la energ\u00eda solar para la generaci\u00f3n de electricidad.<\/p>\n"},"caption":{"rendered":"<p>En febrero, se iniciar\u00e1 la ejecuci\u00f3n de las obras en el Cesfam, lo que significa la instalaci\u00f3n de paneles fotovoltaicos, por medio de los cuales se aprovecha la energ\u00eda solar para la generaci\u00f3n de electricidad.<\/p>\n"},"alt_text":"En febrero, se iniciar\u00e1 la ejecuci\u00f3n de las obras en el Cesfam, lo que significa la instalaci\u00f3n de paneles fotovoltaicos, por medio de los cuales se aprovecha la energ\u00eda solar para la generaci\u00f3n de electricidad.","media_type":"image","mime_type":"image\/jpeg","media_details":{"width":530,"height":349,"file":"2016\/11\/cesfam-Iturra.jpg","sizes":{"thumbnail":{"file":"cesfam-Iturra-200x132.jpg","width":200,"height":132,"mime_type":"image\/jpeg","source_url":"https:\/\/i0.wp.com\/eltrabajo.cl\/portal\/wp-content\/uploads\/2016\/11\/cesfam-Iturra.jpg?fit=200%2C132&ssl=1"},"medium":{"file":"cesfam-Iturra-300x198.jpg","width":300,"height":198,"mime_type":"image\/jpeg","source_url":"https:\/\/i0.wp.com\/eltrabajo.cl\/portal\/wp-content\/uploads\/2016\/11\/cesfam-Iturra.jpg?fit=300%2C198&ssl=1"},"post-thumbnail":{"file":"cesfam-Iturra-228x150.jpg","width":228,"height":150,"mime_type":"image\/jpeg","source_url":"https:\/\/i0.wp.com\/eltrabajo.cl\/portal\/wp-content\/uploads\/2016\/11\/cesfam-Iturra.jpg?fit=228%2C150&ssl=1"},"single-post-thumbnail":{"file":"cesfam-Iturra-400x263.jpg","width":400,"height":263,"mime_type":"image\/jpeg","source_url":"https:\/\/eltrabajo.cl\/portal\/wp-content\/uploads\/2016\/11\/cesfam-Iturra-400x263.jpg"},"wptouch-new-thumbnail":{"file":"cesfam-Iturra-144x144.jpg","width":144,"height":144,"mime_type":"image\/jpeg","source_url":"https:\/\/eltrabajo.cl\/portal\/wp-content\/uploads\/2016\/11\/cesfam-Iturra-144x144.jpg"},"full":{"file":"cesfam-Iturra.jpg?fit=530%2C349&ssl=1","width":530,"height":349,"mime_type":"image\/jpeg","source_url":"https:\/\/i0.wp.com\/eltrabajo.cl\/portal\/wp-content\/uploads\/2016\/11\/cesfam-Iturra.jpg?fit=530%2C349&ssl=1"}},"image_meta":{"aperture":"0","credit":"","camera":"","caption":"","created_timestamp":"0","copyright":"","focal_length":"0","iso":"0","shutter_speed":"0","title":"","orientation":"0","keywords":[]}},"post":75164,"source_url":"https:\/\/eltrabajo.cl\/portal\/wp-content\/uploads\/2016\/11\/cesfam-Iturra.jpg","_links":{"self":[{"href":"https:\/\/eltrabajo.cl\/portal\/wp-json\/wp\/v2\/media\/75165","targetHints":{"allow":["GET"]}}],"collection":[{"href":"https:\/\/eltrabajo.cl\/portal\/wp-json\/wp\/v2\/media"}],"about":[{"href":"https:\/\/eltrabajo.cl\/portal\/wp-json\/wp\/v2\/types\/attachment"}],"author":[{"embeddable":true,"href":"https:\/\/eltrabajo.cl\/portal\/wp-json\/wp\/v2\/users\/1"}],"replies":[{"embeddable":true,"href":"https:\/\/eltrabajo.cl\/portal\/wp-json\/wp\/v2\/comments?post=75165"}],"wp:attached-to":[{"embeddable":true,"post_type":"post","id":75164,"href":"https:\/\/eltrabajo.cl\/portal\/wp-json\/wp\/v2\/posts\/75164"}],"curies":[{"name":"wp","href":"https:\/\/api.w.org\/{rel}","templated":true}]}}