{"id":75946,"date":"2016-12-15T09:21:42","date_gmt":"2016-12-15T12:21:42","guid":{"rendered":"http:\/\/www.eltrabajo.cl\/portal\/wp-content\/uploads\/2016\/12\/hugo-olguin.jpg"},"modified":"2016-12-15T09:21:56","modified_gmt":"2016-12-15T12:21:56","slug":"hugo-olguin","status":"inherit","type":"attachment","link":"https:\/\/eltrabajo.cl\/portal\/casi-cuarenta-grados-soporto-el-valle-en-el-dia-mas-caluroso-en-chile\/hugo-olguin\/","title":{"rendered":"El conocido empresario Hugo Olgu\u00edn, de Helados Olgu\u00edn, recibi\u00f3 la visita de un equipo de Ahora Noticias de Mega para una nota informativa por las altas temperaturas registradas en la zona."},"author":1,"featured_media":0,"comment_status":"open","ping_status":"closed","template":"","meta":{"advanced_seo_description":"","jetpack_seo_html_title":"","jetpack_seo_noindex":false},"class_list":["post-75946","attachment","type-attachment","status-inherit","hentry"],"jetpack_sharing_enabled":true,"jetpack_likes_enabled":true,"description":{"rendered":"<p class=\"attachment\"><a href=\"https:\/\/i0.wp.com\/eltrabajo.cl\/portal\/wp-content\/uploads\/2016\/12\/hugo-olguin.jpg?ssl=1\"><img loading=\"lazy\" decoding=\"async\" width=\"300\" height=\"198\" src=\"https:\/\/i0.wp.com\/eltrabajo.cl\/portal\/wp-content\/uploads\/2016\/12\/hugo-olguin.jpg?fit=300%2C198&amp;ssl=1\" class=\"attachment-medium size-medium\" alt=\"El conocido empresario Hugo Olgu\u00edn, de Helados Olgu\u00edn, recibi\u00f3 la visita de un equipo de Ahora Noticias de Mega para una nota informativa por las altas temperaturas registradas en la zona.\" srcset=\"https:\/\/i0.wp.com\/eltrabajo.cl\/portal\/wp-content\/uploads\/2016\/12\/hugo-olguin.jpg?w=530&amp;ssl=1 530w, https:\/\/i0.wp.com\/eltrabajo.cl\/portal\/wp-content\/uploads\/2016\/12\/hugo-olguin.jpg?resize=200%2C132&amp;ssl=1 200w, https:\/\/i0.wp.com\/eltrabajo.cl\/portal\/wp-content\/uploads\/2016\/12\/hugo-olguin.jpg?resize=300%2C198&amp;ssl=1 300w, https:\/\/i0.wp.com\/eltrabajo.cl\/portal\/wp-content\/uploads\/2016\/12\/hugo-olguin.jpg?resize=227%2C150&amp;ssl=1 227w, https:\/\/i0.wp.com\/eltrabajo.cl\/portal\/wp-content\/uploads\/2016\/12\/hugo-olguin.jpg?resize=400%2C264&amp;ssl=1 400w\" sizes=\"auto, (max-width: 300px) 100vw, 300px\" \/><\/a><\/p>\n<p>El conocido empresario Hugo Olgu\u00edn, de Helados Olgu\u00edn, recibi\u00f3 la visita de un equipo de Ahora Noticias de Mega para una nota informativa por las altas temperaturas registradas en la zona.<\/p>\n"},"caption":{"rendered":"<p>El conocido empresario Hugo Olgu\u00edn, de Helados Olgu\u00edn, recibi\u00f3 la visita de un equipo de Ahora Noticias de Mega para una nota informativa por las altas temperaturas registradas en la zona.<\/p>\n"},"alt_text":"El conocido empresario Hugo Olgu\u00edn, de Helados Olgu\u00edn, recibi\u00f3 la visita de un equipo de Ahora Noticias de Mega para una nota informativa por las altas temperaturas registradas en la zona.","media_type":"image","mime_type":"image\/jpeg","media_details":{"width":530,"height":350,"file":"2016\/12\/hugo-olguin.jpg","sizes":{"thumbnail":{"file":"hugo-olguin-200x132.jpg","width":200,"height":132,"mime_type":"image\/jpeg","source_url":"https:\/\/i0.wp.com\/eltrabajo.cl\/portal\/wp-content\/uploads\/2016\/12\/hugo-olguin.jpg?fit=200%2C132&ssl=1"},"medium":{"file":"hugo-olguin-300x198.jpg","width":300,"height":198,"mime_type":"image\/jpeg","source_url":"https:\/\/i0.wp.com\/eltrabajo.cl\/portal\/wp-content\/uploads\/2016\/12\/hugo-olguin.jpg?fit=300%2C198&ssl=1"},"post-thumbnail":{"file":"hugo-olguin-227x150.jpg","width":227,"height":150,"mime_type":"image\/jpeg","source_url":"https:\/\/i0.wp.com\/eltrabajo.cl\/portal\/wp-content\/uploads\/2016\/12\/hugo-olguin.jpg?fit=227%2C150&ssl=1"},"single-post-thumbnail":{"file":"hugo-olguin-400x264.jpg","width":400,"height":264,"mime_type":"image\/jpeg","source_url":"https:\/\/eltrabajo.cl\/portal\/wp-content\/uploads\/2016\/12\/hugo-olguin-400x264.jpg"},"wptouch-new-thumbnail":{"file":"hugo-olguin-144x144.jpg","width":144,"height":144,"mime_type":"image\/jpeg","source_url":"https:\/\/eltrabajo.cl\/portal\/wp-content\/uploads\/2016\/12\/hugo-olguin-144x144.jpg"},"full":{"file":"hugo-olguin.jpg?fit=530%2C350&ssl=1","width":530,"height":350,"mime_type":"image\/jpeg","source_url":"https:\/\/i0.wp.com\/eltrabajo.cl\/portal\/wp-content\/uploads\/2016\/12\/hugo-olguin.jpg?fit=530%2C350&ssl=1"}},"image_meta":{"aperture":"0","credit":"","camera":"","caption":"","created_timestamp":"0","copyright":"","focal_length":"0","iso":"0","shutter_speed":"0","title":"","orientation":"0","keywords":[]}},"post":75945,"source_url":"https:\/\/eltrabajo.cl\/portal\/wp-content\/uploads\/2016\/12\/hugo-olguin.jpg","_links":{"self":[{"href":"https:\/\/eltrabajo.cl\/portal\/wp-json\/wp\/v2\/media\/75946","targetHints":{"allow":["GET"]}}],"collection":[{"href":"https:\/\/eltrabajo.cl\/portal\/wp-json\/wp\/v2\/media"}],"about":[{"href":"https:\/\/eltrabajo.cl\/portal\/wp-json\/wp\/v2\/types\/attachment"}],"author":[{"embeddable":true,"href":"https:\/\/eltrabajo.cl\/portal\/wp-json\/wp\/v2\/users\/1"}],"replies":[{"embeddable":true,"href":"https:\/\/eltrabajo.cl\/portal\/wp-json\/wp\/v2\/comments?post=75946"}],"wp:attached-to":[{"embeddable":true,"post_type":"post","id":75945,"href":"https:\/\/eltrabajo.cl\/portal\/wp-json\/wp\/v2\/posts\/75945"}],"curies":[{"name":"wp","href":"https:\/\/api.w.org\/{rel}","templated":true}]}}