{"version":"1.0","provider_name":"Diario El Trabajo","provider_url":"https:\/\/eltrabajo.cl\/web","author_name":"Diario El Trabajo","author_url":"https:\/\/eltrabajo.cl\/web\/author\/diario-el-trabajo\/","title":"Roban patentes de veh\u00edculo en Rinconada - Diario El Trabajo","type":"rich","width":600,"height":338,"html":"<blockquote class=\"wp-embedded-content\" data-secret=\"dxZqHUKDdJ\"><a href=\"https:\/\/eltrabajo.cl\/web\/roban-patentes-de-vehiculo-en-rinconada\/\">Roban patentes de veh\u00edculo en Rinconada<\/a><\/blockquote><iframe sandbox=\"allow-scripts\" security=\"restricted\" src=\"https:\/\/eltrabajo.cl\/web\/roban-patentes-de-vehiculo-en-rinconada\/embed\/#?secret=dxZqHUKDdJ\" width=\"600\" height=\"338\" title=\"&#8220;Roban patentes de veh\u00edculo en Rinconada&#8221; &#8212; Diario El Trabajo\" data-secret=\"dxZqHUKDdJ\" frameborder=\"0\" marginwidth=\"0\" marginheight=\"0\" scrolling=\"no\" class=\"wp-embedded-content\"><\/iframe><script type=\"text\/javascript\">\n\/* <![CDATA[ *\/\n\/*! This file is auto-generated *\/\n!function(d,l){\"use strict\";l.querySelector&&d.addEventListener&&\"undefined\"!=typeof URL&&(d.wp=d.wp||{},d.wp.receiveEmbedMessage||(d.wp.receiveEmbedMessage=function(e){var t=e.data;if((t||t.secret||t.message||t.value)&&!\/[^a-zA-Z0-9]\/.test(t.secret)){for(var s,r,n,a=l.querySelectorAll('iframe[data-secret=\"'+t.secret+'\"]'),o=l.querySelectorAll('blockquote[data-secret=\"'+t.secret+'\"]'),c=new RegExp(\"^https?:$\",\"i\"),i=0;i<o.length;i++)o[i].style.display=\"none\";for(i=0;i<a.length;i++)s=a[i],e.source===s.contentWindow&&(s.removeAttribute(\"style\"),\"height\"===t.message?(1e3<(r=parseInt(t.value,10))?r=1e3:~~r<200&&(r=200),s.height=r):\"link\"===t.message&&(r=new URL(s.getAttribute(\"src\")),n=new URL(t.value),c.test(n.protocol))&&n.host===r.host&&l.activeElement===s&&(d.top.location.href=t.value))}},d.addEventListener(\"message\",d.wp.receiveEmbedMessage,!1),l.addEventListener(\"DOMContentLoaded\",function(){for(var e,t,s=l.querySelectorAll(\"iframe.wp-embedded-content\"),r=0;r<s.length;r++)(t=(e=s[r]).getAttribute(\"data-secret\"))||(t=Math.random().toString(36).substring(2,12),e.src+=\"#?secret=\"+t,e.setAttribute(\"data-secret\",t)),e.contentWindow.postMessage({message:\"ready\",secret:t},\"*\")},!1)))}(window,document);\n\/\/# sourceURL=https:\/\/eltrabajo.cl\/web\/wp-includes\/js\/wp-embed.min.js\n\/* ]]> *\/\n<\/script>\n","thumbnail_url":"https:\/\/eltrabajo.cl\/web\/wp-content\/uploads\/2025\/01\/robo-patentes.jpg","thumbnail_width":700,"thumbnail_height":525,"description":"V\u00edctima oriunda de San Felipe dej\u00f3 su auto estacionado en la carretera San Mart\u00edn.\u2013 El conductor de un veh\u00edculo, oriundo de San Felipe, sufri\u00f3 el robo de las placas patentes de su auto, un \u2018Station Wagon\u2019 marca \u2018Jeep\u2019, el que hab\u00eda dejado estacionado en el sector de la carretera San Mart\u00edn con calle nueva. Al [&hellip;]"}