{"version":"1.0","provider_name":"Diario El Trabajo","provider_url":"https:\/\/eltrabajo.cl\/web","author_name":"Diario El Trabajo","author_url":"https:\/\/eltrabajo.cl\/web\/author\/diario-el-trabajo\/","title":"San Felipe rinde masivo adi\u00f3s al \u2018Hombre Orquesta\u2019 - Diario El Trabajo","type":"rich","width":600,"height":338,"html":"<blockquote class=\"wp-embedded-content\" data-secret=\"Dz4qRvBhIu\"><a href=\"https:\/\/eltrabajo.cl\/web\/san-felipe-rinde-masivo-adios-al-hombre-orquesta\/\">San Felipe rinde masivo adi\u00f3s al \u2018Hombre Orquesta\u2019<\/a><\/blockquote><iframe sandbox=\"allow-scripts\" security=\"restricted\" src=\"https:\/\/eltrabajo.cl\/web\/san-felipe-rinde-masivo-adios-al-hombre-orquesta\/embed\/#?secret=Dz4qRvBhIu\" width=\"600\" height=\"338\" title=\"&#8220;San Felipe rinde masivo adi\u00f3s al \u2018Hombre Orquesta\u2019&#8221; &#8212; Diario El Trabajo\" data-secret=\"Dz4qRvBhIu\" frameborder=\"0\" marginwidth=\"0\" marginheight=\"0\" scrolling=\"no\" class=\"wp-embedded-content\"><\/iframe><script type=\"text\/javascript\">\n\/* <![CDATA[ *\/\n\/*! This file is auto-generated *\/\n!function(d,l){\"use strict\";l.querySelector&&d.addEventListener&&\"undefined\"!=typeof URL&&(d.wp=d.wp||{},d.wp.receiveEmbedMessage||(d.wp.receiveEmbedMessage=function(e){var t=e.data;if((t||t.secret||t.message||t.value)&&!\/[^a-zA-Z0-9]\/.test(t.secret)){for(var s,r,n,a=l.querySelectorAll('iframe[data-secret=\"'+t.secret+'\"]'),o=l.querySelectorAll('blockquote[data-secret=\"'+t.secret+'\"]'),c=new RegExp(\"^https?:$\",\"i\"),i=0;i<o.length;i++)o[i].style.display=\"none\";for(i=0;i<a.length;i++)s=a[i],e.source===s.contentWindow&&(s.removeAttribute(\"style\"),\"height\"===t.message?(1e3<(r=parseInt(t.value,10))?r=1e3:~~r<200&&(r=200),s.height=r):\"link\"===t.message&&(r=new URL(s.getAttribute(\"src\")),n=new URL(t.value),c.test(n.protocol))&&n.host===r.host&&l.activeElement===s&&(d.top.location.href=t.value))}},d.addEventListener(\"message\",d.wp.receiveEmbedMessage,!1),l.addEventListener(\"DOMContentLoaded\",function(){for(var e,t,s=l.querySelectorAll(\"iframe.wp-embedded-content\"),r=0;r<s.length;r++)(t=(e=s[r]).getAttribute(\"data-secret\"))||(t=Math.random().toString(36).substring(2,12),e.src+=\"#?secret=\"+t,e.setAttribute(\"data-secret\",t)),e.contentWindow.postMessage({message:\"ready\",secret:t},\"*\")},!1)))}(window,document);\n\/\/# sourceURL=https:\/\/eltrabajo.cl\/web\/wp-includes\/js\/wp-embed.min.js\n\/* ]]> *\/\n<\/script>\n","thumbnail_url":"https:\/\/eltrabajo.cl\/web\/wp-content\/uploads\/2025\/08\/hombre-orquesta-1.jpg","thumbnail_width":700,"thumbnail_height":525,"description":"Con una Catedral llena, familiares y amigos se despidieron del querido Carlos Libbrecht.- Tras la consternaci\u00f3n que caus\u00f3 la muerte del querido m\u00fasico sanfelipe\u00f1o, Carlos Rodrigo Libbrecht Vergara, m\u00e1s conocido como el \u2018Hombre Orquesta\u2019, este mi\u00e9rcoles en la Catedral de San Felipe, familiares, amigos y vecinos se congregaron en masa para despedir sus restos. El [&hellip;]"}